{"id":706109,"date":"2025-08-27T15:52:45","date_gmt":"2025-08-27T12:52:45","guid":{"rendered":"https:\/\/roveyayinevi.com.tr\/index.php\/urun\/sekizinci-renk-2\/"},"modified":"2026-04-16T02:14:52","modified_gmt":"2026-04-15T23:14:52","slug":"sekizinci-renk-2","status":"publish","type":"product","link":"https:\/\/roveyayinevi.com.tr\/index.php\/urun\/sekizinci-renk-2\/","title":{"rendered":"Sekizinci Renk"},"content":{"rendered":"<p>A\u015fk\u0131n Nur Yengi, Atiye, Bed\u00fck, Behzat Ger\u00e7eker, Beng\u00fc, Berksan, Burcu G\u00fcne\u015f, Can Bonomo, Cengiz Kurto\u011flu, Emre Altu\u011f, Emre Kaya, Erdem Erg\u00fcn, Erdem K\u0131nay, Ferhat G\u00f6\u00e7er, Fettah Can, Fikret Dedeo\u011flu, G\u00f6khan T\u00fcrkmen, \u0130rem Derici, Kutsi, Levent Y\u00fcksel, Manga, Mehmet Erdem, Merve \u00d6zbey, Muazzez Ersoy, Murat Boz, Mustafa Ceceli, Nil Karaibrahimgil, O\u011fuzhan Ko\u00e7, Orhan Gencebay, \u00d6zg\u00fcn, Serdar Orta\u00e7, Serkan Kaya, Tuna Veliba\u015fo\u011flu, Ya\u015far, Zara Onlar se\u00e7ti biz ill\u00fcstre ettik siz boyayacaks\u0131n\u0131z otizmli \u00e7ocuklar\u0131m\u0131z\u0131n e\u011fitimine katk\u0131da bulunaca\u011f\u0131z&#8230; <\/p>\n","protected":false},"excerpt":{"rendered":"<p>A\u015fk\u0131n Nur Yengi, Atiye, Bed\u00fck, Behzat Ger\u00e7eker, Beng\u00fc, Berksan, Burcu G\u00fcne\u015f, Can Bonomo, Cengiz Kurto\u011flu, Emre Altu\u011f, Emre Kaya, Erdem Erg\u00fcn, Erdem K\u0131nay, Ferhat G\u00f6\u00e7er, Fettah<span class=\"excerpt-hellip\"> [\u2026]<\/span><\/p>\n","protected":false},"featured_media":0,"template":"","meta":{"_monsterinsights_skip_tracking":false,"_monsterinsights_sitenote_active":false,"_monsterinsights_sitenote_note":"","_monsterinsights_sitenote_category":0},"product_brand":[],"product_cat":[38511,15563],"product_tag":[],"class_list":{"0":"post-706109","1":"product","2":"type-product","3":"status-publish","5":"product_cat-buyukler-icin-boyama-mandala","6":"product_cat-hobi","7":"pa_cilt-ciltsiz","8":"pa_tur-kitap","9":"pa_yayinevi-bencekitap","10":"pa_yazar-kolektif","12":"first","13":"instock","14":"sale","15":"shipping-taxable","16":"purchasable","17":"product-type-simple"},"_links":{"self":[{"href":"https:\/\/roveyayinevi.com.tr\/index.php\/wp-json\/wp\/v2\/product\/706109","targetHints":{"allow":["GET"]}}],"collection":[{"href":"https:\/\/roveyayinevi.com.tr\/index.php\/wp-json\/wp\/v2\/product"}],"about":[{"href":"https:\/\/roveyayinevi.com.tr\/index.php\/wp-json\/wp\/v2\/types\/product"}],"wp:attachment":[{"href":"https:\/\/roveyayinevi.com.tr\/index.php\/wp-json\/wp\/v2\/media?parent=706109"}],"wp:term":[{"taxonomy":"product_brand","embeddable":true,"href":"https:\/\/roveyayinevi.com.tr\/index.php\/wp-json\/wp\/v2\/product_brand?post=706109"},{"taxonomy":"product_cat","embeddable":true,"href":"https:\/\/roveyayinevi.com.tr\/index.php\/wp-json\/wp\/v2\/product_cat?post=706109"},{"taxonomy":"product_tag","embeddable":true,"href":"https:\/\/roveyayinevi.com.tr\/index.php\/wp-json\/wp\/v2\/product_tag?post=706109"}],"curies":[{"name":"wp","href":"https:\/\/api.w.org\/{rel}","templated":true}]}}