{"id":706085,"date":"2025-08-27T15:52:35","date_gmt":"2025-08-27T12:52:35","guid":{"rendered":"https:\/\/roveyayinevi.com.tr\/index.php\/urun\/mevsimler-ve-iklim\/"},"modified":"2026-04-16T02:14:52","modified_gmt":"2026-04-15T23:14:52","slug":"mevsimler-ve-iklim","status":"publish","type":"product","link":"https:\/\/roveyayinevi.com.tr\/index.php\/urun\/mevsimler-ve-iklim\/","title":{"rendered":"Mevsimler ve \u0130klim"},"content":{"rendered":"<p>B\u00fcy\u00fcl\u00fc do\u011fas\u0131n\u0131 ve t\u00fcm g\u00fczelliklerini korumak i\u00e7in, d\u00fcnyam\u0131z\u0131n de\u011ferini anlamam\u0131z ve her \u015feyden \u00f6nce onu tan\u0131mam\u0131z gerekir. Haydi o zaman, evimizi, D\u00fcnya gezegenini, u\u00e7suz bucaks\u0131z Evren\u2019in i\u00e7indeki bu k\u00fc\u00e7\u00fcc\u00fck noktac\u0131\u011f\u0131 tan\u0131yal\u0131m! \u0130\u015fte bu ama\u00e7la, siz \u00e7ocuklara Dinozor \u00c7ocuk olarak Zincir Dizisi\u2019ni yay\u0131ml\u0131yoruz. \u0130klim, mevsimler ve hava, D\u00fcnya \u00fczerindeki krall\u0131klar\u0131n\u0131 binlerce y\u0131ld\u0131r s\u00fcrd\u00fcr\u00fcyorlar; hem do\u011fa, hem de insan hayat\u0131 \u00fczerinde belirleyici ve \u00f6nemli etkileri var. Mevsimler nas\u0131l de\u011fi\u015fir, iklim nedir, nas\u0131l ve ni\u00e7in de\u011fi\u015fir, iklim t\u00fcrleri nelerdir? Elinizdeki kitapta bu sorulara cevap ar\u0131yoruz. Bilim adamlar\u0131n\u0131n ge\u00e7ti\u011fimiz y\u00fczy\u0131llarda h\u00fck\u00fcm s\u00fcren iklimi hangi y\u00f6ntemlerle belirlediklerine tan\u0131k oluyor ve gelecekteki iklimin nas\u0131l olaca\u011f\u0131na y\u00f6nelik bulgulara g\u00f6z at\u0131yoruz. Amac\u0131m\u0131z, \u00e7evre kirlili\u011fi, iklim de\u011fi\u015fikli\u011finin kocaman bir gezegenin hayat\u0131n\u0131 ne y\u00f6nde etkileyece\u011fi, insan faaliyetlerinin sonu\u00e7lar\u0131 \u00fczerine biraz olsun d\u00fc\u015f\u00fcnd\u00fcrtmek. Umar\u0131z bu kitab\u0131 okuduktan sonra g\u00fcndelik hayat\u0131m\u0131zda baz\u0131 k\u00fc\u00e7\u00fck de\u011fi\u015fikliklere gider ve bize milyarlarca y\u0131ld\u0131r ev sahipli\u011fi yapan emektar D\u00fcnya\u2019ya az da olsa nefes ald\u0131r\u0131r\u0131z. \ufffcTan\u0131t\u0131m Metni<\/p>\n","protected":false},"excerpt":{"rendered":"<p>B\u00fcy\u00fcl\u00fc do\u011fas\u0131n\u0131 ve t\u00fcm g\u00fczelliklerini korumak i\u00e7in, d\u00fcnyam\u0131z\u0131n de\u011ferini anlamam\u0131z ve her \u015feyden \u00f6nce onu tan\u0131mam\u0131z gerekir. Haydi o zaman, evimizi, D\u00fcnya gezegenini, u\u00e7suz bucaks\u0131z Evren\u2019in<span class=\"excerpt-hellip\"> [\u2026]<\/span><\/p>\n","protected":false},"featured_media":0,"template":"","meta":{"_monsterinsights_skip_tracking":false,"_monsterinsights_sitenote_active":false,"_monsterinsights_sitenote_note":"","_monsterinsights_sitenote_category":0},"product_brand":[],"product_cat":[13829,12274],"product_tag":[],"class_list":{"0":"post-706085","1":"product","2":"type-product","3":"status-publish","5":"product_cat-bilimsel-kitaplar","6":"product_cat-cocuk-ve-genclik-kitaplari","7":"pa_cilt-ciltli","8":"pa_tur-kitap","9":"pa_yayinevi-dinozor-cocuk","10":"pa_yazar-anna-hatzimanoli","12":"first","13":"instock","14":"sale","15":"shipping-taxable","16":"purchasable","17":"product-type-simple"},"_links":{"self":[{"href":"https:\/\/roveyayinevi.com.tr\/index.php\/wp-json\/wp\/v2\/product\/706085","targetHints":{"allow":["GET"]}}],"collection":[{"href":"https:\/\/roveyayinevi.com.tr\/index.php\/wp-json\/wp\/v2\/product"}],"about":[{"href":"https:\/\/roveyayinevi.com.tr\/index.php\/wp-json\/wp\/v2\/types\/product"}],"wp:attachment":[{"href":"https:\/\/roveyayinevi.com.tr\/index.php\/wp-json\/wp\/v2\/media?parent=706085"}],"wp:term":[{"taxonomy":"product_brand","embeddable":true,"href":"https:\/\/roveyayinevi.com.tr\/index.php\/wp-json\/wp\/v2\/product_brand?post=706085"},{"taxonomy":"product_cat","embeddable":true,"href":"https:\/\/roveyayinevi.com.tr\/index.php\/wp-json\/wp\/v2\/product_cat?post=706085"},{"taxonomy":"product_tag","embeddable":true,"href":"https:\/\/roveyayinevi.com.tr\/index.php\/wp-json\/wp\/v2\/product_tag?post=706085"}],"curies":[{"name":"wp","href":"https:\/\/api.w.org\/{rel}","templated":true}]}}