{"id":706047,"date":"2025-08-27T15:52:21","date_gmt":"2025-08-27T12:52:21","guid":{"rendered":"https:\/\/roveyayinevi.com.tr\/index.php\/urun\/ates-ve-gunes\/"},"modified":"2026-04-16T02:14:36","modified_gmt":"2026-04-15T23:14:36","slug":"ates-ve-gunes","status":"publish","type":"product","link":"https:\/\/roveyayinevi.com.tr\/index.php\/urun\/ates-ve-gunes\/","title":{"rendered":"Ate\u015f ve G\u00fcne\u015f"},"content":{"rendered":"<p>Cumhuriyet d\u00f6neminin en \u00f6nemli gazeteci yazarlar\u0131ndan Falih R\u0131fk\u0131 Atay, Birinci D\u00fcnya Sava\u015f\u0131\u2019nda 4. Ordu Komutan\u0131 Cemal Pa\u015fa\u2019n\u0131n \u00f6zel katibi olarak Suriye Filistin Cephesi\u2019nde 4 y\u0131l g\u00f6rev yapm\u0131\u015ft\u0131r. &#8220;Falih R\u0131fk\u0131 Atay\u2019\u0131n s\u00fcr\u00fckleyici, zengin muhteval\u0131, z\u0131t g\u00f6r\u00fcn\u00fcm ve olaylara dayanarak tezlerini savunan bir \u00fcslubu vard\u0131r.\u201d Prof. Dr. \u0130lber ORTAYLI   Cumhuriyet d\u00f6neminin en \u00f6nemli gazeteci-yazarlar\u0131ndan olan Falih R\u0131fk\u0131 Atay, Birinci D\u00fcnya Sava\u015f\u0131\u2019nda 4. Ordu Kumandan\u0131 Cemal Pa\u015fa\u2019n\u0131n \u00f6zel k\u00e2tibi olarak Suriye-Filistin Cephesi\u2019nde d\u00f6rt y\u0131l g\u00f6rev yapm\u0131\u015ft\u0131r. Osmanl\u0131 \u0130mparatorlu\u011fu i\u00e7in \u00e7ok \u00f6nemli olan bu cephede fiilen bulunan Falih R\u0131fk\u0131 Atay, ya\u015fad\u0131klar\u0131n\u0131 ve tan\u0131k oldu\u011fu olaylar\u0131 \u201cAte\u015f ve G\u00fcne\u015f\u201d adl\u0131 eserinde toplam\u0131\u015ft\u0131r. 1918&#8217;de Osmanl\u0131 T\u00fcrk\u00e7esi ile yay\u0131mlanan Atay\u2019\u0131n bu eseri doksan y\u0131l sonra ilk kez yay\u0131nevimiz taraf\u0131ndan g\u00fcn\u00fcm\u00fcz T\u00fcrk\u00e7esine kazand\u0131r\u0131lm\u0131\u015ft\u0131r. \u00c7\u00f6l ya\u015fam\u0131yla ilgili \u00f6nemli bilgilerin yan\u0131 s\u0131ra, Birinci D\u00fcnya Sava\u015f\u0131\u2019nda Suriye-Filistin Cephesi\u2019nde kar\u015f\u0131la\u015f\u0131lan g\u00fc\u00e7l\u00fcklerin detaylar\u0131yla yer ald\u0131\u011f\u0131 kitap, bu cephede ya\u015fanan olaylara ve d\u00f6nemine tan\u0131kl\u0131k ederken, Cemal Pa\u015fa\u2019y\u0131, zaaflar\u0131 ve meziyetleri ile objektif bir bak\u0131\u015f a\u00e7\u0131s\u0131yla anlat\u0131yor.<\/p>\n","protected":false},"excerpt":{"rendered":"<p>Cumhuriyet d\u00f6neminin en \u00f6nemli gazeteci yazarlar\u0131ndan Falih R\u0131fk\u0131 Atay, Birinci D\u00fcnya Sava\u015f\u0131\u2019nda 4. Ordu Komutan\u0131 Cemal Pa\u015fa\u2019n\u0131n \u00f6zel katibi olarak Suriye Filistin Cephesi\u2019nde 4 y\u0131l g\u00f6rev<span class=\"excerpt-hellip\"> [\u2026]<\/span><\/p>\n","protected":false},"featured_media":0,"template":"","meta":{"_monsterinsights_skip_tracking":false,"_monsterinsights_sitenote_active":false,"_monsterinsights_sitenote_note":"","_monsterinsights_sitenote_category":0},"product_brand":[],"product_cat":[12312,12304],"product_tag":[],"class_list":{"0":"post-706047","1":"product","2":"type-product","3":"status-publish","5":"product_cat-diger","6":"product_cat-tarih","7":"pa_cilt-ciltsiz","8":"pa_tur-kitap","9":"pa_yayinevi-pozitif-yayinlari","10":"pa_yazar-falih-rifki-atay","12":"first","13":"instock","14":"sale","15":"shipping-taxable","16":"purchasable","17":"product-type-simple"},"_links":{"self":[{"href":"https:\/\/roveyayinevi.com.tr\/index.php\/wp-json\/wp\/v2\/product\/706047","targetHints":{"allow":["GET"]}}],"collection":[{"href":"https:\/\/roveyayinevi.com.tr\/index.php\/wp-json\/wp\/v2\/product"}],"about":[{"href":"https:\/\/roveyayinevi.com.tr\/index.php\/wp-json\/wp\/v2\/types\/product"}],"wp:attachment":[{"href":"https:\/\/roveyayinevi.com.tr\/index.php\/wp-json\/wp\/v2\/media?parent=706047"}],"wp:term":[{"taxonomy":"product_brand","embeddable":true,"href":"https:\/\/roveyayinevi.com.tr\/index.php\/wp-json\/wp\/v2\/product_brand?post=706047"},{"taxonomy":"product_cat","embeddable":true,"href":"https:\/\/roveyayinevi.com.tr\/index.php\/wp-json\/wp\/v2\/product_cat?post=706047"},{"taxonomy":"product_tag","embeddable":true,"href":"https:\/\/roveyayinevi.com.tr\/index.php\/wp-json\/wp\/v2\/product_tag?post=706047"}],"curies":[{"name":"wp","href":"https:\/\/api.w.org\/{rel}","templated":true}]}}