{"id":705843,"date":"2025-08-27T15:50:18","date_gmt":"2025-08-27T12:50:18","guid":{"rendered":"https:\/\/roveyayinevi.com.tr\/index.php\/urun\/dinozor-dodo-ile-ilk-kelimelerim\/"},"modified":"2026-04-16T02:14:31","modified_gmt":"2026-04-15T23:14:31","slug":"dinozor-dodo-ile-ilk-kelimelerim","status":"publish","type":"product","link":"https:\/\/roveyayinevi.com.tr\/index.php\/urun\/dinozor-dodo-ile-ilk-kelimelerim\/","title":{"rendered":"Dinozor Dodo \u0130le \u0130lk Kelimelerim"},"content":{"rendered":"<p>\u00c7ocuklar\u0131m\u0131z\u0131n g\u00fcnl\u00fck ya\u015famda kar\u015f\u0131la\u015ft\u0131klar\u0131 ve kar\u015f\u0131lacaklar\u0131 kelimeler ve kavramlar pedagojik kriterler g\u00f6zetilerek \u00f6zenle haz\u0131rlanm\u0131\u015ft\u0131r. Kullan\u0131lan g\u00f6rsellerin her biri capcanl\u0131, pasparlak ve reng\u00e2renk olduklar\u0131 i\u00e7in minikler bu kitaplar\u0131 ellerinden b\u0131rakamayacaklar.Okul \u00f6ncesi d\u00f6nemdeki \u00e7ocuklar\u0131m\u0131z, ilk dil becerilerini kazan\u0131rken ilk yabanc\u0131 dillerinin de temelini atm\u0131\u015f olacaklar.Duygusal ve g\u00f6rsel zek\u00e2n\u0131n geli\u015fimine yard\u0131mc\u0131 olan bu kitaplarla \u00e7ocuklar\u0131m\u0131z \u00e7ok e\u011flenecekler\u2026 <\/p>\n","protected":false},"excerpt":{"rendered":"<p>\u00c7ocuklar\u0131m\u0131z\u0131n g\u00fcnl\u00fck ya\u015famda kar\u015f\u0131la\u015ft\u0131klar\u0131 ve kar\u015f\u0131lacaklar\u0131 kelimeler ve kavramlar pedagojik kriterler g\u00f6zetilerek \u00f6zenle haz\u0131rlanm\u0131\u015ft\u0131r. Kullan\u0131lan g\u00f6rsellerin her biri capcanl\u0131, pasparlak ve reng\u00e2renk olduklar\u0131 i\u00e7in minikler bu<span class=\"excerpt-hellip\"> [\u2026]<\/span><\/p>\n","protected":false},"featured_media":0,"template":"","meta":{"_monsterinsights_skip_tracking":false,"_monsterinsights_sitenote_active":false,"_monsterinsights_sitenote_note":"","_monsterinsights_sitenote_category":0},"product_brand":[],"product_cat":[15192,12274],"product_tag":[],"class_list":{"0":"post-705843","1":"product","2":"type-product","3":"status-publish","5":"product_cat-1-3-yas-kitaplari","6":"product_cat-cocuk-ve-genclik-kitaplari","7":"pa_cilt-ciltsiz","8":"pa_tur-kitap","9":"pa_yayinevi-ema-kitap","10":"pa_yazar-kolektif","12":"first","13":"instock","14":"sale","15":"shipping-taxable","16":"purchasable","17":"product-type-simple"},"_links":{"self":[{"href":"https:\/\/roveyayinevi.com.tr\/index.php\/wp-json\/wp\/v2\/product\/705843","targetHints":{"allow":["GET"]}}],"collection":[{"href":"https:\/\/roveyayinevi.com.tr\/index.php\/wp-json\/wp\/v2\/product"}],"about":[{"href":"https:\/\/roveyayinevi.com.tr\/index.php\/wp-json\/wp\/v2\/types\/product"}],"wp:attachment":[{"href":"https:\/\/roveyayinevi.com.tr\/index.php\/wp-json\/wp\/v2\/media?parent=705843"}],"wp:term":[{"taxonomy":"product_brand","embeddable":true,"href":"https:\/\/roveyayinevi.com.tr\/index.php\/wp-json\/wp\/v2\/product_brand?post=705843"},{"taxonomy":"product_cat","embeddable":true,"href":"https:\/\/roveyayinevi.com.tr\/index.php\/wp-json\/wp\/v2\/product_cat?post=705843"},{"taxonomy":"product_tag","embeddable":true,"href":"https:\/\/roveyayinevi.com.tr\/index.php\/wp-json\/wp\/v2\/product_tag?post=705843"}],"curies":[{"name":"wp","href":"https:\/\/api.w.org\/{rel}","templated":true}]}}