{"id":705842,"date":"2025-08-27T15:50:17","date_gmt":"2025-08-27T12:50:17","guid":{"rendered":"https:\/\/roveyayinevi.com.tr\/index.php\/urun\/genc-wertherin-acilari-7\/"},"modified":"2026-04-16T02:14:31","modified_gmt":"2026-04-15T23:14:31","slug":"genc-wertherin-acilari-7","status":"publish","type":"product","link":"https:\/\/roveyayinevi.com.tr\/index.php\/urun\/genc-wertherin-acilari-7\/","title":{"rendered":"Gen\u00e7 Werther&#8217;in Ac\u0131lar\u0131"},"content":{"rendered":"<p>18. y\u00fczy\u0131l\u0131n sonunda Almanya\u2019da Ayd\u0131nlanman\u0131n kuru ak\u0131lc\u0131l\u0131\u011fa tepki olarak do\u011fan, duygular\u0131n\u0131n \u00f6nemini, bireyin \u00f6zg\u00fcrl\u00fc\u011f\u00fcn\u00fc savunan F\u0131rt\u0131na ve Co\u015fku ak\u0131m\u0131n\u0131n (1760-1785) en g\u00fczel \u00f6rneklerinden biri ve ayn\u0131 zamanda Goethe\u2019nin gen\u00e7lik d\u00f6nemine ait olan bu eser, evli bir kad\u0131na hissetti\u011fi duygular\u0131na kar\u015f\u0131l\u0131k bulamayan, d\u00fc\u015f\u00fcnceleriyle, karakteriyle ya\u015fad\u0131\u011f\u0131 topluma zaten yabanc\u0131 olan bir gencin umutsuzluk i\u00e7inde intihar edi\u015fini konu almaktad\u0131r. Goethe eserin ba\u015f\u0131nda \u015f\u00f6yle der: \ufffcTan\u0131t\u0131m Metni<\/p>\n","protected":false},"excerpt":{"rendered":"<p>18. y\u00fczy\u0131l\u0131n sonunda Almanya\u2019da Ayd\u0131nlanman\u0131n kuru ak\u0131lc\u0131l\u0131\u011fa tepki olarak do\u011fan, duygular\u0131n\u0131n \u00f6nemini, bireyin \u00f6zg\u00fcrl\u00fc\u011f\u00fcn\u00fc savunan F\u0131rt\u0131na ve Co\u015fku ak\u0131m\u0131n\u0131n (1760-1785) en g\u00fczel \u00f6rneklerinden biri ve ayn\u0131<span class=\"excerpt-hellip\"> [\u2026]<\/span><\/p>\n","protected":false},"featured_media":0,"template":"","meta":{"_monsterinsights_skip_tracking":false,"_monsterinsights_sitenote_active":false,"_monsterinsights_sitenote_note":"","_monsterinsights_sitenote_category":0},"product_brand":[],"product_cat":[12782,12291],"product_tag":[],"class_list":{"0":"post-705842","1":"product","2":"type-product","3":"status-publish","5":"product_cat-alman-edebiyati","6":"product_cat-edebiyat","7":"pa_cilt-ciltsiz","8":"pa_tur-dergi","9":"pa_yayinevi-dogu-bati-yayinlari","10":"pa_yazar-johann-wolfgang-von-goethe","12":"first","13":"instock","14":"sale","15":"shipping-taxable","16":"purchasable","17":"product-type-simple"},"_links":{"self":[{"href":"https:\/\/roveyayinevi.com.tr\/index.php\/wp-json\/wp\/v2\/product\/705842","targetHints":{"allow":["GET"]}}],"collection":[{"href":"https:\/\/roveyayinevi.com.tr\/index.php\/wp-json\/wp\/v2\/product"}],"about":[{"href":"https:\/\/roveyayinevi.com.tr\/index.php\/wp-json\/wp\/v2\/types\/product"}],"wp:attachment":[{"href":"https:\/\/roveyayinevi.com.tr\/index.php\/wp-json\/wp\/v2\/media?parent=705842"}],"wp:term":[{"taxonomy":"product_brand","embeddable":true,"href":"https:\/\/roveyayinevi.com.tr\/index.php\/wp-json\/wp\/v2\/product_brand?post=705842"},{"taxonomy":"product_cat","embeddable":true,"href":"https:\/\/roveyayinevi.com.tr\/index.php\/wp-json\/wp\/v2\/product_cat?post=705842"},{"taxonomy":"product_tag","embeddable":true,"href":"https:\/\/roveyayinevi.com.tr\/index.php\/wp-json\/wp\/v2\/product_tag?post=705842"}],"curies":[{"name":"wp","href":"https:\/\/api.w.org\/{rel}","templated":true}]}}