{"id":705776,"date":"2025-08-27T15:49:08","date_gmt":"2025-08-27T12:49:08","guid":{"rendered":"https:\/\/roveyayinevi.com.tr\/index.php\/urun\/gazze-tarihi\/"},"modified":"2026-04-16T02:14:29","modified_gmt":"2026-04-15T23:14:29","slug":"gazze-tarihi","status":"publish","type":"product","link":"https:\/\/roveyayinevi.com.tr\/index.php\/urun\/gazze-tarihi\/","title":{"rendered":"Gazze Tarihi"},"content":{"rendered":"<p>\u00c7ok uzun bir s\u00fcre Filistin tarihi Kud\u00fcs\u2019\u00fcn etraf\u0131nda ve s\u00fcrg\u00fcn an\u0131lar\u0131yla yaz\u0131ld\u0131, \u00e2deta Gazze k\u0131y\u0131da kalm\u0131\u015f bir tiyatro sahnesinden ibaretmi\u015f gibi. Oysa 360 km2 lik bu k\u0131y\u0131 \u015feridi tekrar en merkeze al\u0131nmal\u0131d\u0131r, \u00e7\u00fcnk\u00fc bu b\u00f6lge hem bir\u00e7ok \u00f6nemli \u015fahsiyet yeti\u015ftirdi hem de 1948-1949\u2019dan itibaren e\u015fine az rastlan\u0131r bir m\u00fclteci yo\u011funlu\u011funu sinesinde bar\u0131nd\u0131rd\u0131. O zamanlar M\u0131s\u0131r\u2019\u0131n ilhak etmek istemedi\u011fi bu etraf\u0131 \u00e7evrili toprak par\u00e7as\u0131, kolektif bir ifade oda\u011f\u0131, ard\u0131ndan da fedayinlerin be\u015fi\u011fi h\u00e2line geldi. <\/p>\n","protected":false},"excerpt":{"rendered":"<p>\u00c7ok uzun bir s\u00fcre Filistin tarihi Kud\u00fcs\u2019\u00fcn etraf\u0131nda ve s\u00fcrg\u00fcn an\u0131lar\u0131yla yaz\u0131ld\u0131, \u00e2deta Gazze k\u0131y\u0131da kalm\u0131\u015f bir tiyatro sahnesinden ibaretmi\u015f gibi. Oysa 360 km2 lik bu<span class=\"excerpt-hellip\"> [\u2026]<\/span><\/p>\n","protected":false},"featured_media":0,"template":"","meta":{"_monsterinsights_skip_tracking":false,"_monsterinsights_sitenote_active":false,"_monsterinsights_sitenote_note":"","_monsterinsights_sitenote_category":0},"product_brand":[],"product_cat":[12312,12304],"product_tag":[],"class_list":{"0":"post-705776","1":"product","2":"type-product","3":"status-publish","5":"product_cat-diger","6":"product_cat-tarih","7":"pa_tur-kitap","8":"pa_yayinevi-bilge-kultur-sanat","9":"pa_yazar-jean-pierre-filiu","11":"first","12":"instock","13":"sale","14":"shipping-taxable","15":"purchasable","16":"product-type-simple"},"_links":{"self":[{"href":"https:\/\/roveyayinevi.com.tr\/index.php\/wp-json\/wp\/v2\/product\/705776","targetHints":{"allow":["GET"]}}],"collection":[{"href":"https:\/\/roveyayinevi.com.tr\/index.php\/wp-json\/wp\/v2\/product"}],"about":[{"href":"https:\/\/roveyayinevi.com.tr\/index.php\/wp-json\/wp\/v2\/types\/product"}],"wp:attachment":[{"href":"https:\/\/roveyayinevi.com.tr\/index.php\/wp-json\/wp\/v2\/media?parent=705776"}],"wp:term":[{"taxonomy":"product_brand","embeddable":true,"href":"https:\/\/roveyayinevi.com.tr\/index.php\/wp-json\/wp\/v2\/product_brand?post=705776"},{"taxonomy":"product_cat","embeddable":true,"href":"https:\/\/roveyayinevi.com.tr\/index.php\/wp-json\/wp\/v2\/product_cat?post=705776"},{"taxonomy":"product_tag","embeddable":true,"href":"https:\/\/roveyayinevi.com.tr\/index.php\/wp-json\/wp\/v2\/product_tag?post=705776"}],"curies":[{"name":"wp","href":"https:\/\/api.w.org\/{rel}","templated":true}]}}