{"id":705735,"date":"2025-08-27T15:48:51","date_gmt":"2025-08-27T12:48:51","guid":{"rendered":"https:\/\/roveyayinevi.com.tr\/index.php\/urun\/turkiyede-ve-dunyada-ekonomik-bunalim-2008-2009\/"},"modified":"2026-04-16T02:14:29","modified_gmt":"2026-04-15T23:14:29","slug":"turkiyede-ve-dunyada-ekonomik-bunalim-2008-2009","status":"publish","type":"product","link":"https:\/\/roveyayinevi.com.tr\/index.php\/urun\/turkiyede-ve-dunyada-ekonomik-bunalim-2008-2009\/","title":{"rendered":"T\u00fcrkiye\u2019de ve D\u00fcnyada Ekonomik Bunal\u0131m 2008-2009"},"content":{"rendered":"<p>Ba\u011f\u0131ms\u0131z Sosyal Bilimciler&#8217;in bu \u00e7al\u0131\u015fmas\u0131, d\u00fcnyada ve T\u00fcrkiye&#8217;de 2008-09&#8217;da yo\u011funla\u015fan ekonomik bunal\u0131ma odaklan\u0131yor. \u00c7al\u0131\u015fma, sunu\u015fu izleyen sekiz b\u00f6l\u00fcmden olu\u015fmaktad\u0131r. \u0130kinci B\u00f6l\u00fcm&#8217;de T\u00fcrkiye&#8217;de halk s\u0131n\u0131flar\u0131n\u0131n g\u00fcncel ya\u015fam ko\u015fullar\u0131 ile ilgili g\u00f6zlem ve de\u011ferlendirmeler yer alm\u0131\u015ft\u0131r. \u00dc\u00e7\u00fcnc\u00fc B\u00f6l\u00fcm&#8217;de 2007-09 k\u00fcresel bunal\u0131m\u0131 i\u00e7in bir analiz \u00e7er\u00e7evesi verilmektedir. S\u00f6z konusu k\u00fcresel bunal\u0131m\u0131, asli ve yap\u0131sal nedenleri ile de\u011fil, bunlar\u0131n tezah\u00fcrleri ve uygulanan\/uygulanmayan politikalarla a\u00e7\u0131klamaya \u00e7al\u0131\u015fan anlay\u0131\u015fa kar\u015f\u0131 \u00e7\u0131k\u0131lmakta, esas sorunun kapitalizmin krize yatk\u0131n do\u011fas\u0131 ile ilgili oldu\u011fu, krizsiz\/bar\u0131\u015f\u00e7\u0131l bir d\u00fcnyan\u0131n ancak kapitalizmin a\u015f\u0131lmas\u0131 ile m\u00fcmk\u00fcn olabilece\u011fi vurgulanmaktad\u0131r. D\u00f6rd\u00fcnc\u00fc B\u00f6l\u00fcm&#8217;de T\u00fcrkiye ekonomisinin 2008-09 \u00f6ncesinde de durgunlu\u011fa gidi\u015fin i\u015faretlerini verdi\u011fi somut verilerle sergilenmektedir. Be\u015finci B\u00f6l\u00fcm ise bug\u00fcnk\u00fc ekonomik bunal\u0131m\u0131n k\u0131sa d\u00f6nemli ekonomik sinyallerine ve 2009 y\u0131l\u0131 ba\u015f\u0131nda \u00f6demeler dengesi ve reel ekonominin g\u00f6r\u00fcn\u00fcm\u00fcne ayr\u0131lm\u0131\u015ft\u0131r. Alt\u0131nc\u0131 B\u00f6l\u00fcm, T\u00fcrkiye-IMF ili\u015fkilerinin Nisan 2008-Mart 2009 d\u00f6nemindeki seyrini irdelemektedir. \ufffcTan\u0131t\u0131m Metni<\/p>\n","protected":false},"excerpt":{"rendered":"<p>Ba\u011f\u0131ms\u0131z Sosyal Bilimciler&#8217;in bu \u00e7al\u0131\u015fmas\u0131, d\u00fcnyada ve T\u00fcrkiye&#8217;de 2008-09&#8217;da yo\u011funla\u015fan ekonomik bunal\u0131ma odaklan\u0131yor. \u00c7al\u0131\u015fma, sunu\u015fu izleyen sekiz b\u00f6l\u00fcmden olu\u015fmaktad\u0131r. \u0130kinci B\u00f6l\u00fcm&#8217;de T\u00fcrkiye&#8217;de halk s\u0131n\u0131flar\u0131n\u0131n g\u00fcncel ya\u015fam<span class=\"excerpt-hellip\"> [\u2026]<\/span><\/p>\n","protected":false},"featured_media":0,"template":"","meta":{"_monsterinsights_skip_tracking":false,"_monsterinsights_sitenote_active":false,"_monsterinsights_sitenote_note":"","_monsterinsights_sitenote_category":0},"product_brand":[],"product_cat":[13044,13043],"product_tag":[],"class_list":{"0":"post-705735","1":"product","2":"type-product","3":"status-publish","5":"product_cat-dunya-ekonomisi","6":"product_cat-ekonomi","7":"pa_cilt-ciltsiz","8":"pa_tur-kitap","9":"pa_yayinevi-yordam-kitap","10":"pa_yazar-kolektif","12":"first","13":"instock","14":"sale","15":"shipping-taxable","16":"purchasable","17":"product-type-simple"},"_links":{"self":[{"href":"https:\/\/roveyayinevi.com.tr\/index.php\/wp-json\/wp\/v2\/product\/705735","targetHints":{"allow":["GET"]}}],"collection":[{"href":"https:\/\/roveyayinevi.com.tr\/index.php\/wp-json\/wp\/v2\/product"}],"about":[{"href":"https:\/\/roveyayinevi.com.tr\/index.php\/wp-json\/wp\/v2\/types\/product"}],"wp:attachment":[{"href":"https:\/\/roveyayinevi.com.tr\/index.php\/wp-json\/wp\/v2\/media?parent=705735"}],"wp:term":[{"taxonomy":"product_brand","embeddable":true,"href":"https:\/\/roveyayinevi.com.tr\/index.php\/wp-json\/wp\/v2\/product_brand?post=705735"},{"taxonomy":"product_cat","embeddable":true,"href":"https:\/\/roveyayinevi.com.tr\/index.php\/wp-json\/wp\/v2\/product_cat?post=705735"},{"taxonomy":"product_tag","embeddable":true,"href":"https:\/\/roveyayinevi.com.tr\/index.php\/wp-json\/wp\/v2\/product_tag?post=705735"}],"curies":[{"name":"wp","href":"https:\/\/api.w.org\/{rel}","templated":true}]}}