{"id":705718,"date":"2025-08-27T15:48:43","date_gmt":"2025-08-27T12:48:43","guid":{"rendered":"https:\/\/roveyayinevi.com.tr\/index.php\/urun\/terrorism\/"},"modified":"2026-04-16T02:14:28","modified_gmt":"2026-04-15T23:14:28","slug":"terrorism","status":"publish","type":"product","link":"https:\/\/roveyayinevi.com.tr\/index.php\/urun\/terrorism\/","title":{"rendered":"Terrorism"},"content":{"rendered":"<p>\u00d6zellikle 2015 ve 2016 y\u0131llar\u0131, ter\u00f6r sald\u0131r\u0131lar\u0131 a\u00e7\u0131s\u0131ndan T\u00fcrkiye ve Avrupa tarihinde ac\u0131yla hat\u0131rlanacak y\u0131llar olarak haf\u0131zalarda kalacakt\u0131r. An\u0131lan y\u0131llarda I\u015e\u0130D ter\u00f6r \u00f6rg\u00fct\u00fc canl\u0131 bomba eylemleri ile ad\u0131ndan s\u0131k\u00e7a s\u00f6z ettirmi\u015ftir. Avrupa Birli\u011finin ba\u015fkenti Br\u00fcksel\u2019i, Fransa\u2019n\u0131n ba\u015fkenti Paris\u2019i, T\u00fcrkiye\u2019nin ba\u015fkenti Ankara\u2019y\u0131, D\u00fcnyan\u0131n g\u00f6zbebe\u011fi \u0130stanbul\u2019u ve ayr\u0131ca Urfa Suru\u00e7\u2019u hedef alan \u00f6rg\u00fct, 300\u2019den fazla masum insan\u0131n ya\u015fam\u0131n\u0131 yitirmesine ve 1000\u2019den fazla ki\u015finin yaralanmas\u0131na yol a\u00e7m\u0131\u015ft\u0131r. Y\u0131llarca s\u00fcrd\u00fcrd\u00fc\u011f\u00fc kanl\u0131 eylemlerine yenilerini ekleyen P*KK ter\u00f6r \u00f6rg\u00fct\u00fc, Ba\u015fkent Ankara\u2019n\u0131n Devlet Mahallesini ve K\u0131z\u0131lay\u2019\u0131n\u0131 kana bulayan canl\u0131 bomba eylemiyle 60\u2019dan fazla insan\u0131n ya\u015faman\u0131 yitirmesine, 200\u2019den fazla ki\u015finin ise yaralanmas\u0131na neden olmu\u015ftur. Yak\u0131n tarihimizde ya\u015fad\u0131\u011f\u0131m\u0131z bu ac\u0131 tablo, ter\u00f6r \u00f6rg\u00fctlerinin t\u00fcm boyutlar\u0131 ile yeniden ele al\u0131nmas\u0131n\u0131 zorunlu k\u0131lmaktad\u0131r. <\/p>\n","protected":false},"excerpt":{"rendered":"<p>\u00d6zellikle 2015 ve 2016 y\u0131llar\u0131, ter\u00f6r sald\u0131r\u0131lar\u0131 a\u00e7\u0131s\u0131ndan T\u00fcrkiye ve Avrupa tarihinde ac\u0131yla hat\u0131rlanacak y\u0131llar olarak haf\u0131zalarda kalacakt\u0131r. An\u0131lan y\u0131llarda I\u015e\u0130D ter\u00f6r \u00f6rg\u00fct\u00fc canl\u0131 bomba eylemleri<span class=\"excerpt-hellip\"> [\u2026]<\/span><\/p>\n","protected":false},"featured_media":0,"template":"","meta":{"_monsterinsights_skip_tracking":false,"_monsterinsights_sitenote_active":false,"_monsterinsights_sitenote_note":"","_monsterinsights_sitenote_category":0},"product_brand":[],"product_cat":[12338,12337],"product_tag":[],"class_list":{"0":"post-705718","1":"product","2":"type-product","3":"status-publish","5":"product_cat-dunya-siyaseti-ve-politikasi","6":"product_cat-politika-siyaset","7":"pa_tur-kitap","8":"pa_yayinevi-karinca-yayinlari","9":"pa_yazar-bilal-sevinc","11":"first","12":"instock","13":"sale","14":"shipping-taxable","15":"purchasable","16":"product-type-simple"},"_links":{"self":[{"href":"https:\/\/roveyayinevi.com.tr\/index.php\/wp-json\/wp\/v2\/product\/705718","targetHints":{"allow":["GET"]}}],"collection":[{"href":"https:\/\/roveyayinevi.com.tr\/index.php\/wp-json\/wp\/v2\/product"}],"about":[{"href":"https:\/\/roveyayinevi.com.tr\/index.php\/wp-json\/wp\/v2\/types\/product"}],"wp:attachment":[{"href":"https:\/\/roveyayinevi.com.tr\/index.php\/wp-json\/wp\/v2\/media?parent=705718"}],"wp:term":[{"taxonomy":"product_brand","embeddable":true,"href":"https:\/\/roveyayinevi.com.tr\/index.php\/wp-json\/wp\/v2\/product_brand?post=705718"},{"taxonomy":"product_cat","embeddable":true,"href":"https:\/\/roveyayinevi.com.tr\/index.php\/wp-json\/wp\/v2\/product_cat?post=705718"},{"taxonomy":"product_tag","embeddable":true,"href":"https:\/\/roveyayinevi.com.tr\/index.php\/wp-json\/wp\/v2\/product_tag?post=705718"}],"curies":[{"name":"wp","href":"https:\/\/api.w.org\/{rel}","templated":true}]}}