{"id":705600,"date":"2025-08-27T15:47:13","date_gmt":"2025-08-27T12:47:13","guid":{"rendered":"https:\/\/roveyayinevi.com.tr\/index.php\/urun\/erdoganin-suriye-seferi\/"},"modified":"2026-04-16T02:14:26","modified_gmt":"2026-04-15T23:14:26","slug":"erdoganin-suriye-seferi","status":"publish","type":"product","link":"https:\/\/roveyayinevi.com.tr\/index.php\/urun\/erdoganin-suriye-seferi\/","title":{"rendered":"Erdo\u011fan&#8217;\u0131n Suriye Seferi"},"content":{"rendered":"<p>Ortado\u011fu konusunda uzman gazeteci Fikret Akf\u0131rat AKP H\u00fck\u00fcmeti&#8217;nin kurulu\u015fundan bu yana BOP e\u015fba\u015fkanl\u0131\u011f\u0131 g\u00f6revi \u00e7er\u00e7evesinde \u00fcstlendi\u011fi rol\u00fc ve onun Suriye seferini kronolojik bir ak\u0131\u015fla, T\u00fcrkiye-ABD ili\u015fkileri \u00e7er\u00e7evesinde ortaya koyuyor. 2011 Mart&#8217;\u0131nda d\u00fc\u011fmesine bas\u0131lan Suriye seferinin tek bir hedefi var: Arap d\u00fcnyas\u0131nda ba\u011f\u0131ms\u0131zl\u0131k\u00e7\u0131, laik ve antiemperyalist direni\u015fin en \u00f6nemli dayanak noktas\u0131 olarak g\u00f6r\u00fclen Suriye&#8217;yi \u00e7\u00f6kertmek, par\u00e7alamak ve B\u00fcy\u00fck Ortado\u011fu Projesi&#8217;nin merkezinde yer alan \u0130kinci \u0130srail&#8217;in denize a\u00e7\u0131lmas\u0131n\u0131 sa\u011flamak; Irak i\u015fgalinin ard\u0131ndan Suriye ve \u0130ran&#8217;\u0131 da par\u00e7alayarak BOP haritas\u0131ndaki   free Kurdistan  \u0131 ger\u00e7ekle\u015ftirmek. Suriye, bug\u00fcn insanl\u0131\u011f\u0131n barbarl\u0131\u011fa kar\u015f\u0131 sava\u015f\u0131nda \u00f6n cephe. Be\u015far Esad liderli\u011findeki tekmil Suriye halk\u0131 sadece kendi vatanlar\u0131 i\u00e7in de\u011fil, ayn\u0131 zamanda b\u00fct\u00fcn d\u00fcnyan\u0131n gelece\u011fi ad\u0131na emperyalizme kar\u015f\u0131 kararl\u0131 bir sava\u015f veriyor. Kitapta, Akf\u0131rat&#8217;\u0131n Suriye y\u00f6neticileriyle yapt\u0131\u011f\u0131 r\u00f6portajlar da yer al\u0131yor: <\/p>\n","protected":false},"excerpt":{"rendered":"<p>Ortado\u011fu konusunda uzman gazeteci Fikret Akf\u0131rat AKP H\u00fck\u00fcmeti&#8217;nin kurulu\u015fundan bu yana BOP e\u015fba\u015fkanl\u0131\u011f\u0131 g\u00f6revi \u00e7er\u00e7evesinde \u00fcstlendi\u011fi rol\u00fc ve onun Suriye seferini kronolojik bir ak\u0131\u015fla, T\u00fcrkiye-ABD ili\u015fkileri<span class=\"excerpt-hellip\"> [\u2026]<\/span><\/p>\n","protected":false},"featured_media":0,"template":"","meta":{"_monsterinsights_skip_tracking":false,"_monsterinsights_sitenote_active":false,"_monsterinsights_sitenote_note":"","_monsterinsights_sitenote_category":0},"product_brand":[],"product_cat":[12337,17225],"product_tag":[],"class_list":{"0":"post-705600","1":"product","2":"type-product","3":"status-publish","5":"product_cat-politika-siyaset","6":"product_cat-uluslararasi-iliskiler","7":"pa_tur-kitap","8":"pa_yayinevi-kaynak-yayinlari","9":"pa_yazar-fikret-akfirat","11":"first","12":"instock","13":"sale","14":"shipping-taxable","15":"purchasable","16":"product-type-simple"},"_links":{"self":[{"href":"https:\/\/roveyayinevi.com.tr\/index.php\/wp-json\/wp\/v2\/product\/705600","targetHints":{"allow":["GET"]}}],"collection":[{"href":"https:\/\/roveyayinevi.com.tr\/index.php\/wp-json\/wp\/v2\/product"}],"about":[{"href":"https:\/\/roveyayinevi.com.tr\/index.php\/wp-json\/wp\/v2\/types\/product"}],"wp:attachment":[{"href":"https:\/\/roveyayinevi.com.tr\/index.php\/wp-json\/wp\/v2\/media?parent=705600"}],"wp:term":[{"taxonomy":"product_brand","embeddable":true,"href":"https:\/\/roveyayinevi.com.tr\/index.php\/wp-json\/wp\/v2\/product_brand?post=705600"},{"taxonomy":"product_cat","embeddable":true,"href":"https:\/\/roveyayinevi.com.tr\/index.php\/wp-json\/wp\/v2\/product_cat?post=705600"},{"taxonomy":"product_tag","embeddable":true,"href":"https:\/\/roveyayinevi.com.tr\/index.php\/wp-json\/wp\/v2\/product_tag?post=705600"}],"curies":[{"name":"wp","href":"https:\/\/api.w.org\/{rel}","templated":true}]}}