{"id":705515,"date":"2025-08-27T15:46:39","date_gmt":"2025-08-27T12:46:39","guid":{"rendered":"https:\/\/roveyayinevi.com.tr\/index.php\/urun\/mustafa-kemalin-mutareke-defteri\/"},"modified":"2026-04-16T02:14:24","modified_gmt":"2026-04-15T23:14:24","slug":"mustafa-kemalin-mutareke-defteri","status":"publish","type":"product","link":"https:\/\/roveyayinevi.com.tr\/index.php\/urun\/mustafa-kemalin-mutareke-defteri\/","title":{"rendered":"Mustafa Kemal\u2019in M\u00fctareke Defteri"},"content":{"rendered":"<p>&#8220;Falih R\u0131fk\u0131 Atay\u2019\u0131n s\u00fcr\u00fckleyici, zengin muhteval\u0131, z\u0131t g\u00f6r\u00fcn\u00fcm ve olaylara dayanarak tezlerini savunan bir \u00fcslubu vard\u0131r.\u201d Prof. Dr. \u0130lber ORTAYLI   &#8230; Mustafa ad\u0131n\u0131 ilk defa i\u015fitiyordum. Onun da \u0130ttihat ve Terakki F\u0131rkas\u0131\u2019n\u0131n ileri gelenlerinden oldu\u011funu bu seyahatte \u00f6\u011frenmi\u015ftim. Falih R\u0131fk\u0131 Atay \u2013 Mustafa Kemal\u2019in M\u00fctareke Defteri   Hakk\u0131nda en \u00e7ok rivayet \u00fcretilen, en s\u0131k tart\u0131\u015f\u0131lan simad\u0131r Mustafa Kemal. \u0130\u00e7ti\u011fi i\u00e7kiden yapt\u0131\u011f\u0131 ink\u0131laplara, sofralar\u0131ndan insan ili\u015fkilerine s\u00f6ylenmedik laf b\u0131rak\u0131lmam\u0131\u015ft\u0131r. Bunlar\u0131n ise ne kadar\u0131n\u0131n do\u011fru, ne kadar\u0131n\u0131n yanl\u0131\u015f h\u00e2l\u00e2 tart\u0131\u015f\u0131l\u0131yor. 1920\u2019lerin ba\u015f\u0131ndan \u00f6l\u00fcm\u00fcne kadar Atat\u00fcrk\u2019\u00fcn en yak\u0131n\u0131nda bulunan gazeteci-yazar Falih R\u0131fk\u0131 Atay\u2019\u0131n uzun y\u0131llar \u00f6nce yay\u0131nlanan \u201cMustafa Kemal\u2019in M\u00fctareke Defteri\u201d adl\u0131 kitab\u0131 tart\u0131\u015f\u0131lan bir\u00e7ok konuya \u0131\u015f\u0131k tutuyor. Atat\u00fcrk, \u0130ttihat ve Terakki F\u0131rkas\u0131 mensubu muydu? Rejimin de\u011fi\u015fece\u011fini Meclis\u2019e ilk defa nas\u0131l haber verdi? Ticarete girip ni\u00e7in batt\u0131? Gazete maceras\u0131na kiminle nas\u0131l girdi? Yaz\u0131 ve harf ink\u0131lab\u0131n\u0131 \u00fc\u00e7 ayda nas\u0131l ger\u00e7ekle\u015ftirdi? Nas\u0131l oldu da Suudi Arabistan\u2019daki bir toplant\u0131ya heyet g\u00f6nderdi?   Yukar\u0131da bahsedilenler gibi bir\u00e7ok olay\u0131n ger\u00e7ekte nas\u0131l oldu\u011funu merak ediyorsan\u0131z ve yak\u0131n tarihte ger\u00e7ekten ne oldu\u011funu birinci a\u011f\u0131zdan \u00f6\u011frenmek istiyorsan\u0131z \u201cMustafa Kemal\u2019in M\u00fctareke Defteri\u201d sizin i\u00e7in bulunmaz bir rehber olacakt\u0131r.<\/p>\n","protected":false},"excerpt":{"rendered":"<p>&#8220;Falih R\u0131fk\u0131 Atay\u2019\u0131n s\u00fcr\u00fckleyici, zengin muhteval\u0131, z\u0131t g\u00f6r\u00fcn\u00fcm ve olaylara dayanarak tezlerini savunan bir \u00fcslubu vard\u0131r.\u201d Prof. Dr. \u0130lber ORTAYLI &#8230; Mustafa ad\u0131n\u0131 ilk defa i\u015fitiyordum.<span class=\"excerpt-hellip\"> [\u2026]<\/span><\/p>\n","protected":false},"featured_media":0,"template":"","meta":{"_monsterinsights_skip_tracking":false,"_monsterinsights_sitenote_active":false,"_monsterinsights_sitenote_note":"","_monsterinsights_sitenote_category":0},"product_brand":[],"product_cat":[12530,12304],"product_tag":[],"class_list":{"0":"post-705515","1":"product","2":"type-product","3":"status-publish","5":"product_cat-mustafa-kemal-ataturk","6":"product_cat-tarih","7":"pa_cilt-ciltsiz","8":"pa_tur-kitap","9":"pa_yayinevi-pozitif-yayinlari","10":"pa_yazar-falih-rifki-atay","12":"first","13":"instock","14":"sale","15":"shipping-taxable","16":"purchasable","17":"product-type-simple"},"_links":{"self":[{"href":"https:\/\/roveyayinevi.com.tr\/index.php\/wp-json\/wp\/v2\/product\/705515","targetHints":{"allow":["GET"]}}],"collection":[{"href":"https:\/\/roveyayinevi.com.tr\/index.php\/wp-json\/wp\/v2\/product"}],"about":[{"href":"https:\/\/roveyayinevi.com.tr\/index.php\/wp-json\/wp\/v2\/types\/product"}],"wp:attachment":[{"href":"https:\/\/roveyayinevi.com.tr\/index.php\/wp-json\/wp\/v2\/media?parent=705515"}],"wp:term":[{"taxonomy":"product_brand","embeddable":true,"href":"https:\/\/roveyayinevi.com.tr\/index.php\/wp-json\/wp\/v2\/product_brand?post=705515"},{"taxonomy":"product_cat","embeddable":true,"href":"https:\/\/roveyayinevi.com.tr\/index.php\/wp-json\/wp\/v2\/product_cat?post=705515"},{"taxonomy":"product_tag","embeddable":true,"href":"https:\/\/roveyayinevi.com.tr\/index.php\/wp-json\/wp\/v2\/product_tag?post=705515"}],"curies":[{"name":"wp","href":"https:\/\/api.w.org\/{rel}","templated":true}]}}