{"id":705514,"date":"2025-08-27T15:46:39","date_gmt":"2025-08-27T12:46:39","guid":{"rendered":"https:\/\/roveyayinevi.com.tr\/index.php\/urun\/ataturkun-bana-anlattiklari-mustafa-kemalin-agzindan-vahdettin\/"},"modified":"2026-04-16T02:14:24","modified_gmt":"2026-04-15T23:14:24","slug":"ataturkun-bana-anlattiklari-mustafa-kemalin-agzindan-vahdettin","status":"publish","type":"product","link":"https:\/\/roveyayinevi.com.tr\/index.php\/urun\/ataturkun-bana-anlattiklari-mustafa-kemalin-agzindan-vahdettin\/","title":{"rendered":"Atat\u00fcrk\u2019\u00fcn Bana Anlatt\u0131klar\u0131 Mustafa Kemal\u2019in A\u011fz\u0131ndan Vahdettin"},"content":{"rendered":"<p>\u00a8Atat\u00fcrk\u2019\u00fcn a\u011fz\u0131ndan bir\u00e7ok hat\u0131ralar anlat\u0131lmaktad\u0131r. Kendisinin kaleminden \u00e7\u0131kan tek hakiki vesika Nutuk, tek hakiki hat\u0131ralar da 1926\u2019da H\u00e2kimiyet-i Milliye gazetesinde yay\u0131nlanmak \u00fczere bana anlatt\u0131klar\u0131d\u0131r. \u0130zmir\u2019e giren Mare\u015fal ve Gazi Mustafa Kemal, \u0130zmir\u2019de Yakup Kadri ile beni kabul etti\u011fi vakit, anlat\u0131\u015f kuvvetine hayran kalm\u0131\u015ft\u0131m. Konu\u015fma sanat\u0131n\u0131 en iyi bilenlerden biri idi. Uzun y\u0131llar, kendisi ile bulu\u015ftuk\u00e7a, hemen b\u00fct\u00fcn hat\u0131ralar\u0131n\u0131 dinlemek bahtiyarl\u0131\u011f\u0131n\u0131 kazanm\u0131\u015f olanlardan\u0131m. Bu kitab\u0131 olu\u015fturan hat\u0131ralar ise, ate\u015fkes esnas\u0131nda Adana\u2019dan \u0130stanbul\u2019a geli\u015fi ile Samsun\u2019a ayak bas\u0131\u015f\u0131 aras\u0131ndaki devrin hat\u0131ralar\u0131d\u0131r. Mustafa Kemal\u2019i \u0130stanbul\u2019dan ayr\u0131larak Anadolu\u2019ya gelmeye ve T\u00fcrk tarihinin ba\u015fl\u0131ca b\u00fcy\u00fck hareketlerinden birine ba\u015flatmaya sevk eden sebepler, bu hat\u0131ralardan anla\u015f\u0131lmaktad\u0131r.\u2019\u2019 Falih R\u0131fk\u0131 ATAY   \u201cHi\u00e7 \u015f\u00fcphesiz ki F. R\u0131fk\u0131 Atay\u2019\u0131n \u00c7ankaya, Atat\u00fcrk\u2019\u00fcn Bana Anlatt\u0131klar\u0131 kitaplar\u0131 her t\u00fcrl\u00fc d\u00fc\u015f\u00fcnce sahibinin mutlaka okumas\u0131 gereken kitaplard\u0131r. Falih R\u0131fk\u0131 Atay\u2019\u0131n s\u00fcr\u00fckleyici, zengin muhteval\u0131, z\u0131t g\u00f6r\u00fcn\u00fcm ve olaylara dayanarak tezlerini savunan bir \u00fcslubu vard\u0131r.\u201d Prof. Dr. \u0130lber ORTAYLI   Mustafa Kemal\u2019in harp politikas\u0131 hakk\u0131ndaki tenkitlerini, gerek T\u00fcrk gerek Alman kumandanlar\u0131 ile m\u00fcnaka\u015falar\u0131n\u0131 kendi anlat\u0131m\u0131ndan ve d\u00f6nemin en yak\u0131n tan\u0131klar\u0131ndan olan Falih R\u0131fk\u0131 Atay\u2019\u0131n kaleminden bir solukta okuyacak ve \u2022 Atat\u00fcrk\u2019\u00fcn Vahdettin hakk\u0131ndaki d\u00fc\u015f\u00fcnceleri nelerdir? \u2022 Vahdettin, Atat\u00fcrk\u2019\u00fc Samsun\u2019a neden g\u00f6nderdi? \u2022 \u0130stiklal Sava\u015f\u0131&#8217;na gidilen yolda kar\u015f\u0131la\u015f\u0131lan g\u00fc\u00e7l\u00fckler neydi? \u2022 Yak\u0131n tarihimizin en tart\u0131\u015f\u0131lan ikilisi olan Atat\u00fcrk ve Vahdettin, birlikte yapt\u0131klar\u0131 Almanya yolculu\u011funda neler konu\u015ftu ve ya\u015fad\u0131? \u2022 Mill\u00ee M\u00fccadele fikri nas\u0131l do\u011fdu? \u2022 Atat\u00fcrk nas\u0131l bir ki\u015fili\u011fe sahipti? \u2022 Vahdettin ile Atat\u00fcrk aras\u0131nda yap\u0131lan son g\u00f6r\u00fc\u015fmede neler konu\u015fuldu? sorular\u0131na bu kitapta cevap bulacaks\u0131n\u0131z!<\/p>\n","protected":false},"excerpt":{"rendered":"<p>\u00a8Atat\u00fcrk\u2019\u00fcn a\u011fz\u0131ndan bir\u00e7ok hat\u0131ralar anlat\u0131lmaktad\u0131r. Kendisinin kaleminden \u00e7\u0131kan tek hakiki vesika Nutuk, tek hakiki hat\u0131ralar da 1926\u2019da H\u00e2kimiyet-i Milliye gazetesinde yay\u0131nlanmak \u00fczere bana anlatt\u0131klar\u0131d\u0131r. \u0130zmir\u2019e giren<span class=\"excerpt-hellip\"> [\u2026]<\/span><\/p>\n","protected":false},"featured_media":0,"template":"","meta":{"_monsterinsights_skip_tracking":false,"_monsterinsights_sitenote_active":false,"_monsterinsights_sitenote_note":"","_monsterinsights_sitenote_category":0},"product_brand":[],"product_cat":[12312,12304],"product_tag":[],"class_list":{"0":"post-705514","1":"product","2":"type-product","3":"status-publish","5":"product_cat-diger","6":"product_cat-tarih","7":"pa_cilt-ciltsiz","8":"pa_tur-kitap","9":"pa_yayinevi-pozitif-yayinlari","10":"pa_yazar-falih-rifki-atay","12":"first","13":"instock","14":"sale","15":"shipping-taxable","16":"purchasable","17":"product-type-simple"},"_links":{"self":[{"href":"https:\/\/roveyayinevi.com.tr\/index.php\/wp-json\/wp\/v2\/product\/705514","targetHints":{"allow":["GET"]}}],"collection":[{"href":"https:\/\/roveyayinevi.com.tr\/index.php\/wp-json\/wp\/v2\/product"}],"about":[{"href":"https:\/\/roveyayinevi.com.tr\/index.php\/wp-json\/wp\/v2\/types\/product"}],"wp:attachment":[{"href":"https:\/\/roveyayinevi.com.tr\/index.php\/wp-json\/wp\/v2\/media?parent=705514"}],"wp:term":[{"taxonomy":"product_brand","embeddable":true,"href":"https:\/\/roveyayinevi.com.tr\/index.php\/wp-json\/wp\/v2\/product_brand?post=705514"},{"taxonomy":"product_cat","embeddable":true,"href":"https:\/\/roveyayinevi.com.tr\/index.php\/wp-json\/wp\/v2\/product_cat?post=705514"},{"taxonomy":"product_tag","embeddable":true,"href":"https:\/\/roveyayinevi.com.tr\/index.php\/wp-json\/wp\/v2\/product_tag?post=705514"}],"curies":[{"name":"wp","href":"https:\/\/api.w.org\/{rel}","templated":true}]}}