{"id":705342,"date":"2025-08-27T15:44:49","date_gmt":"2025-08-27T12:44:49","guid":{"rendered":"https:\/\/roveyayinevi.com.tr\/index.php\/urun\/avrupa-birliginin-bolge-politikalari\/"},"modified":"2026-04-16T02:14:04","modified_gmt":"2026-04-15T23:14:04","slug":"avrupa-birliginin-bolge-politikalari","status":"publish","type":"product","link":"https:\/\/roveyayinevi.com.tr\/index.php\/urun\/avrupa-birliginin-bolge-politikalari\/","title":{"rendered":"Avrupa Birli\u011finin B\u00f6lge Politikalar\u0131"},"content":{"rendered":"<p>T\u00fcrkiye\u2019nin Avrupa Birli\u011fi\u2019ne \u00fcyelik s\u00fcreci yakla\u015f\u0131k yar\u0131m y\u00fczy\u0131ld\u0131r s\u00fcrmektedir. Aday \u00fclke olarak T\u00fcrkiye, siyasal, t\u00fczel ve ekonomik alanlarda, Avrupa Birli\u011fi\u2019ne uyum sa\u011flaman\u0131n gerektirdi\u011fi pek \u00e7ok yasal ve kurumsal d\u00fczenlemeler yapm\u0131\u015ft\u0131r. Bu d\u00fczenlemelerden biri de, \u00f6teki politika alanlar\u0131yla b\u00fct\u00fcnsellik g\u00f6steren b\u00f6lgesel politikalard\u0131r.Avrupa Birli\u011fi ile T\u00fcrkiye aras\u0131ndaki \u00fcyelik g\u00f6r\u00fc\u015fmeleri \u00e7er\u00e7evesinde, Haziran 2013\u2019de B\u00f6lgesel Politika ve Yap\u0131sal Ara\u00e7lar\u0131n Koordinasyonu ba\u015fl\u0131kl\u0131 22. Fas\u0131l a\u00e7\u0131lm\u0131\u015ft\u0131r. Bunun sonucu olarak, b\u00f6lge politikalar\u0131 konusunda T\u00fcrkiye\u2019den daha somut ve h\u0131zl\u0131 ad\u0131mlar at\u0131lmas\u0131 beklenmektedir. Ku\u015fkusuz Avrupa Birli\u011fi\u2019ne \u00fcyelik, T\u00fcrkiye a\u00e7\u0131s\u0131ndan daha \u00e7a\u011fda\u015f ve demokratik ilkelerin ya\u015fama ge\u00e7irilmesine katk\u0131da bulunacakt\u0131r. Ancak, uyum sa\u011flama s\u00fcrecinde, \u00e7e\u015fitli politika alanlar\u0131nda at\u0131lacak ad\u0131mlar\u0131n ve yap\u0131lacak d\u00fczeltimlerin ulusal \u00e7\u0131karlarla \u00e7at\u0131\u015fmamas\u0131, T\u00fcrkiye Cumhuriyeti\u2019nin \u00fcniter yap\u0131s\u0131na zarar vermemesi gerekir.<\/p>\n","protected":false},"excerpt":{"rendered":"<p>T\u00fcrkiye\u2019nin Avrupa Birli\u011fi\u2019ne \u00fcyelik s\u00fcreci yakla\u015f\u0131k yar\u0131m y\u00fczy\u0131ld\u0131r s\u00fcrmektedir. Aday \u00fclke olarak T\u00fcrkiye, siyasal, t\u00fczel ve ekonomik alanlarda, Avrupa Birli\u011fi\u2019ne uyum sa\u011flaman\u0131n gerektirdi\u011fi pek \u00e7ok yasal<span class=\"excerpt-hellip\"> [\u2026]<\/span><\/p>\n","protected":false},"featured_media":0,"template":"","meta":{"_monsterinsights_skip_tracking":false,"_monsterinsights_sitenote_active":false,"_monsterinsights_sitenote_note":"","_monsterinsights_sitenote_category":0},"product_brand":[],"product_cat":[13059,12337],"product_tag":[],"class_list":{"0":"post-705342","1":"product","2":"type-product","3":"status-publish","5":"product_cat-diger-politika-siyaset","6":"product_cat-politika-siyaset","7":"pa_cilt-ciltsiz","8":"pa_tur-kitap","9":"pa_yayinevi-cem-yayinevi","10":"pa_yazar-rusen-keles","12":"first","13":"instock","14":"sale","15":"shipping-taxable","16":"purchasable","17":"product-type-simple"},"_links":{"self":[{"href":"https:\/\/roveyayinevi.com.tr\/index.php\/wp-json\/wp\/v2\/product\/705342","targetHints":{"allow":["GET"]}}],"collection":[{"href":"https:\/\/roveyayinevi.com.tr\/index.php\/wp-json\/wp\/v2\/product"}],"about":[{"href":"https:\/\/roveyayinevi.com.tr\/index.php\/wp-json\/wp\/v2\/types\/product"}],"wp:attachment":[{"href":"https:\/\/roveyayinevi.com.tr\/index.php\/wp-json\/wp\/v2\/media?parent=705342"}],"wp:term":[{"taxonomy":"product_brand","embeddable":true,"href":"https:\/\/roveyayinevi.com.tr\/index.php\/wp-json\/wp\/v2\/product_brand?post=705342"},{"taxonomy":"product_cat","embeddable":true,"href":"https:\/\/roveyayinevi.com.tr\/index.php\/wp-json\/wp\/v2\/product_cat?post=705342"},{"taxonomy":"product_tag","embeddable":true,"href":"https:\/\/roveyayinevi.com.tr\/index.php\/wp-json\/wp\/v2\/product_tag?post=705342"}],"curies":[{"name":"wp","href":"https:\/\/api.w.org\/{rel}","templated":true}]}}