{"id":705323,"date":"2025-08-27T15:44:41","date_gmt":"2025-08-27T12:44:41","guid":{"rendered":"https:\/\/roveyayinevi.com.tr\/index.php\/urun\/cocuklar-icin-felsefe-egitimi\/"},"modified":"2026-04-16T02:14:04","modified_gmt":"2026-04-15T23:14:04","slug":"cocuklar-icin-felsefe-egitimi","status":"publish","type":"product","link":"https:\/\/roveyayinevi.com.tr\/index.php\/urun\/cocuklar-icin-felsefe-egitimi\/","title":{"rendered":"\u00c7ocuklar \u0130\u00e7in Felsefe E\u011fitimi"},"content":{"rendered":"<p>&#8220;O\u011fuz Atay, Tutunamayanlar&#8217;\u0131n bir yerinde kahraman\u0131na, l\u00fczumu kadar sorumuz olmad\u0131\u011f\u0131n\u0131, ama l\u00fczumundan \u00e7ok cevab\u0131m\u0131z oldu\u011funu s\u00f6yletir. \u00c7ok hakl\u0131. \u00c7ok cevab\u0131m\u0131z, ama pek az sorumuz var. \u0130nsanl\u0131\u011f\u0131n soru a\u00e7\u0131\u011f\u0131n\u0131 felsefe yapanlar ve \u00e7ocuklar kapatmaya \u00e7al\u0131\u015f\u0131yor.Felsefe yapanlar ile \u00e7ocuklar aras\u0131nda ba\u015fka bir ili\u015fki daha var: \u00c7ocuklar, inatla, \u0131srarla, sorular\u0131n\u0131n hakk\u0131n\u0131 ararlar. E\u011fer yol \u00fcst\u00fcnde bulduklar\u0131 cevaplarla tatmin olmadan, cevap istiflemenin ba\u015ftan \u00e7\u0131kar\u0131c\u0131l\u0131\u011f\u0131na kap\u0131lmadan b\u00fcy\u00fcyebilir, ya\u015f alabilirlerse, yani i\u00e7lerindeki \u00e7ocu\u011fu koruyabilirlerse, ileri ya\u015flarda yapmay\u0131 s\u00fcrd\u00fcrd\u00fckleri \u015feye felsefe deriz.&#8221;UNESCO T\u00fcrkiye Mill\u00ee Komisyonu, MEB ve T\u00fcrkiye Felsefe Kurumu&#8217;nun ortakla\u015fa ger\u00e7ekle\u015ftirdikleri \u0130lk ve Orta\u00f6\u011fretimde Felsefe \u00c7al\u0131\u015ftay\u0131&#8217;n\u0131n bildirilerini bir araya getiren bu kitap, felsefe \u00f6\u011fretmenleri ve uzmanlar\u0131n\u0131n \u00fclkemizdeki ve d\u00fcnyadaki felsefe e\u011fitimine ili\u015fkin g\u00f6r\u00fc\u015fleri yan\u0131nda, \u00e7ocuklar i\u00e7in felsefe kitaplar\u0131 yazan yazar ve yay\u0131nevlerinin g\u00f6r\u00fc\u015flerini de ortaya koyarak \u00fclkemizdeki felsefe e\u011fitimine \u0131\u015f\u0131k tutmaya \u00e7al\u0131\u015fmaktad\u0131r. <\/p>\n","protected":false},"excerpt":{"rendered":"<p>&#8220;O\u011fuz Atay, Tutunamayanlar&#8217;\u0131n bir yerinde kahraman\u0131na, l\u00fczumu kadar sorumuz olmad\u0131\u011f\u0131n\u0131, ama l\u00fczumundan \u00e7ok cevab\u0131m\u0131z oldu\u011funu s\u00f6yletir. \u00c7ok hakl\u0131. \u00c7ok cevab\u0131m\u0131z, ama pek az sorumuz var. \u0130nsanl\u0131\u011f\u0131n<span class=\"excerpt-hellip\"> [\u2026]<\/span><\/p>\n","protected":false},"featured_media":0,"template":"","meta":{"_monsterinsights_skip_tracking":false,"_monsterinsights_sitenote_active":false,"_monsterinsights_sitenote_note":"","_monsterinsights_sitenote_category":0},"product_brand":[],"product_cat":[12388,15309],"product_tag":[],"class_list":{"0":"post-705323","1":"product","2":"type-product","3":"status-publish","5":"product_cat-felsefe","6":"product_cat-felsefi-akimlar","7":"pa_cilt-ciltsiz","8":"pa_tur-kitap","9":"pa_yayinevi-turkiye-felsefe-kurumu","10":"pa_yazar-kolektif","12":"first","13":"instock","14":"sale","15":"shipping-taxable","16":"purchasable","17":"product-type-simple"},"_links":{"self":[{"href":"https:\/\/roveyayinevi.com.tr\/index.php\/wp-json\/wp\/v2\/product\/705323","targetHints":{"allow":["GET"]}}],"collection":[{"href":"https:\/\/roveyayinevi.com.tr\/index.php\/wp-json\/wp\/v2\/product"}],"about":[{"href":"https:\/\/roveyayinevi.com.tr\/index.php\/wp-json\/wp\/v2\/types\/product"}],"wp:attachment":[{"href":"https:\/\/roveyayinevi.com.tr\/index.php\/wp-json\/wp\/v2\/media?parent=705323"}],"wp:term":[{"taxonomy":"product_brand","embeddable":true,"href":"https:\/\/roveyayinevi.com.tr\/index.php\/wp-json\/wp\/v2\/product_brand?post=705323"},{"taxonomy":"product_cat","embeddable":true,"href":"https:\/\/roveyayinevi.com.tr\/index.php\/wp-json\/wp\/v2\/product_cat?post=705323"},{"taxonomy":"product_tag","embeddable":true,"href":"https:\/\/roveyayinevi.com.tr\/index.php\/wp-json\/wp\/v2\/product_tag?post=705323"}],"curies":[{"name":"wp","href":"https:\/\/api.w.org\/{rel}","templated":true}]}}