{"id":705293,"date":"2025-08-27T15:44:30","date_gmt":"2025-08-27T12:44:30","guid":{"rendered":"https:\/\/roveyayinevi.com.tr\/index.php\/urun\/vitrinde-yasamak\/"},"modified":"2026-04-16T02:14:03","modified_gmt":"2026-04-15T23:14:03","slug":"vitrinde-yasamak","status":"publish","type":"product","link":"https:\/\/roveyayinevi.com.tr\/index.php\/urun\/vitrinde-yasamak\/","title":{"rendered":"Vitrinde Ya\u015famak"},"content":{"rendered":"<p>80\u2019lerde T\u00fcrkiye\u2019de ya\u015fanan k\u00fclt\u00fcrel de\u011fi\u015fimi \u00e7\u00f6z\u00fcmlemeyi deniyor Vitrinde Ya\u015famak. Bir siyasi darbenin hemen ard\u0131ndan, devlet \u015fiddetiyle kurulabilmi\u015f bir piyasan\u0131n i\u00e7ine do\u011fan yeni k\u00fclt\u00fcrel ortam\u0131, kendini bir imkanlar d\u00f6nemi olarak sunan bu y\u0131llar\u0131n k\u00fclt\u00fcrel alandaki \u00e7eli\u015fkili g\u00f6r\u00fcn\u00fcmlerini \u00e7\u00f6z\u00fcmlemeyi ama\u00e7l\u0131yor. Nas\u0131l oldu da bu de\u011fi\u015fim kendini k\u00fclt\u00fcrel alanda bir \u00f6zg\u00fcrl\u00fck vaadiyle, bir \u00f6zerklik iddias\u0131yla varedebildi? Daha da \u00f6nemlisi, bu vaat neden bu kadar etkili olabildi? T\u00fcrkiye modern k\u00fclt\u00fcr\u00fcn\u00fc olu\u015ftururken, o g\u00fcne kadar neleri d\u0131\u015far\u0131da b\u0131rakm\u0131\u015f neleri k\u00fclt\u00fcrel ifade alan\u0131n\u0131n k\u0131y\u0131s\u0131na itmi\u015fti? Modern k\u00fclt\u00fcr\u00fcn olu\u015fum s\u00fcrecinde bast\u0131r\u0131lan i\u00e7erikler 80\u2019lerde nas\u0131l, ne olarak ve nereye geri d\u00f6nd\u00fc? Hangi ihtiya\u00e7lar do\u011frultusunda, nas\u0131l yeniden kurgulanarak g\u00fcndeme geldi? D\u00fcnyadaki k\u00fclt\u00fcrel de\u011fi\u015fimle de yak\u0131ndan ilgili olan bu sorular\u0131 80\u2019ler T\u00fcrkiyesi\u2019nin siyasi ko\u015fullar\u0131n\u0131, yerel dinamiklerini, buraya \u00f6zg\u00fc k\u0131r\u0131lmalar\u0131 da hesaba katarak de\u011ferlendiriyor Vitrinde Ya\u015famak.\ufffcTan\u0131t\u0131m Metni<\/p>\n","protected":false},"excerpt":{"rendered":"<p>80\u2019lerde T\u00fcrkiye\u2019de ya\u015fanan k\u00fclt\u00fcrel de\u011fi\u015fimi \u00e7\u00f6z\u00fcmlemeyi deniyor Vitrinde Ya\u015famak. Bir siyasi darbenin hemen ard\u0131ndan, devlet \u015fiddetiyle kurulabilmi\u015f bir piyasan\u0131n i\u00e7ine do\u011fan yeni k\u00fclt\u00fcrel ortam\u0131, kendini bir<span class=\"excerpt-hellip\"> [\u2026]<\/span><\/p>\n","protected":false},"featured_media":0,"template":"","meta":{"_monsterinsights_skip_tracking":false,"_monsterinsights_sitenote_active":false,"_monsterinsights_sitenote_note":"","_monsterinsights_sitenote_category":0},"product_brand":[],"product_cat":[13633,12324],"product_tag":[],"class_list":{"0":"post-705293","1":"product","2":"type-product","3":"status-publish","5":"product_cat-kultur-ve-bilim","6":"product_cat-sosyoloji","7":"pa_cilt-ciltsiz","8":"pa_tur-kitap","9":"pa_yayinevi-metis-yayinlari","10":"pa_yazar-nurdan-gurbilek","12":"first","13":"instock","14":"sale","15":"shipping-taxable","16":"purchasable","17":"product-type-simple"},"_links":{"self":[{"href":"https:\/\/roveyayinevi.com.tr\/index.php\/wp-json\/wp\/v2\/product\/705293","targetHints":{"allow":["GET"]}}],"collection":[{"href":"https:\/\/roveyayinevi.com.tr\/index.php\/wp-json\/wp\/v2\/product"}],"about":[{"href":"https:\/\/roveyayinevi.com.tr\/index.php\/wp-json\/wp\/v2\/types\/product"}],"wp:attachment":[{"href":"https:\/\/roveyayinevi.com.tr\/index.php\/wp-json\/wp\/v2\/media?parent=705293"}],"wp:term":[{"taxonomy":"product_brand","embeddable":true,"href":"https:\/\/roveyayinevi.com.tr\/index.php\/wp-json\/wp\/v2\/product_brand?post=705293"},{"taxonomy":"product_cat","embeddable":true,"href":"https:\/\/roveyayinevi.com.tr\/index.php\/wp-json\/wp\/v2\/product_cat?post=705293"},{"taxonomy":"product_tag","embeddable":true,"href":"https:\/\/roveyayinevi.com.tr\/index.php\/wp-json\/wp\/v2\/product_tag?post=705293"}],"curies":[{"name":"wp","href":"https:\/\/api.w.org\/{rel}","templated":true}]}}