{"id":705274,"date":"2025-08-27T15:44:22","date_gmt":"2025-08-27T12:44:22","guid":{"rendered":"https:\/\/roveyayinevi.com.tr\/index.php\/urun\/osmanli-imparatorlugunun-kurulus-ve-yukselis-tarihi-1300-1600\/"},"modified":"2026-04-16T02:14:03","modified_gmt":"2026-04-15T23:14:03","slug":"osmanli-imparatorlugunun-kurulus-ve-yukselis-tarihi-1300-1600","status":"publish","type":"product","link":"https:\/\/roveyayinevi.com.tr\/index.php\/urun\/osmanli-imparatorlugunun-kurulus-ve-yukselis-tarihi-1300-1600\/","title":{"rendered":"Osmanl\u0131 \u0130mparatorlu\u011fu\u2019nun Kurulu\u015f ve Y\u00fckseli\u015f Tarihi 1300-1600"},"content":{"rendered":"<p>De\u011ferli Osmanl\u0131 tarih\u00e7isi Prof. Dr. Feridun M. Emecen\u2019in yeni eseri, 600 y\u0131l boyunca \u00e7ok geni\u015f bir co\u011frafyaya yay\u0131lm\u0131\u015f Osmanl\u0131 \u0130mparatorlu\u011fu\u2019nun ilk 300 y\u0131l\u0131na \u0131\u015f\u0131k tutuyor. Osmanl\u0131lar\u0131n k\u00fc\u00e7\u00fck bir beylikten bir cihan imparatorlu\u011funa do\u011fru y\u00f6neli\u015fini ak\u0131c\u0131 bir dille anlatan Osmanl\u0131 \u0130mparatorlu\u011fu\u2019nun Kurulu\u015f ve Y\u00fckseli\u015f Tarihi (1300 1600), Osmanl\u0131 tarihini dar kal\u0131plara s\u0131k\u0131\u015ft\u0131rmadan ele alan yakla\u015f\u0131m\u0131 ve kulland\u0131\u011f\u0131 sa\u011flam kaynak tenkidi y\u00f6ntemiyle, siyasi tarih alan\u0131nda vazge\u00e7ilmez bir ba\u015fvuru kayna\u011f\u0131 olma \u00f6zelli\u011fini ta\u015f\u0131yor. <\/p>\n","protected":false},"excerpt":{"rendered":"<p>De\u011ferli Osmanl\u0131 tarih\u00e7isi Prof. Dr. Feridun M. Emecen\u2019in yeni eseri, 600 y\u0131l boyunca \u00e7ok geni\u015f bir co\u011frafyaya yay\u0131lm\u0131\u015f Osmanl\u0131 \u0130mparatorlu\u011fu\u2019nun ilk 300 y\u0131l\u0131na \u0131\u015f\u0131k tutuyor. Osmanl\u0131lar\u0131n<span class=\"excerpt-hellip\"> [\u2026]<\/span><\/p>\n","protected":false},"featured_media":0,"template":"","meta":{"_monsterinsights_skip_tracking":false,"_monsterinsights_sitenote_active":false,"_monsterinsights_sitenote_note":"","_monsterinsights_sitenote_category":0},"product_brand":[],"product_cat":[13517,12304],"product_tag":[],"class_list":{"0":"post-705274","1":"product","2":"type-product","3":"status-publish","5":"product_cat-osmanli-tarihi","6":"product_cat-tarih","7":"pa_cilt-ciltsiz","8":"pa_tur-kitap","9":"pa_yayinevi-is-bankasi-kultur-yayinlari","10":"pa_yazar-feridun-m-emecen","12":"first","13":"instock","14":"sale","15":"shipping-taxable","16":"purchasable","17":"product-type-simple"},"_links":{"self":[{"href":"https:\/\/roveyayinevi.com.tr\/index.php\/wp-json\/wp\/v2\/product\/705274","targetHints":{"allow":["GET"]}}],"collection":[{"href":"https:\/\/roveyayinevi.com.tr\/index.php\/wp-json\/wp\/v2\/product"}],"about":[{"href":"https:\/\/roveyayinevi.com.tr\/index.php\/wp-json\/wp\/v2\/types\/product"}],"wp:attachment":[{"href":"https:\/\/roveyayinevi.com.tr\/index.php\/wp-json\/wp\/v2\/media?parent=705274"}],"wp:term":[{"taxonomy":"product_brand","embeddable":true,"href":"https:\/\/roveyayinevi.com.tr\/index.php\/wp-json\/wp\/v2\/product_brand?post=705274"},{"taxonomy":"product_cat","embeddable":true,"href":"https:\/\/roveyayinevi.com.tr\/index.php\/wp-json\/wp\/v2\/product_cat?post=705274"},{"taxonomy":"product_tag","embeddable":true,"href":"https:\/\/roveyayinevi.com.tr\/index.php\/wp-json\/wp\/v2\/product_tag?post=705274"}],"curies":[{"name":"wp","href":"https:\/\/api.w.org\/{rel}","templated":true}]}}