{"id":705178,"date":"2025-08-27T15:43:03","date_gmt":"2025-08-27T12:43:03","guid":{"rendered":"https:\/\/roveyayinevi.com.tr\/index.php\/urun\/bozkirin-yitik-cocuklari\/"},"modified":"2026-04-16T02:14:00","modified_gmt":"2026-04-15T23:14:00","slug":"bozkirin-yitik-cocuklari","status":"publish","type":"product","link":"https:\/\/roveyayinevi.com.tr\/index.php\/urun\/bozkirin-yitik-cocuklari\/","title":{"rendered":"Bozk\u0131r\u0131n Yitik \u00c7ocuklar\u0131"},"content":{"rendered":"<p>\u201cTarihte baz\u0131 olaylar vard\u0131r ki hem bir sonu hem de yeni bir ba\u015flang\u0131c\u0131 ifade eder. Nitekim 550\u2019lerin ba\u015f\u0131nda kutsal \u00d6t\u00fcken\u2019de Bumin Kagan\u2019\u0131n el\u00e7ileri bozk\u0131r\u0131n kudretli hakimleri Juan-juan\u2019lar\u0131n saray\u0131na gelir ve Juan-juan H\u00fck\u00fcmdar\u0131\u2019n\u0131n k\u0131z\u0131n\u0131 isterler. G\u00fcc\u00fcn verdi\u011fi sarho\u015flukla askerlerinin silahlar\u0131n\u0131 yapan halk\u0131n hadsizli\u011fine sinirlenen A-na-kuei, taht\u0131ndan f\u0131rlar ve \u015f\u00f6yle seslenir: \u201cSen benim demir i\u015flerimde \u00e7al\u0131\u015fan k\u00f6lemsin, nas\u0131l bana s\u00f6z s\u00f6ylemeye c\u00fcret edersin?\u201d. Bu hakaretten sonra art\u0131k T\u00fcrkistan\u2019da hi\u00e7bir \u015fey eskisi gibi olmad\u0131. Y\u0131llard\u0131r kinin ve nefretin biledi\u011fi silahlar\u0131n\u0131 ku\u015fanan Bumin ve \u0130stemi karde\u015fler, halk\u0131na do\u011fu\u015fu mu\u015ftulayan sefer emrini verdi. Bunun yok olmak veya yeniden dirilmek oldu\u011funu iyi bilen ordu, y\u0131ld\u0131r\u0131m h\u0131z\u0131yla hareket etti ve Juan-juan\u2019larla kar\u015f\u0131 kar\u015f\u0131ya geldi. Tarihin en kanl\u0131 \u00e7at\u0131\u015fmalar\u0131ndan birine sahne olan sava\u015fta Juan-juan\u2019lar tarihin derinliklerinde sonsuza dek kaybolurken, bozk\u0131r\u0131n enginli\u011finde ad\u0131na T\u00fcrk denilen bir millet, atalar\u0131 Hunlar\u0131n miras\u0131 \u00fczerinde yeniden do\u011fdu. <\/p>\n","protected":false},"excerpt":{"rendered":"<p>\u201cTarihte baz\u0131 olaylar vard\u0131r ki hem bir sonu hem de yeni bir ba\u015flang\u0131c\u0131 ifade eder. Nitekim 550\u2019lerin ba\u015f\u0131nda kutsal \u00d6t\u00fcken\u2019de Bumin Kagan\u2019\u0131n el\u00e7ileri bozk\u0131r\u0131n kudretli hakimleri<span class=\"excerpt-hellip\"> [\u2026]<\/span><\/p>\n","protected":false},"featured_media":0,"template":"","meta":{"_monsterinsights_skip_tracking":false,"_monsterinsights_sitenote_active":false,"_monsterinsights_sitenote_note":"","_monsterinsights_sitenote_category":0},"product_brand":[],"product_cat":[12370,12304],"product_tag":[],"class_list":{"0":"post-705178","1":"product","2":"type-product","3":"status-publish","5":"product_cat-arastirma-inceleme","6":"product_cat-tarih","7":"pa_cilt-ciltsiz","8":"pa_tur-kitap","9":"pa_yayinevi-yeditepe-yayinevi","10":"pa_yazar-kursat-yildirim","12":"first","13":"instock","14":"sale","15":"shipping-taxable","16":"purchasable","17":"product-type-simple"},"_links":{"self":[{"href":"https:\/\/roveyayinevi.com.tr\/index.php\/wp-json\/wp\/v2\/product\/705178","targetHints":{"allow":["GET"]}}],"collection":[{"href":"https:\/\/roveyayinevi.com.tr\/index.php\/wp-json\/wp\/v2\/product"}],"about":[{"href":"https:\/\/roveyayinevi.com.tr\/index.php\/wp-json\/wp\/v2\/types\/product"}],"wp:attachment":[{"href":"https:\/\/roveyayinevi.com.tr\/index.php\/wp-json\/wp\/v2\/media?parent=705178"}],"wp:term":[{"taxonomy":"product_brand","embeddable":true,"href":"https:\/\/roveyayinevi.com.tr\/index.php\/wp-json\/wp\/v2\/product_brand?post=705178"},{"taxonomy":"product_cat","embeddable":true,"href":"https:\/\/roveyayinevi.com.tr\/index.php\/wp-json\/wp\/v2\/product_cat?post=705178"},{"taxonomy":"product_tag","embeddable":true,"href":"https:\/\/roveyayinevi.com.tr\/index.php\/wp-json\/wp\/v2\/product_tag?post=705178"}],"curies":[{"name":"wp","href":"https:\/\/api.w.org\/{rel}","templated":true}]}}