{"id":704956,"date":"2025-08-27T15:40:52","date_gmt":"2025-08-27T12:40:52","guid":{"rendered":"https:\/\/roveyayinevi.com.tr\/index.php\/urun\/dugun-ve-bir-alman-dosta-mektuplar\/"},"modified":"2026-04-16T02:13:55","modified_gmt":"2026-04-15T23:13:55","slug":"dugun-ve-bir-alman-dosta-mektuplar","status":"publish","type":"product","link":"https:\/\/roveyayinevi.com.tr\/index.php\/urun\/dugun-ve-bir-alman-dosta-mektuplar\/","title":{"rendered":"D\u00fc\u011f\u00fcn ve Bir Alman Dosta Mektuplar"},"content":{"rendered":"<p>Can Yay\u0131nlar\u0131 bu kitapta Albert Camus&#8217;nun iki yap\u0131t\u0131n\u0131 bir arada sunuyor. Bunlardan birincisi, D\u00fc\u011f\u00fcn , t\u0131pk\u0131 Tersi ve Y\u00fcz\u00fc gibi bir gen\u00e7lik yap\u0131t\u0131, ama gene Tersi ve Y\u00fcz\u00fc gibi sanat\u00e7\u0131n\u0131n benli\u011fini ve dilini ya\u015fam\u0131 boyunca besleyen bir kaynak ayn\u0131 zamanda. Ger\u00e7ekten de D\u00fc\u011f\u00fcn deki denemeler Tersi ve Y\u00fcz\u00fc yle ayn\u0131 d\u00f6nemde yaz\u0131lm\u0131\u015f olmalar\u0131 ve ayn\u0131 kaynak \u00e7evreyi, Cezayir&#8217;i, yans\u0131tmalar\u0131 yan\u0131nda, ayn\u0131 yal\u0131n, duru ve somut anlat\u0131mla, ayn\u0131 keskin bak\u0131\u015f\u0131, ayn\u0131 anlama tutkusunu, ayn\u0131 ya\u015fam ve yery\u00fcz\u00fc a\u015fk\u0131n\u0131 ortaya koymakta. Bir Alman Dosta Mektuplar ise \u0130kinci D\u00fcnya Sava\u015f\u0131 d\u00f6neminin \u00fcr\u00fcn\u00fc. Bir yandan temelsiz bir \u00fcst\u00fcnl\u00fck deneyiminden yola \u00e7\u0131karak d\u00fcnyay\u0131 egemenli\u011fi alt\u0131na almaya kalkan bir ulusla ba\u011f\u0131ms\u0131zl\u0131\u011f\u0131n\u0131 onurla savunan bir ba\u015fka ulusun tutumunu kar\u015f\u0131 kar\u015f\u0131ya getirirken, bir yandan da ger\u00e7ek yurtta\u015fl\u0131\u011f\u0131n, ger\u00e7ek toplumsal ahlak\u0131n niteliklerini sergiliyor. Ba\u015fkald\u0131ran \u0130nsan \u0131 mu\u015ftulayan k\u00fc\u00e7\u00fck boyutlu bir b\u00fcy\u00fck yap\u0131t.<\/p>\n","protected":false},"excerpt":{"rendered":"<p>Can Yay\u0131nlar\u0131 bu kitapta Albert Camus&#8217;nun iki yap\u0131t\u0131n\u0131 bir arada sunuyor. Bunlardan birincisi, D\u00fc\u011f\u00fcn , t\u0131pk\u0131 Tersi ve Y\u00fcz\u00fc gibi bir gen\u00e7lik yap\u0131t\u0131, ama gene Tersi<span class=\"excerpt-hellip\"> [\u2026]<\/span><\/p>\n","protected":false},"featured_media":0,"template":"","meta":{"_monsterinsights_skip_tracking":false,"_monsterinsights_sitenote_active":false,"_monsterinsights_sitenote_note":"","_monsterinsights_sitenote_category":0},"product_brand":[],"product_cat":[12291,13376],"product_tag":[],"class_list":{"0":"post-704956","1":"product","2":"type-product","3":"status-publish","5":"product_cat-edebiyat","6":"product_cat-fransiz-edebiyati","7":"pa_cilt-ciltsiz","8":"pa_tur-kitap","9":"pa_yayinevi-can-yayinlari","10":"pa_yazar-albert-camus","12":"first","13":"instock","14":"sale","15":"shipping-taxable","16":"purchasable","17":"product-type-simple"},"_links":{"self":[{"href":"https:\/\/roveyayinevi.com.tr\/index.php\/wp-json\/wp\/v2\/product\/704956","targetHints":{"allow":["GET"]}}],"collection":[{"href":"https:\/\/roveyayinevi.com.tr\/index.php\/wp-json\/wp\/v2\/product"}],"about":[{"href":"https:\/\/roveyayinevi.com.tr\/index.php\/wp-json\/wp\/v2\/types\/product"}],"wp:attachment":[{"href":"https:\/\/roveyayinevi.com.tr\/index.php\/wp-json\/wp\/v2\/media?parent=704956"}],"wp:term":[{"taxonomy":"product_brand","embeddable":true,"href":"https:\/\/roveyayinevi.com.tr\/index.php\/wp-json\/wp\/v2\/product_brand?post=704956"},{"taxonomy":"product_cat","embeddable":true,"href":"https:\/\/roveyayinevi.com.tr\/index.php\/wp-json\/wp\/v2\/product_cat?post=704956"},{"taxonomy":"product_tag","embeddable":true,"href":"https:\/\/roveyayinevi.com.tr\/index.php\/wp-json\/wp\/v2\/product_tag?post=704956"}],"curies":[{"name":"wp","href":"https:\/\/api.w.org\/{rel}","templated":true}]}}