{"id":704799,"date":"2025-08-27T15:39:05","date_gmt":"2025-08-27T12:39:05","guid":{"rendered":"https:\/\/roveyayinevi.com.tr\/index.php\/urun\/alisin-kabaklari\/"},"modified":"2026-04-16T02:13:36","modified_gmt":"2026-04-15T23:13:36","slug":"alisin-kabaklari","status":"publish","type":"product","link":"https:\/\/roveyayinevi.com.tr\/index.php\/urun\/alisin-kabaklari\/","title":{"rendered":"Ali\u015f\u2019in Kabaklar\u0131"},"content":{"rendered":"<p>Ayla \u00c7\u0131naro\u011flu\u2019ndan be\u015f g\u00fczel \u00f6yk\u00fc daha&#8230; Akk\u00f6y\u2019\u00fcn kaba\u011f\u0131 n\u0131n ad\u0131 niye Ali\u015f\u2019in kaba\u011f\u0131 olarak de\u011fi\u015fmi\u015f? D\u00f6necik neden ayaklar\u0131n\u0131n \u00e7abucak b\u00fcy\u00fcy\u00fcp g\u00fc\u00e7lenmesini istiyormu\u015f? Aysel\u2019in yapt\u0131\u011f\u0131 pazar resminin ba\u015f\u0131na neler gelmi\u015f? Yaprak sarmas\u0131 nas\u0131l yap\u0131l\u0131yormu\u015f? \u00c7i\u011fdem g\u00fczel bir gezintiden akl\u0131nda hangi sorularla d\u00f6nm\u00fc\u015f evine? 7 ya\u015f\u0131n \u00fcst\u00fcndeki b\u00fct\u00fcn okurlar i\u00e7in be\u015f ayr\u0131 d\u00fcnya, be\u015f s\u0131cac\u0131k \u00f6yk\u00fc birarada. \ufffcTan\u0131t\u0131m Metni<\/p>\n","protected":false},"excerpt":{"rendered":"<p>Ayla \u00c7\u0131naro\u011flu\u2019ndan be\u015f g\u00fczel \u00f6yk\u00fc daha&#8230; Akk\u00f6y\u2019\u00fcn kaba\u011f\u0131 n\u0131n ad\u0131 niye Ali\u015f\u2019in kaba\u011f\u0131 olarak de\u011fi\u015fmi\u015f? D\u00f6necik neden ayaklar\u0131n\u0131n \u00e7abucak b\u00fcy\u00fcy\u00fcp g\u00fc\u00e7lenmesini istiyormu\u015f? Aysel\u2019in yapt\u0131\u011f\u0131 pazar resminin<span class=\"excerpt-hellip\"> [\u2026]<\/span><\/p>\n","protected":false},"featured_media":0,"template":"","meta":{"_monsterinsights_skip_tracking":false,"_monsterinsights_sitenote_active":false,"_monsterinsights_sitenote_note":"","_monsterinsights_sitenote_category":0},"product_brand":[],"product_cat":[12274,12284],"product_tag":[],"class_list":{"0":"post-704799","1":"product","2":"type-product","3":"status-publish","5":"product_cat-cocuk-ve-genclik-kitaplari","6":"product_cat-hikayeler","7":"pa_cilt-ciltsiz","8":"pa_tur-kitap","9":"pa_yayinevi-ucanbalik-yayincilik","10":"pa_yazar-ayla-cinaroglu","12":"first","13":"instock","14":"sale","15":"shipping-taxable","16":"purchasable","17":"product-type-simple"},"_links":{"self":[{"href":"https:\/\/roveyayinevi.com.tr\/index.php\/wp-json\/wp\/v2\/product\/704799","targetHints":{"allow":["GET"]}}],"collection":[{"href":"https:\/\/roveyayinevi.com.tr\/index.php\/wp-json\/wp\/v2\/product"}],"about":[{"href":"https:\/\/roveyayinevi.com.tr\/index.php\/wp-json\/wp\/v2\/types\/product"}],"wp:attachment":[{"href":"https:\/\/roveyayinevi.com.tr\/index.php\/wp-json\/wp\/v2\/media?parent=704799"}],"wp:term":[{"taxonomy":"product_brand","embeddable":true,"href":"https:\/\/roveyayinevi.com.tr\/index.php\/wp-json\/wp\/v2\/product_brand?post=704799"},{"taxonomy":"product_cat","embeddable":true,"href":"https:\/\/roveyayinevi.com.tr\/index.php\/wp-json\/wp\/v2\/product_cat?post=704799"},{"taxonomy":"product_tag","embeddable":true,"href":"https:\/\/roveyayinevi.com.tr\/index.php\/wp-json\/wp\/v2\/product_tag?post=704799"}],"curies":[{"name":"wp","href":"https:\/\/api.w.org\/{rel}","templated":true}]}}