{"id":704339,"date":"2025-08-27T15:34:25","date_gmt":"2025-08-27T12:34:25","guid":{"rendered":"https:\/\/roveyayinevi.com.tr\/index.php\/urun\/benazir\/"},"modified":"2026-04-16T02:13:24","modified_gmt":"2026-04-15T23:13:24","slug":"benazir","status":"publish","type":"product","link":"https:\/\/roveyayinevi.com.tr\/index.php\/urun\/benazir\/","title":{"rendered":"Benazir"},"content":{"rendered":"<p>Benazir Bhutto, Ya\u015far Seyman\u2019a babas\u0131 taraf\u0131ndan \u00f6rnek g\u00f6sterilen kad\u0131n\u2026 Otuz be\u015f ya\u015f\u0131nda \u00fclkesinin \u2013M\u00fcsl\u00fcman bir \u00fclkenin\u2013 ilk kad\u0131n ba\u015fbakan\u0131 oluyor. Suikastlara u\u011fruyor. Hapiste, s\u00fcrg\u00fcnde ya\u015f\u0131yor. \u00d6l\u00fcm\u00fcnden iki ay \u00f6nce bitirdi\u011fi Do\u011fu\u2019nun K\u0131z\u0131 adl\u0131 kitab\u0131nda \u201cBabam\u0131n \u00f6ld\u00fc\u011f\u00fc ya\u015ftay\u0131m\u201d diyor, s\u00fcrg\u00fcnden \u00fclkesine d\u00f6nd\u00fckten iki ay sonra, elli d\u00f6rt ya\u015f\u0131nda \u00f6ld\u00fcr\u00fcl\u00fcyor. Diren\u00e7, inan\u00e7, vatan sevgisi\u2026 Zek\u00e2, \u00f6ng\u00f6r\u00fc, sa\u011fduyu\u2026 Ya\u015far Seyman d\u00fcr\u00fcst\u00e7e bakm\u0131\u015f Benazir\u2019e. Sevgisini de sitemini de esirgememi\u015f yazarken. D\u00fcnyan\u0131n en \u00f6nemli kad\u0131nlar\u0131ndan Benazir Bhutto\u2019nun an\u0131s\u0131na i\u00e7ten bir sayg\u0131 duru\u015fu\u2026 <\/p>\n","protected":false},"excerpt":{"rendered":"<p>Benazir Bhutto, Ya\u015far Seyman\u2019a babas\u0131 taraf\u0131ndan \u00f6rnek g\u00f6sterilen kad\u0131n\u2026 Otuz be\u015f ya\u015f\u0131nda \u00fclkesinin \u2013M\u00fcsl\u00fcman bir \u00fclkenin\u2013 ilk kad\u0131n ba\u015fbakan\u0131 oluyor. Suikastlara u\u011fruyor. Hapiste, s\u00fcrg\u00fcnde ya\u015f\u0131yor. \u00d6l\u00fcm\u00fcnden<span class=\"excerpt-hellip\"> [\u2026]<\/span><\/p>\n","protected":false},"featured_media":0,"template":"","meta":{"_monsterinsights_skip_tracking":false,"_monsterinsights_sitenote_active":false,"_monsterinsights_sitenote_note":"","_monsterinsights_sitenote_category":0},"product_brand":[],"product_cat":[13946,12304],"product_tag":[],"class_list":{"0":"post-704339","1":"product","2":"type-product","3":"status-publish","5":"product_cat-biyografi-otobiyografi","6":"product_cat-tarih","7":"pa_cilt-ciltsiz","8":"pa_tur-kitap","9":"pa_yayinevi-bilgi-yayinevi","10":"pa_yazar-yasar-seyman","12":"first","13":"instock","14":"sale","15":"shipping-taxable","16":"purchasable","17":"product-type-simple"},"_links":{"self":[{"href":"https:\/\/roveyayinevi.com.tr\/index.php\/wp-json\/wp\/v2\/product\/704339","targetHints":{"allow":["GET"]}}],"collection":[{"href":"https:\/\/roveyayinevi.com.tr\/index.php\/wp-json\/wp\/v2\/product"}],"about":[{"href":"https:\/\/roveyayinevi.com.tr\/index.php\/wp-json\/wp\/v2\/types\/product"}],"wp:attachment":[{"href":"https:\/\/roveyayinevi.com.tr\/index.php\/wp-json\/wp\/v2\/media?parent=704339"}],"wp:term":[{"taxonomy":"product_brand","embeddable":true,"href":"https:\/\/roveyayinevi.com.tr\/index.php\/wp-json\/wp\/v2\/product_brand?post=704339"},{"taxonomy":"product_cat","embeddable":true,"href":"https:\/\/roveyayinevi.com.tr\/index.php\/wp-json\/wp\/v2\/product_cat?post=704339"},{"taxonomy":"product_tag","embeddable":true,"href":"https:\/\/roveyayinevi.com.tr\/index.php\/wp-json\/wp\/v2\/product_tag?post=704339"}],"curies":[{"name":"wp","href":"https:\/\/api.w.org\/{rel}","templated":true}]}}