{"id":704241,"date":"2025-08-27T15:33:41","date_gmt":"2025-08-27T12:33:41","guid":{"rendered":"https:\/\/roveyayinevi.com.tr\/index.php\/urun\/felsefe-tarihi-ciltli\/"},"modified":"2026-04-16T02:13:22","modified_gmt":"2026-04-15T23:13:22","slug":"felsefe-tarihi-ciltli","status":"publish","type":"product","link":"https:\/\/roveyayinevi.com.tr\/index.php\/urun\/felsefe-tarihi-ciltli\/","title":{"rendered":"Felsefe Tarihi &#8211; Ciltli"},"content":{"rendered":"<p>B\u00fcy\u00fck Alman \u015fairi ve d\u00fc\u015f\u00fcn\u00fcr\u00fc Johann Wolfgang von Goethe, \u201c\u00dc\u00e7 bin y\u0131l\u0131n hesab\u0131n\u0131 g\u00f6remeyen karanl\u0131kta yolunu bulamaz;g\u00fcn\u00fc g\u00fcn\u00fcne ya\u015far ancak\u201d derken, sadece bireylerin de\u011fil, toplum ya da k\u00fclt\u00fcrlerin de felsefe tarihine duyduklar\u0131 ihtiyac\u0131anlatmak istiyordu.Modern d\u00fcnyan\u0131n karmakar\u0131\u015f\u0131k ve her y\u00f6n\u00fcyle bunalt\u0131c\u0131 ko\u015fullar\u0131 i\u00e7inde insan, hayat\u0131n\u0131 do\u011fru y\u00f6netebilmek ve ona anlamkat\u0131p de\u011fer y\u00fckleyebilmek i\u00e7in felsefeye, b\u00fcy\u00fck felsefi sorular\u0131 yan\u0131tlamaya ihtiya\u00e7 duyar. Felsefe yapmay\u0131 \u00f6\u011frenebilmeki\u00e7inse felsefe tarihine ihtiya\u00e7 duyulur. Bunun da en \u00f6nemli nedeni, b\u00fcy\u00fck filozoflar\u0131n iki bin be\u015f y\u00fcz y\u0131ldan beri ele ald\u0131\u011f\u0131 konuve sorular\u0131, h\u00e2l\u00e2 onlar\u0131n bize sa\u011flad\u0131\u011f\u0131 ipu\u00e7lar\u0131 veya arg\u00fcmanlar \u00fczerinden sorguluyor olmam\u0131zd\u0131r.\u201cAdaletin, mutlulu\u011fun, a\u015fk\u0131n ne oldu\u011fu\u201d, \u201ckimin, nas\u0131l y\u00f6netmesi gerekti\u011fi\u201d, \u201csiyasal bir sistemin hangi temel etik ve politikilkeler \u00fczerine in\u015fa edilece\u011fi\u201d, \u201cger\u00e7ekten var olan\u0131n ne oldu\u011fu\u201d, \u201cbizim ba\u015fkalar\u0131na kar\u015f\u0131 ne t\u00fcr y\u00fck\u00fcml\u00fcl\u00fcklerimizinbulundu\u011fu\u201d gibi sorular\u0131 soranlar ilk bizler de\u011filiz. Bu sorular, Sokrates, Platon ve Aristoteles taraf\u0131ndan da sorulmu\u015f vefelsefe tarihi boyunca daha pek \u00e7ok filozofun ilgi oda\u011f\u0131nda yer alm\u0131\u015ft\u0131r.\u0130\u015fte bundan dolay\u0131d\u0131r ki felsefe ve felsefe tarihi, entelekt\u00fcel d\u00fcnyam\u0131z\u0131 zenginle\u015ftirecek, yolumuzu bulmada bize yard\u0131mc\u0131olacak fikirlerle ve \u00e7\u0131kartabilece\u011fimiz derslerle doludur. \u00c7a\u011fda\u015f \u0130spanyol d\u00fc\u015f\u00fcn\u00fcr\u00fc George Santayana \u201cGe\u00e7mi\u015fihat\u0131rlayamayanlar onu tekrarlamaya mecburdurlar\u201d s\u00f6z\u00fcyle tam da bunu kastediyordu.Ahmet Cevizci\u2019nin Felsefe Tarihi, Antik Yunan\u2019dan H\u0131ristiyan ve \u0130slam felsefesine, modernizmden postmodernizme kadar, i\u015ftebu iki bin be\u015f y\u00fcz y\u0131ll\u0131k d\u00fc\u015f\u00fcnce tarihini ayr\u0131nt\u0131l\u0131, sistemli ve anla\u015f\u0131l\u0131r bir bi\u00e7imde sunuyor.<\/p>\n","protected":false},"excerpt":{"rendered":"<p>B\u00fcy\u00fck Alman \u015fairi ve d\u00fc\u015f\u00fcn\u00fcr\u00fc Johann Wolfgang von Goethe, \u201c\u00dc\u00e7 bin y\u0131l\u0131n hesab\u0131n\u0131 g\u00f6remeyen karanl\u0131kta yolunu bulamaz;g\u00fcn\u00fc g\u00fcn\u00fcne ya\u015far ancak\u201d derken, sadece bireylerin de\u011fil, toplum ya<span class=\"excerpt-hellip\"> [\u2026]<\/span><\/p>\n","protected":false},"featured_media":0,"template":"","meta":{"_monsterinsights_skip_tracking":false,"_monsterinsights_sitenote_active":false,"_monsterinsights_sitenote_note":"","_monsterinsights_sitenote_category":0},"product_brand":[],"product_cat":[12388,14717],"product_tag":[],"class_list":{"0":"post-704241","1":"product","2":"type-product","3":"status-publish","5":"product_cat-felsefe","6":"product_cat-felsefe-tarihi","7":"pa_cilt-ciltli","8":"pa_tur-kitap","9":"pa_yayinevi-say-yayinlari","10":"pa_yazar-ahmet-cevizci","12":"first","13":"instock","14":"sale","15":"shipping-taxable","16":"purchasable","17":"product-type-simple"},"_links":{"self":[{"href":"https:\/\/roveyayinevi.com.tr\/index.php\/wp-json\/wp\/v2\/product\/704241","targetHints":{"allow":["GET"]}}],"collection":[{"href":"https:\/\/roveyayinevi.com.tr\/index.php\/wp-json\/wp\/v2\/product"}],"about":[{"href":"https:\/\/roveyayinevi.com.tr\/index.php\/wp-json\/wp\/v2\/types\/product"}],"wp:attachment":[{"href":"https:\/\/roveyayinevi.com.tr\/index.php\/wp-json\/wp\/v2\/media?parent=704241"}],"wp:term":[{"taxonomy":"product_brand","embeddable":true,"href":"https:\/\/roveyayinevi.com.tr\/index.php\/wp-json\/wp\/v2\/product_brand?post=704241"},{"taxonomy":"product_cat","embeddable":true,"href":"https:\/\/roveyayinevi.com.tr\/index.php\/wp-json\/wp\/v2\/product_cat?post=704241"},{"taxonomy":"product_tag","embeddable":true,"href":"https:\/\/roveyayinevi.com.tr\/index.php\/wp-json\/wp\/v2\/product_tag?post=704241"}],"curies":[{"name":"wp","href":"https:\/\/api.w.org\/{rel}","templated":true}]}}