{"id":704194,"date":"2025-08-27T15:33:05","date_gmt":"2025-08-27T12:33:05","guid":{"rendered":"https:\/\/roveyayinevi.com.tr\/index.php\/urun\/georgi-dimitrov-bir-yasam-oykusu\/"},"modified":"2026-04-16T02:13:10","modified_gmt":"2026-04-15T23:13:10","slug":"georgi-dimitrov-bir-yasam-oykusu","status":"publish","type":"product","link":"https:\/\/roveyayinevi.com.tr\/index.php\/urun\/georgi-dimitrov-bir-yasam-oykusu\/","title":{"rendered":"Georgi Dimitrov &#8211; Bir Ya\u015fam \u00d6yk\u00fcs\u00fc"},"content":{"rendered":"<p>Georgi Dimitrov k\u0131rk yedi y\u0131l boyunca kendini m\u00fccadeleye adam\u0131\u015f bir kom\u00fcnistti. M\u00fccadelesinin son on be\u015f y\u0131l\u0131nda, 20. y\u00fczy\u0131l\u0131n ikinci yar\u0131s\u0131nda, uluslararas\u0131 kom\u00fcnist hareketin en g\u00f6ze \u00e7arpan \u015fahsiyetlerinden biri olmu\u015ftu. 1902 y\u0131l\u0131nda Bulgaristan Kom\u00fcnist Partisi\u2019nin \u00f6nc\u00fcleri aras\u0131na kat\u0131ld\u0131\u011f\u0131nda, hemen partinin liderlerinden biri olmu\u015ftu. Dimitrov, 1923 y\u0131l\u0131 Eyl\u00fcl ay\u0131nda patlak veren ve karga\u015fayla sona eren, k\u0131sa \u00f6m\u00fcrl\u00fc kom\u00fcnist ayaklanman\u0131n tertiplenmesinde \u00f6nemli rol oynayan militanlardan biriydi. <\/p>\n","protected":false},"excerpt":{"rendered":"<p>Georgi Dimitrov k\u0131rk yedi y\u0131l boyunca kendini m\u00fccadeleye adam\u0131\u015f bir kom\u00fcnistti. M\u00fccadelesinin son on be\u015f y\u0131l\u0131nda, 20. y\u00fczy\u0131l\u0131n ikinci yar\u0131s\u0131nda, uluslararas\u0131 kom\u00fcnist hareketin en g\u00f6ze \u00e7arpan<span class=\"excerpt-hellip\"> [\u2026]<\/span><\/p>\n","protected":false},"featured_media":0,"template":"","meta":{"_monsterinsights_skip_tracking":false,"_monsterinsights_sitenote_active":false,"_monsterinsights_sitenote_note":"","_monsterinsights_sitenote_category":0},"product_brand":[],"product_cat":[14009,12291],"product_tag":[],"class_list":{"0":"post-704194","1":"product","2":"type-product","3":"status-publish","5":"product_cat-biyografi-otobiyografi-edebiyat","6":"product_cat-edebiyat","7":"pa_tur-kitap","8":"pa_yayinevi-kalkedon-yayincilik","9":"pa_yazar-marietta-stankova","11":"first","12":"instock","13":"sale","14":"shipping-taxable","15":"purchasable","16":"product-type-simple"},"_links":{"self":[{"href":"https:\/\/roveyayinevi.com.tr\/index.php\/wp-json\/wp\/v2\/product\/704194","targetHints":{"allow":["GET"]}}],"collection":[{"href":"https:\/\/roveyayinevi.com.tr\/index.php\/wp-json\/wp\/v2\/product"}],"about":[{"href":"https:\/\/roveyayinevi.com.tr\/index.php\/wp-json\/wp\/v2\/types\/product"}],"wp:attachment":[{"href":"https:\/\/roveyayinevi.com.tr\/index.php\/wp-json\/wp\/v2\/media?parent=704194"}],"wp:term":[{"taxonomy":"product_brand","embeddable":true,"href":"https:\/\/roveyayinevi.com.tr\/index.php\/wp-json\/wp\/v2\/product_brand?post=704194"},{"taxonomy":"product_cat","embeddable":true,"href":"https:\/\/roveyayinevi.com.tr\/index.php\/wp-json\/wp\/v2\/product_cat?post=704194"},{"taxonomy":"product_tag","embeddable":true,"href":"https:\/\/roveyayinevi.com.tr\/index.php\/wp-json\/wp\/v2\/product_tag?post=704194"}],"curies":[{"name":"wp","href":"https:\/\/api.w.org\/{rel}","templated":true}]}}