{"id":704137,"date":"2025-08-27T15:32:36","date_gmt":"2025-08-27T12:32:36","guid":{"rendered":"https:\/\/roveyayinevi.com.tr\/index.php\/urun\/varolusculuk\/"},"modified":"2026-04-16T02:13:08","modified_gmt":"2026-04-15T23:13:08","slug":"varolusculuk","status":"publish","type":"product","link":"https:\/\/roveyayinevi.com.tr\/index.php\/urun\/varolusculuk\/","title":{"rendered":"Varolu\u015f\u00e7uluk"},"content":{"rendered":"<p>Varolu\u015f\u00e7uluk nedir? Bug\u00fcne de\u011fin \u00e7e\u015fitli yan\u0131tlar verilmi\u015f bir sorudur bu. S\u00f6zgeli\u015fi, Weil\u2019e g\u00f6re varolu\u015f\u00e7uluk bir bunal\u0131m, Mounier\u2019ye g\u00f6re umutsuzluk, Hamelin\u2019e g\u00f6re bunalt\u0131, Banfi\u2019ye g\u00f6re k\u00f6t\u00fcmserlik, Wahl\u2019e g\u00f6re ba\u015fkald\u0131r\u0131\u015f, Marcel\u2019e g\u00f6re \u00f6zg\u00fcrl\u00fck, Luk\u00e1cs\u2019a g\u00f6re idealizm, Benda\u2019ya g\u00f6re usd\u0131\u015f\u0131l\u0131k, Foulqu\u00e9\u2019ye g\u00f6re sa\u00e7-mal\u0131k felsefesidir. Bir d\u00f6nem, sloganc\u0131 gen\u00e7li\u011fin peygamberi ve \u2018varolu\u015f\u00e7u papas\u0131\u2019 say\u0131lan J.-P. Sartre\u2019a g\u00f6reyse, varolu\u015f, insanda, ama yaln\u0131z insanda, \u00f6zden \u00f6nce gelir. Bu demektir ki insan \u00f6nce vard\u0131r; sonra \u015f\u00f6yle ya da b\u00f6yle olur. \u00c7\u00fcnk\u00fc o, \u00f6z\u00fcn\u00fc kendisi yarat\u0131r. Nas\u0131l m\u0131? \u015e\u00f6yle: \u201cD\u00fcnyaya at\u0131larak, orada ac\u0131 \u00e7ekerek, sava\u015farak yava\u015f yava\u015f kendini belirler. Bu belirleme yolu hi\u00e7 kapanmaz&#8230;\u201d As\u0131m Bezirci\u2019nin \u00e7evirip yay\u0131ma haz\u0131rlad\u0131\u011f\u0131 bu eser her kuramda, her inanda farkl\u0131 kar\u015f\u0131l\u0131klar bulan bir felsefenin temel metnini (Varolu\u015f\u00e7uluk Bir \u0130nsanc\u0131l\u0131kt\u0131r \/ Sartre) ve bunun yan\u0131 s\u0131ra Ga\u00e9ton Picon ve Laffont Bompiani\u2019 nin Varolu\u015f\u00e7uluk\u2019a ili\u015fkin incelemeleriyle P. Naville\u2019in Sartre\u2019la yapt\u0131\u011f\u0131 konu\u015fmay\u0131 i\u00e7eriyor. <\/p>\n","protected":false},"excerpt":{"rendered":"<p>Varolu\u015f\u00e7uluk nedir? Bug\u00fcne de\u011fin \u00e7e\u015fitli yan\u0131tlar verilmi\u015f bir sorudur bu. S\u00f6zgeli\u015fi, Weil\u2019e g\u00f6re varolu\u015f\u00e7uluk bir bunal\u0131m, Mounier\u2019ye g\u00f6re umutsuzluk, Hamelin\u2019e g\u00f6re bunalt\u0131, Banfi\u2019ye g\u00f6re k\u00f6t\u00fcmserlik, Wahl\u2019e<span class=\"excerpt-hellip\"> [\u2026]<\/span><\/p>\n","protected":false},"featured_media":0,"template":"","meta":{"_monsterinsights_skip_tracking":false,"_monsterinsights_sitenote_active":false,"_monsterinsights_sitenote_note":"","_monsterinsights_sitenote_category":0},"product_brand":[],"product_cat":[12388,14717],"product_tag":[],"class_list":{"0":"post-704137","1":"product","2":"type-product","3":"status-publish","5":"product_cat-felsefe","6":"product_cat-felsefe-tarihi","7":"pa_cilt-ciltsiz","8":"pa_tur-kitap","9":"pa_yayinevi-say-yayinlari","10":"pa_yazar-jean-paul-sartre","12":"first","13":"instock","14":"sale","15":"shipping-taxable","16":"purchasable","17":"product-type-simple"},"_links":{"self":[{"href":"https:\/\/roveyayinevi.com.tr\/index.php\/wp-json\/wp\/v2\/product\/704137","targetHints":{"allow":["GET"]}}],"collection":[{"href":"https:\/\/roveyayinevi.com.tr\/index.php\/wp-json\/wp\/v2\/product"}],"about":[{"href":"https:\/\/roveyayinevi.com.tr\/index.php\/wp-json\/wp\/v2\/types\/product"}],"wp:attachment":[{"href":"https:\/\/roveyayinevi.com.tr\/index.php\/wp-json\/wp\/v2\/media?parent=704137"}],"wp:term":[{"taxonomy":"product_brand","embeddable":true,"href":"https:\/\/roveyayinevi.com.tr\/index.php\/wp-json\/wp\/v2\/product_brand?post=704137"},{"taxonomy":"product_cat","embeddable":true,"href":"https:\/\/roveyayinevi.com.tr\/index.php\/wp-json\/wp\/v2\/product_cat?post=704137"},{"taxonomy":"product_tag","embeddable":true,"href":"https:\/\/roveyayinevi.com.tr\/index.php\/wp-json\/wp\/v2\/product_tag?post=704137"}],"curies":[{"name":"wp","href":"https:\/\/api.w.org\/{rel}","templated":true}]}}