{"id":704104,"date":"2025-08-27T15:32:19","date_gmt":"2025-08-27T12:32:19","guid":{"rendered":"https:\/\/roveyayinevi.com.tr\/index.php\/urun\/dunden-bugune-aile-kent-ve-nufus\/"},"modified":"2026-02-03T02:21:54","modified_gmt":"2026-02-02T23:21:54","slug":"dunden-bugune-aile-kent-ve-nufus","status":"publish","type":"product","link":"https:\/\/roveyayinevi.com.tr\/index.php\/urun\/dunden-bugune-aile-kent-ve-nufus\/","title":{"rendered":"D\u00fcnden Bug\u00fcne Aile, Kent ve N\u00fcfus"},"content":{"rendered":"<p>T\u00fcrkiye&#8217;nin 1980&#8217;lerden g\u00fcn\u00fcm\u00fcze ge\u00e7irdi\u011fi de\u011fi\u015fim sosyal, k\u00fclt\u00fcrel, iktisadi ve tarihsel sonu\u00e7lar \u00fcretiyor. Toplumsal ya\u015famda bu de\u011fi\u015fimleri ve yaratt\u0131klar\u0131 etkiyi g\u00f6rmek m\u00fcmk\u00fcn. Ancak g\u00f6r\u00fcneni anlamak ve analiz edebilmek i\u00e7in alan ara\u015ft\u0131rmalar\u0131, veriler ve bu bilgilerin kullan\u0131labilece\u011fi kapsaml\u0131 bir de\u011ferlendirme \u00e7er\u00e7evesi ile tarihsel kar\u015f\u0131la\u015ft\u0131rma imk\u00e2nlar\u0131 da yaratmak gerekiyor. Ferhunde \u00d6zbay&#8217;\u0131n 30 y\u0131ll\u0131k bir d\u00f6nemi kapsayan makalelerinin derlendi\u011fi Aile, Kent ve N\u00fcfus, ya\u015fanan de\u011fi\u015fimi ve d\u00f6n\u00fc\u015f\u00fcm\u00fc kavramak i\u00e7in bu imk\u00e2n\u0131 sunuyor. \u00d6zbay&#8217;\u0131n \u00e7al\u0131\u015fmalar\u0131nda s\u0131n\u0131f, cinsiyet, iktidar ve emek birarada tarihsel bir perspektif i\u00e7inde yer buluyor. 2015&#8217;te aram\u0131zdan ayr\u0131lan Ferhunde \u00d6zbay&#8217;\u0131n, her biri ayr\u0131nt\u0131l\u0131 \u00e7al\u0131\u015fmalar ve alan ara\u015ft\u0131rmalar\u0131yla geli\u015ftirilmi\u015f makaleleri, n\u00fcfus sosyolojisini ele\u015ftirel demografiyi de i\u00e7erecek \u015fekilde ele alan perspektifleriyle hoca n\u0131n literat\u00fcre katk\u0131s\u0131n\u0131n da etrafl\u0131 bir d\u00f6k\u00fcm\u00fcn\u00fc sunuyor. Cumhuriyetin ba\u015f\u0131ndan bu yana n\u00fcfus yap\u0131s\u0131ndaki de\u011fi\u015fmeler, iktidarlar taraf\u0131ndan, sosyal ve \u00e7o\u011funlukla da ekonomik kayg\u0131larla bir sorun olarak nitelendirildi. \u00c7\u00f6z\u00fcm yollar\u0131 genellikle erkekleri, egemen k\u00fclt\u00fcrel gruplar\u0131 ve \u00fcst s\u0131n\u0131flar\u0131 g\u00fc\u00e7lendirme y\u00f6n\u00fcnde oldu. \u0130ktidarlar\u0131n n\u00fcfus ve sosyal yap\u0131 aras\u0131ndaki ili\u015fkilerden \u00e7\u0131karak belirledi\u011fi sorun alanlar\u0131 buraya ald\u0131\u011f\u0131m konulardan daha kapsaml\u0131. Refah hizmetlerinin yeniden olu\u015fturulmas\u0131 s\u00fcreci ve bu s\u00fcre\u00e7 i\u00e7inde benimsenen politikalar takip edildi\u011finde n\u00fcfus m\u00fchendisli\u011fi nin s\u0131n\u0131rs\u0131z ve \u00fcrk\u00fct\u00fcc\u00fc boyutlar\u0131n\u0131 g\u00f6rmek ve bunlar\u0131 sergilemek i\u00e7in daha \u00e7ok ve daha yo\u011fun eme\u011fe gereksinim var. Bu kitapta sordu\u011fum sorular\u0131n ve y\u0131llar i\u00e7inde arad\u0131\u011f\u0131m cevaplar\u0131n, gitgide karma\u015f\u0131kla\u015fan iktidar tekniklerine kar\u015f\u0131 yap\u0131lacak ara\u015ft\u0131rmalara ilham vermesini umuyorum. \ufffcTan\u0131t\u0131m Metni<\/p>\n","protected":false},"excerpt":{"rendered":"<p>T\u00fcrkiye&#8217;nin 1980&#8217;lerden g\u00fcn\u00fcm\u00fcze ge\u00e7irdi\u011fi de\u011fi\u015fim sosyal, k\u00fclt\u00fcrel, iktisadi ve tarihsel sonu\u00e7lar \u00fcretiyor. Toplumsal ya\u015famda bu de\u011fi\u015fimleri ve yaratt\u0131klar\u0131 etkiyi g\u00f6rmek m\u00fcmk\u00fcn. Ancak g\u00f6r\u00fcneni anlamak ve analiz<span class=\"excerpt-hellip\"> [\u2026]<\/span><\/p>\n","protected":false},"featured_media":0,"template":"","meta":{"_monsterinsights_skip_tracking":false,"_monsterinsights_sitenote_active":false,"_monsterinsights_sitenote_note":"","_monsterinsights_sitenote_category":0},"product_brand":[],"product_cat":[12767,12324],"product_tag":[],"class_list":{"0":"post-704104","1":"product","2":"type-product","3":"status-publish","5":"product_cat-kentlesme-modernlesme","6":"product_cat-sosyoloji","7":"pa_cilt-ciltsiz","8":"pa_tur-kitap","9":"pa_yayinevi-iletisim-yayinlari","10":"pa_yazar-ferhunde-ozbay","12":"first","13":"instock","14":"sale","15":"shipping-taxable","16":"purchasable","17":"product-type-simple"},"_links":{"self":[{"href":"https:\/\/roveyayinevi.com.tr\/index.php\/wp-json\/wp\/v2\/product\/704104","targetHints":{"allow":["GET"]}}],"collection":[{"href":"https:\/\/roveyayinevi.com.tr\/index.php\/wp-json\/wp\/v2\/product"}],"about":[{"href":"https:\/\/roveyayinevi.com.tr\/index.php\/wp-json\/wp\/v2\/types\/product"}],"wp:attachment":[{"href":"https:\/\/roveyayinevi.com.tr\/index.php\/wp-json\/wp\/v2\/media?parent=704104"}],"wp:term":[{"taxonomy":"product_brand","embeddable":true,"href":"https:\/\/roveyayinevi.com.tr\/index.php\/wp-json\/wp\/v2\/product_brand?post=704104"},{"taxonomy":"product_cat","embeddable":true,"href":"https:\/\/roveyayinevi.com.tr\/index.php\/wp-json\/wp\/v2\/product_cat?post=704104"},{"taxonomy":"product_tag","embeddable":true,"href":"https:\/\/roveyayinevi.com.tr\/index.php\/wp-json\/wp\/v2\/product_tag?post=704104"}],"curies":[{"name":"wp","href":"https:\/\/api.w.org\/{rel}","templated":true}]}}