{"id":703979,"date":"2025-08-27T15:30:53","date_gmt":"2025-08-27T12:30:53","guid":{"rendered":"https:\/\/roveyayinevi.com.tr\/index.php\/urun\/cokkulturlu-egitim\/"},"modified":"2026-01-20T02:23:43","modified_gmt":"2026-01-19T23:23:43","slug":"cokkulturlu-egitim","status":"publish","type":"product","link":"https:\/\/roveyayinevi.com.tr\/index.php\/urun\/cokkulturlu-egitim\/","title":{"rendered":"\u00c7okk\u00fclt\u00fcrl\u00fc E\u011fitim"},"content":{"rendered":"<p>\u2018\u00c7okk\u00fclt\u00fcrl\u00fc e\u011fitim\u2019, \u2018anadilinde e\u011fitim\u2019 ve \u2018bar\u0131\u015f e\u011fitimi\u2019 gibi kavramlar\u0131n kamuoyunda s\u0131kl\u0131kla an\u0131ld\u0131\u011f\u0131 bir d\u00f6nemdeyiz. Topluma y\u00f6n verme g\u00fcc\u00fcne sahip olan bu t\u00fcr kavramlar, reel siyasetin s\u0131ca\u011f\u0131 ve h\u0131z\u0131 i\u00e7inde yeterince ve ayr\u0131nt\u0131s\u0131yla konu\u015fulam\u0131yor. T\u00fcrkiye, g\u00fcndemin \u00e7ok h\u0131zl\u0131 de\u011fi\u015fti\u011fi bir \u00fclke; g\u00fcndem de\u011fi\u015fse de bu kavramlar baki kal\u0131yor. Peki, ne kadar biliyoruz \u00e7okk\u00fclt\u00fcrl\u00fc e\u011fitimi ya da bar\u0131\u015f e\u011fitimini? Nas\u0131l olabilir bunlar \u00f6rne\u011fin, nelerdir ger\u00e7ekle\u015fme ko\u015fullar\u0131? Bu konulardaki akademik \u00e7al\u0131\u015fmalar, konular\u0131n g\u00fcndem maddeleri olarak i\u015fgal etti\u011fi yerle orant\u0131s\u0131z olarak \u00e7ok az say\u0131da. E\u011fitim, her \u015feyi de\u011fi\u015ftirecek bir alt\u0131n form\u00fcl ya da sihirli bir de\u011fnek de\u011fil; ancak sava\u015f\u0131n kurumlar\u0131 bar\u0131\u015f\u0131n kurumlar\u0131na, tek\u00e7i kurumlar \u00e7o\u011fulcu kurumlara d\u00f6n\u00fc\u015fecekse, e\u011fitimde mutlak bir d\u00f6n\u00fc\u015f\u00fcm \u015fart. E\u011fitim \u015fart de\u011fil, fakat e\u011fitimde d\u00f6n\u00fc\u015f\u00fcm \u015fart ve toplumsal kurumlarda en ba\u015fta. M\u00fcfredat\u0131 ve gizli m\u00fcfredat\u0131yla, e\u011fitim dili ve yasakl\u0131 dilleriyle, otoriter yap\u0131s\u0131 \u00fczerinden zayi etti\u011fi nice \u00f6\u011frenciyle e\u011fitimde d\u00f6n\u00fc\u015f\u00fcm \u015fart.Yay\u0131nevimiz Do\u00e7. Dr. Ula\u015f Ba\u015far Gezgin\u2019in bu de\u011ferli kitab\u0131n\u0131n b\u00fcy\u00fck bir bo\u015flu\u011fu doldurmaya \u00e7al\u0131\u015ft\u0131\u011f\u0131n\u0131 d\u00fc\u015f\u00fcnerek, bu \u00f6nc\u00fc \u00e7al\u0131\u015fmay\u0131 okurlar\u0131m\u0131z\u0131n ilgi ve dikkatine sunuyor. Ele\u015ftirellikle ufkunu \u00e7er\u00e7evelemek yerine alternatif e\u011fitim i\u00e7in de d\u00fc\u015f\u00fcnce \u00fcreten b\u00f6ylesi bir \u00e7al\u0131\u015fman\u0131n alternatif okul giri\u015fimlerine katk\u0131s\u0131n\u0131 da anmal\u0131. E\u011fitimin ideolojisiyle ba\u015flayan kitap Gezi Direni\u015fi\u2019yle son buluyor. Son yaz\u0131da ele al\u0131nan \u201cGezi\u2019den ne \u00f6\u011frendik?\u201d sorusunun Gezi Direni\u015fi\u2019ne destek olan kesimlerce ilgiyle okunaca\u011f\u0131n\u0131 tahmin ediyoruz.\u00c7o\u011fulcu ve demokratik bir okul ve bir toplum talebi ve dile\u011fiyle&#8230; <\/p>\n","protected":false},"excerpt":{"rendered":"<p>\u2018\u00c7okk\u00fclt\u00fcrl\u00fc e\u011fitim\u2019, \u2018anadilinde e\u011fitim\u2019 ve \u2018bar\u0131\u015f e\u011fitimi\u2019 gibi kavramlar\u0131n kamuoyunda s\u0131kl\u0131kla an\u0131ld\u0131\u011f\u0131 bir d\u00f6nemdeyiz. Topluma y\u00f6n verme g\u00fcc\u00fcne sahip olan bu t\u00fcr kavramlar, reel siyasetin s\u0131ca\u011f\u0131<span class=\"excerpt-hellip\"> [\u2026]<\/span><\/p>\n","protected":false},"featured_media":0,"template":"","meta":{"_monsterinsights_skip_tracking":false,"_monsterinsights_sitenote_active":false,"_monsterinsights_sitenote_note":"","_monsterinsights_sitenote_category":0},"product_brand":[],"product_cat":[12274,15842],"product_tag":[],"class_list":{"0":"post-703979","1":"product","2":"type-product","3":"status-publish","5":"product_cat-cocuk-ve-genclik-kitaplari","6":"product_cat-egitici-kitaplar","7":"pa_cilt-ciltsiz","8":"pa_tur-kitap","9":"pa_yayinevi-utopya-yayinevi","10":"pa_yazar-ulas-basar-gezgin","12":"first","13":"instock","14":"sale","15":"shipping-taxable","16":"purchasable","17":"product-type-simple"},"_links":{"self":[{"href":"https:\/\/roveyayinevi.com.tr\/index.php\/wp-json\/wp\/v2\/product\/703979","targetHints":{"allow":["GET"]}}],"collection":[{"href":"https:\/\/roveyayinevi.com.tr\/index.php\/wp-json\/wp\/v2\/product"}],"about":[{"href":"https:\/\/roveyayinevi.com.tr\/index.php\/wp-json\/wp\/v2\/types\/product"}],"wp:attachment":[{"href":"https:\/\/roveyayinevi.com.tr\/index.php\/wp-json\/wp\/v2\/media?parent=703979"}],"wp:term":[{"taxonomy":"product_brand","embeddable":true,"href":"https:\/\/roveyayinevi.com.tr\/index.php\/wp-json\/wp\/v2\/product_brand?post=703979"},{"taxonomy":"product_cat","embeddable":true,"href":"https:\/\/roveyayinevi.com.tr\/index.php\/wp-json\/wp\/v2\/product_cat?post=703979"},{"taxonomy":"product_tag","embeddable":true,"href":"https:\/\/roveyayinevi.com.tr\/index.php\/wp-json\/wp\/v2\/product_tag?post=703979"}],"curies":[{"name":"wp","href":"https:\/\/api.w.org\/{rel}","templated":true}]}}