{"id":703941,"date":"2025-08-27T15:30:28","date_gmt":"2025-08-27T12:30:28","guid":{"rendered":"https:\/\/roveyayinevi.com.tr\/index.php\/urun\/balyoz-davasinda-yalanlar-ve-gercekler-aldattilar-sizi-duymadiniz-sesimizi\/"},"modified":"2026-04-16T02:13:03","modified_gmt":"2026-04-15T23:13:03","slug":"balyoz-davasinda-yalanlar-ve-gercekler-aldattilar-sizi-duymadiniz-sesimizi","status":"publish","type":"product","link":"https:\/\/roveyayinevi.com.tr\/index.php\/urun\/balyoz-davasinda-yalanlar-ve-gercekler-aldattilar-sizi-duymadiniz-sesimizi\/","title":{"rendered":"Balyoz Davas\u0131nda Yalanlar ve Ger\u00e7ekler &#8211; Aldatt\u0131lar Sizi Duymad\u0131n\u0131z Sesimizi"},"content":{"rendered":"<p>Balyoz Davas\u0131 s\u0131ras\u0131nda T\u00fcrk Silahl\u0131 Kuvvetleri&#8217;ne ve onun se\u00e7kin personeline kar\u015f\u0131 medya cellatlar\u0131 ve darbe t\u00fcccarlar\u0131 emsali g\u00f6r\u00fclmemi\u015f bir sald\u0131r\u0131 d\u00fczenlediler. Bu sald\u0131r\u0131lar, sahte belgelerle, i\u011fren\u00e7 yalanlarla ve \u00e7irkin iftiralarla vicdans\u0131z ve ahlaks\u0131z propagandalara d\u00f6n\u00fc\u015ft\u00fc. Asr\u0131n iftiras\u0131 olarak nitelenen Balyoz Davas\u0131nda keyf i yarg\u0131lama ve hukuk ihlalleri bug\u00fcne kadar kamuoyundan hep gizlendi. Emekli Koramiral Can Ereno\u011flu davan\u0131n yalanlar\u0131n\u0131 ve ger\u00e7eklerini   \u00f6zg\u00fcn belgelerle   a\u00e7\u0131kl\u0131yor. Kitapta ayr\u0131ca, Silivri ve Had\u0131mk\u00f6y cezaevlerinde generallerin birlikte \u00e7ektirdikleri \u00f6zel foto\u011fraflara da yer veriliyor. <\/p>\n","protected":false},"excerpt":{"rendered":"<p>Balyoz Davas\u0131 s\u0131ras\u0131nda T\u00fcrk Silahl\u0131 Kuvvetleri&#8217;ne ve onun se\u00e7kin personeline kar\u015f\u0131 medya cellatlar\u0131 ve darbe t\u00fcccarlar\u0131 emsali g\u00f6r\u00fclmemi\u015f bir sald\u0131r\u0131 d\u00fczenlediler. Bu sald\u0131r\u0131lar, sahte belgelerle, i\u011fren\u00e7<span class=\"excerpt-hellip\"> [\u2026]<\/span><\/p>\n","protected":false},"featured_media":0,"template":"","meta":{"_monsterinsights_skip_tracking":false,"_monsterinsights_sitenote_active":false,"_monsterinsights_sitenote_note":"","_monsterinsights_sitenote_category":0},"product_brand":[],"product_cat":[13059,12337],"product_tag":[],"class_list":{"0":"post-703941","1":"product","2":"type-product","3":"status-publish","5":"product_cat-diger-politika-siyaset","6":"product_cat-politika-siyaset","7":"pa_tur-kitap","8":"pa_yayinevi-kaynak-yayinlari","9":"pa_yazar-abdullah-can-erenoglu","11":"first","12":"instock","13":"sale","14":"shipping-taxable","15":"purchasable","16":"product-type-simple"},"_links":{"self":[{"href":"https:\/\/roveyayinevi.com.tr\/index.php\/wp-json\/wp\/v2\/product\/703941","targetHints":{"allow":["GET"]}}],"collection":[{"href":"https:\/\/roveyayinevi.com.tr\/index.php\/wp-json\/wp\/v2\/product"}],"about":[{"href":"https:\/\/roveyayinevi.com.tr\/index.php\/wp-json\/wp\/v2\/types\/product"}],"wp:attachment":[{"href":"https:\/\/roveyayinevi.com.tr\/index.php\/wp-json\/wp\/v2\/media?parent=703941"}],"wp:term":[{"taxonomy":"product_brand","embeddable":true,"href":"https:\/\/roveyayinevi.com.tr\/index.php\/wp-json\/wp\/v2\/product_brand?post=703941"},{"taxonomy":"product_cat","embeddable":true,"href":"https:\/\/roveyayinevi.com.tr\/index.php\/wp-json\/wp\/v2\/product_cat?post=703941"},{"taxonomy":"product_tag","embeddable":true,"href":"https:\/\/roveyayinevi.com.tr\/index.php\/wp-json\/wp\/v2\/product_tag?post=703941"}],"curies":[{"name":"wp","href":"https:\/\/api.w.org\/{rel}","templated":true}]}}