{"id":703787,"date":"2025-08-27T15:29:13","date_gmt":"2025-08-27T12:29:13","guid":{"rendered":"https:\/\/roveyayinevi.com.tr\/index.php\/urun\/joseph-fouche-bir-politikacinin-portresi\/"},"modified":"2026-04-16T02:12:59","modified_gmt":"2026-04-15T23:12:59","slug":"joseph-fouche-bir-politikacinin-portresi","status":"publish","type":"product","link":"https:\/\/roveyayinevi.com.tr\/index.php\/urun\/joseph-fouche-bir-politikacinin-portresi\/","title":{"rendered":"Joseph Fouche &#8211; Bir Politikac\u0131n\u0131n Portresi"},"content":{"rendered":"<p>R\u00fczgar\u0131n y\u00f6n\u00fcn\u00fc do\u011fru tahmin etmek, \u00e7o\u011funluktan, g\u00fc\u00e7l\u00fcden yana olmak, iki tarafl\u0131 oynamak ve do\u011fru zamanda do\u011fru tarafta olmak ve zafer kesinle\u015fmeden hangi tarafta yer alaca\u011f\u0131na dair son karar\u0131 vermemek ve asla ama asla ge\u00e7 kalmamak\u2026 Kiliseye ait t\u00fcm sembollerin y\u0131k\u0131c\u0131s\u0131 az\u0131l\u0131 bir din d\u00fc\u015fman\u0131ndan, Jakoben bir cumhuriyet\u00e7iden, Napoleon d\u00f6neminde imparatorlu\u011fun polis bakanl\u0131\u011f\u0131na ve oradan kralc\u0131l\u0131\u011fa, s\u0131radan bir papazken Otranto D\u00fck\u00fc olmaya giden yolda Joseph Fouch\u00e9\u2019nin hareketli ve maceral\u0131 siyaset ya\u015fam\u0131na bu d\u00fcsturlar y\u00f6n verir. \ufffcTan\u0131t\u0131m Metni<\/p>\n","protected":false},"excerpt":{"rendered":"<p>R\u00fczgar\u0131n y\u00f6n\u00fcn\u00fc do\u011fru tahmin etmek, \u00e7o\u011funluktan, g\u00fc\u00e7l\u00fcden yana olmak, iki tarafl\u0131 oynamak ve do\u011fru zamanda do\u011fru tarafta olmak ve zafer kesinle\u015fmeden hangi tarafta yer alaca\u011f\u0131na dair<span class=\"excerpt-hellip\"> [\u2026]<\/span><\/p>\n","protected":false},"featured_media":0,"template":"","meta":{"_monsterinsights_skip_tracking":false,"_monsterinsights_sitenote_active":false,"_monsterinsights_sitenote_note":"","_monsterinsights_sitenote_category":0},"product_brand":[],"product_cat":[14009,12291],"product_tag":[],"class_list":{"0":"post-703787","1":"product","2":"type-product","3":"status-publish","5":"product_cat-biyografi-otobiyografi-edebiyat","6":"product_cat-edebiyat","7":"pa_cilt-ciltsiz","8":"pa_tur-kitap","9":"pa_yayinevi-dogu-bati-yayinlari","10":"pa_yazar-stefan-zweig","12":"first","13":"instock","14":"sale","15":"shipping-taxable","16":"purchasable","17":"product-type-simple"},"_links":{"self":[{"href":"https:\/\/roveyayinevi.com.tr\/index.php\/wp-json\/wp\/v2\/product\/703787","targetHints":{"allow":["GET"]}}],"collection":[{"href":"https:\/\/roveyayinevi.com.tr\/index.php\/wp-json\/wp\/v2\/product"}],"about":[{"href":"https:\/\/roveyayinevi.com.tr\/index.php\/wp-json\/wp\/v2\/types\/product"}],"wp:attachment":[{"href":"https:\/\/roveyayinevi.com.tr\/index.php\/wp-json\/wp\/v2\/media?parent=703787"}],"wp:term":[{"taxonomy":"product_brand","embeddable":true,"href":"https:\/\/roveyayinevi.com.tr\/index.php\/wp-json\/wp\/v2\/product_brand?post=703787"},{"taxonomy":"product_cat","embeddable":true,"href":"https:\/\/roveyayinevi.com.tr\/index.php\/wp-json\/wp\/v2\/product_cat?post=703787"},{"taxonomy":"product_tag","embeddable":true,"href":"https:\/\/roveyayinevi.com.tr\/index.php\/wp-json\/wp\/v2\/product_tag?post=703787"}],"curies":[{"name":"wp","href":"https:\/\/api.w.org\/{rel}","templated":true}]}}