{"id":703747,"date":"2025-08-27T15:28:57","date_gmt":"2025-08-27T12:28:57","guid":{"rendered":"https:\/\/roveyayinevi.com.tr\/index.php\/urun\/boru-budun\/"},"modified":"2026-04-16T02:12:58","modified_gmt":"2026-04-15T23:12:58","slug":"boru-budun","status":"publish","type":"product","link":"https:\/\/roveyayinevi.com.tr\/index.php\/urun\/boru-budun\/","title":{"rendered":"B\u00f6r\u00fc Budun"},"content":{"rendered":"<p>B\u00f6r\u00fc Budun\u2026\u201cA\u015fina Soyu\u201dnun Muhaf\u0131zlar\u0131    \u00c7oktand\u0131r varl\u0131\u011f\u0131 tart\u0131\u015f\u0131lan esrarengiz bir te\u015fkilat\u2026 T\u00fcrklerin kaderine y\u00f6n vermeye \u00e7al\u0131\u015ft\u0131\u011f\u0131 s\u00f6ylenen \u201cA\u015fina soyunun muhaf\u0131zlar\u0131\u201d\u2026 Halen ya\u015fad\u0131\u011f\u0131 s\u00f6ylenen bir \u201cBilge-sava\u015f\u00e7\u0131lar toplulu\u011fu\u2026\u201d \u00d6t\u00fcken Ormanlar\u0131\u2019ndan Osmanl\u0131 saraylar\u0131na, oradan Cumhuriyet\u2019e uzanan uzun bir \u00e7izgi. Tarihin en s\u0131rl\u0131 olu\u015fumlar\u0131ndan biri\u2026 1.000 y\u0131ld\u0131r var oldu\u011fu s\u00f6ylenen bir te\u015fkilat, milletin kaderine halen y\u00f6n veriyor olabilir mi? T\u00fcrklerin ne zaman ba\u015f\u0131 s\u0131k\u0131\u015fsa, onu yok olu\u015fun e\u015fi\u011finden d\u00f6nd\u00fcren \u201cBirileri\u201d mi var? T\u00fcrk mitolojisinin \u015fifreleri bize bu konuda neler s\u00f6yl\u00fcyor? As\u0131l \u201cSe\u00e7ilmi\u015f kavim\u201d T\u00fcrkler mi? T\u00fcrkler ni\u00e7in devlet \u00fcst\u00fcne devlet kurdular? Bu bir \u201czaaf\u201d m\u0131, \u201cba\u015far\u0131\u201d m\u0131? Anadolu\u2019ya bizi getiren \u201c\u0130rade\u201d kimdir? \u201c\u0130mparatorluk\u201d kurmak karar\u0131n\u0131 kimler, nas\u0131l verdi? Mustafa Kemal bir \u201cVazifeli\u201d miydi? Elinizdeki kitap, i\u015fte bu gibi sorulara cevap ar\u0131yor. Kitapta yer alan kimi ba\u015fl\u0131klar \u015funlar: \u2022  B\u00f6r\u00fc Budun: Efsane mi Ger\u00e7ek mi? \u2022  D\u00fcnyan\u0131n B\u00fct\u00fcn B\u00fcy\u00fck Devletleri \u201cGizli Kurul\u201dlarca idare edilir \u2022  B\u00f6r\u00fc Budun Tarih\u00e7esi \u2022  \u201cG\u00f6kb\u00f6r\u00fc\u201d misyonu B\u00f6r\u00fc Budun\u2019dad\u0131r \u2022  G\u00f6kt\u00fcrklerin \u201cG\u00f6ksel\u201d Varolu\u015fu!.. \u2022  B\u00f6r\u00fc Budun ve Bilge Tonyukuk\u2019un Rol\u00fc \u2022  \u201cAksakall\u0131lar Meclisi\u201d T\u00fcrk Derin Devlet gelene\u011finin temeli mi? \u2022  Alperen\u2019ler, Gazi Dervi\u015f\u2019ler bizim \u015f\u00f6valyelerimizdir! \u2022  Enc\u00fcmen-i Dani\u015f \u201cAksakall\u0131lar\u201d m\u0131? \u2022  Atat\u00fcrk, B\u00f6r\u00fc Budun simgesini T\u00fcrk Bayra\u011f\u0131 m\u0131 yapacakt\u0131? \u2022  \u201cKurtulu\u015f Sava\u015f\u0131\u201d bir B\u00f6r\u00fc Budun \u201cOperasyonu\u201dmuydu? \u2022  Ger\u00e7ek \u201cK\u0131rm\u0131z\u0131 Kitap\u201d B\u00f6r\u00fc Budun\u2019da m\u0131? \u2022  B\u00f6r\u00fc Budun\u2019un kurulu\u015f amac\u0131 \u201cT\u00fcrk devletleri tam sona ermek     \u00fczereyken yenisini kurmak i\u00e7in ortaya \u00e7\u0131kmalar\u0131\u201d m\u0131d\u0131r? \u2022  T\u00fcrklerde bir \u201cderin yap\u0131\u201d kurma ihtiyac\u0131 neden do\u011fdu? <\/p>\n","protected":false},"excerpt":{"rendered":"<p>B\u00f6r\u00fc Budun\u2026\u201cA\u015fina Soyu\u201dnun Muhaf\u0131zlar\u0131 \u00c7oktand\u0131r varl\u0131\u011f\u0131 tart\u0131\u015f\u0131lan esrarengiz bir te\u015fkilat\u2026 T\u00fcrklerin kaderine y\u00f6n vermeye \u00e7al\u0131\u015ft\u0131\u011f\u0131 s\u00f6ylenen \u201cA\u015fina soyunun muhaf\u0131zlar\u0131\u201d\u2026 Halen ya\u015fad\u0131\u011f\u0131 s\u00f6ylenen bir \u201cBilge-sava\u015f\u00e7\u0131lar toplulu\u011fu\u2026\u201d \u00d6t\u00fcken<span class=\"excerpt-hellip\"> [\u2026]<\/span><\/p>\n","protected":false},"featured_media":0,"template":"","meta":{"_monsterinsights_skip_tracking":false,"_monsterinsights_sitenote_active":false,"_monsterinsights_sitenote_note":"","_monsterinsights_sitenote_category":0},"product_brand":[],"product_cat":[12304,13650],"product_tag":[],"class_list":{"0":"post-703747","1":"product","2":"type-product","3":"status-publish","5":"product_cat-tarih","6":"product_cat-turk-tarihi-arastirmalari","7":"pa_cilt-ciltsiz","8":"pa_tur-kitap","9":"pa_yayinevi-profil-kitap","10":"pa_yazar-atilla-akar","12":"first","13":"instock","14":"sale","15":"shipping-taxable","16":"purchasable","17":"product-type-simple"},"_links":{"self":[{"href":"https:\/\/roveyayinevi.com.tr\/index.php\/wp-json\/wp\/v2\/product\/703747","targetHints":{"allow":["GET"]}}],"collection":[{"href":"https:\/\/roveyayinevi.com.tr\/index.php\/wp-json\/wp\/v2\/product"}],"about":[{"href":"https:\/\/roveyayinevi.com.tr\/index.php\/wp-json\/wp\/v2\/types\/product"}],"wp:attachment":[{"href":"https:\/\/roveyayinevi.com.tr\/index.php\/wp-json\/wp\/v2\/media?parent=703747"}],"wp:term":[{"taxonomy":"product_brand","embeddable":true,"href":"https:\/\/roveyayinevi.com.tr\/index.php\/wp-json\/wp\/v2\/product_brand?post=703747"},{"taxonomy":"product_cat","embeddable":true,"href":"https:\/\/roveyayinevi.com.tr\/index.php\/wp-json\/wp\/v2\/product_cat?post=703747"},{"taxonomy":"product_tag","embeddable":true,"href":"https:\/\/roveyayinevi.com.tr\/index.php\/wp-json\/wp\/v2\/product_tag?post=703747"}],"curies":[{"name":"wp","href":"https:\/\/api.w.org\/{rel}","templated":true}]}}