{"id":703682,"date":"2025-08-27T15:28:30","date_gmt":"2025-08-27T12:28:30","guid":{"rendered":"https:\/\/roveyayinevi.com.tr\/index.php\/urun\/bilim-adamlarimiz-serisi-evliya-celebi\/"},"modified":"2026-04-16T02:12:57","modified_gmt":"2026-04-15T23:12:57","slug":"bilim-adamlarimiz-serisi-evliya-celebi","status":"publish","type":"product","link":"https:\/\/roveyayinevi.com.tr\/index.php\/urun\/bilim-adamlarimiz-serisi-evliya-celebi\/","title":{"rendered":"Bilim Adamlar\u0131m\u0131z Serisi: Evliya \u00c7elebi"},"content":{"rendered":"<p>T\u00fcrk seyahatnamecili\u011finin zirvedeki ismi olan Evliya \u00c7elebi, 25 Mart 1611\u2019de \u0130stanbul\u2019daki Unkapan\u0131 semtinde d\u00fcnyaya gelir. Evliya \u00c7elebi, seyahatlerinin sebebini 19 A\u011fustos 1630 gecesinde g\u00f6rd\u00fc\u011f\u00fc bir r\u00fcyaya ba\u011flar. Bu r\u00fcyaya g\u00f6re \u0130stanbul\u2019da Yemi\u015f \u0130skelesi civar\u0131ndaki Ahi \u00c7elebi Camii\u2019nde kalabal\u0131k bir cemaatle birlikte Hz. Muhammed\u2019i g\u00f6r\u00fcr. Tam bu s\u0131rada heyecana kap\u0131l\u0131r ve \u201c\u015eefaat ya Resulullah!\u201d diyece\u011fi yerde \u201cSeyahat ya Resulullah!\u201d der. Bunun \u00fczerine Hz. Peygamber tebess\u00fcm ederek Evliya \u00c7elebi\u2019ye \u015fefaat, seyahat ve ziyareti m\u00fcjdeler. Evliya \u00c7elebi\u2019nin uzak memleketlere ilk seyahati 1640 y\u0131l\u0131nda Ketenci \u00d6mer Pa\u015fa\u2019n\u0131n Trabzon\u2019a vali olarak g\u00f6nderilmesiyle ba\u015flar. Bu arada be\u015f y\u0131l \u00e7e\u015fitli yerlere seyahatlerde bulunur. Bu seyahatlerini kaleme alan Evliya \u00c7elebi, \u201cSeyahatname\u201d ad\u0131yla bildi\u011fimiz eseri meydana getirir. Hayat\u0131 boyunca hi\u00e7 evlenmeyen ve \u00e7ocuk sahibi olmayan \u00fcnl\u00fc seyyah\u0131n nerede \u00f6ld\u00fc\u011f\u00fcne ve nereye g\u00f6m\u00fcld\u00fc\u011f\u00fcne dair elimizde kesin bilgiler olmasa da M\u0131s\u0131r\u2019dan \u0130stanbul\u2019a d\u00f6nd\u00fckten sonra \u00f6ld\u00fc\u011f\u00fcne ve Meyyitzade Kabri civar\u0131ndaki aile kabristanl\u0131\u011f\u0131na g\u00f6m\u00fcld\u00fc\u011f\u00fcne dair iddialar vard\u0131r. \ufffcTan\u0131t\u0131m Metni<\/p>\n","protected":false},"excerpt":{"rendered":"<p>T\u00fcrk seyahatnamecili\u011finin zirvedeki ismi olan Evliya \u00c7elebi, 25 Mart 1611\u2019de \u0130stanbul\u2019daki Unkapan\u0131 semtinde d\u00fcnyaya gelir. Evliya \u00c7elebi, seyahatlerinin sebebini 19 A\u011fustos 1630 gecesinde g\u00f6rd\u00fc\u011f\u00fc bir r\u00fcyaya<span class=\"excerpt-hellip\"> [\u2026]<\/span><\/p>\n","protected":false},"featured_media":0,"template":"","meta":{"_monsterinsights_skip_tracking":false,"_monsterinsights_sitenote_active":false,"_monsterinsights_sitenote_note":"","_monsterinsights_sitenote_category":0},"product_brand":[],"product_cat":[12370,12304],"product_tag":[],"class_list":{"0":"post-703682","1":"product","2":"type-product","3":"status-publish","5":"product_cat-arastirma-inceleme","6":"product_cat-tarih","7":"pa_tur-kitap","8":"pa_yayinevi-parola-yayinlari","9":"pa_yazar-ali-kuzu","11":"first","12":"instock","13":"sale","14":"shipping-taxable","15":"purchasable","16":"product-type-simple"},"_links":{"self":[{"href":"https:\/\/roveyayinevi.com.tr\/index.php\/wp-json\/wp\/v2\/product\/703682","targetHints":{"allow":["GET"]}}],"collection":[{"href":"https:\/\/roveyayinevi.com.tr\/index.php\/wp-json\/wp\/v2\/product"}],"about":[{"href":"https:\/\/roveyayinevi.com.tr\/index.php\/wp-json\/wp\/v2\/types\/product"}],"wp:attachment":[{"href":"https:\/\/roveyayinevi.com.tr\/index.php\/wp-json\/wp\/v2\/media?parent=703682"}],"wp:term":[{"taxonomy":"product_brand","embeddable":true,"href":"https:\/\/roveyayinevi.com.tr\/index.php\/wp-json\/wp\/v2\/product_brand?post=703682"},{"taxonomy":"product_cat","embeddable":true,"href":"https:\/\/roveyayinevi.com.tr\/index.php\/wp-json\/wp\/v2\/product_cat?post=703682"},{"taxonomy":"product_tag","embeddable":true,"href":"https:\/\/roveyayinevi.com.tr\/index.php\/wp-json\/wp\/v2\/product_tag?post=703682"}],"curies":[{"name":"wp","href":"https:\/\/api.w.org\/{rel}","templated":true}]}}