{"id":703656,"date":"2025-08-27T15:28:19","date_gmt":"2025-08-27T12:28:19","guid":{"rendered":"https:\/\/roveyayinevi.com.tr\/index.php\/urun\/bilim-adamlarimiz-sozlugu\/"},"modified":"2026-04-16T02:12:56","modified_gmt":"2026-04-15T23:12:56","slug":"bilim-adamlarimiz-sozlugu","status":"publish","type":"product","link":"https:\/\/roveyayinevi.com.tr\/index.php\/urun\/bilim-adamlarimiz-sozlugu\/","title":{"rendered":"Bilim Adamlar\u0131m\u0131z S\u00f6zl\u00fc\u011f\u00fc"},"content":{"rendered":"<p>Bilim ve teknoloji, ya\u015fad\u0131\u011f\u0131m\u0131z y\u00fczy\u0131lda d\u00fcnya tarihini etkileyecek \u00f6nemli geli\u015fimlere ve de\u011fi\u015fimlere vesile oldu. T\u00fcm \u00fclkelerde, ya\u015fam ko\u015fullar\u0131n\u0131 k\u00f6kl\u00fc ve s\u00fcratli bir \u015fekilde etkileyen teknoloji, artan d\u00fcnya n\u00fcfusunun pek \u00e7ok sorununa \u00e7\u00f6z\u00fcm getirdi. D\u00fcnyan\u0131n bug\u00fcnk\u00fc medeniyet seviyesinde b\u00fcy\u00fck pay\u0131 olan bilim ve teknolojinin tarihi geli\u015fimi de son derece h\u0131zl\u0131 oldu. Peki, bilim ve teknolojinin \u00f6nderli\u011fini \u00fcstlendi\u011fi uygarl\u0131k ve k\u00fclt\u00fcr alan\u0131ndaki bu de\u011fi\u015fimin tarihsel ba\u015flang\u0131c\u0131 hangi d\u00f6nemlere denk gelmektedir? \ufffcTan\u0131t\u0131m Metni<\/p>\n","protected":false},"excerpt":{"rendered":"<p>Bilim ve teknoloji, ya\u015fad\u0131\u011f\u0131m\u0131z y\u00fczy\u0131lda d\u00fcnya tarihini etkileyecek \u00f6nemli geli\u015fimlere ve de\u011fi\u015fimlere vesile oldu. T\u00fcm \u00fclkelerde, ya\u015fam ko\u015fullar\u0131n\u0131 k\u00f6kl\u00fc ve s\u00fcratli bir \u015fekilde etkileyen teknoloji, artan<span class=\"excerpt-hellip\"> [\u2026]<\/span><\/p>\n","protected":false},"featured_media":0,"template":"","meta":{"_monsterinsights_skip_tracking":false,"_monsterinsights_sitenote_active":false,"_monsterinsights_sitenote_note":"","_monsterinsights_sitenote_category":0},"product_brand":[],"product_cat":[13005,37328],"product_tag":[],"class_list":{"0":"post-703656","1":"product","2":"type-product","3":"status-publish","5":"product_cat-bilim-muhendislik","6":"product_cat-diger-bilim-muhendislik","7":"pa_tur-kitap","8":"pa_yayinevi-parola-yayinlari","9":"pa_yazar-ali-kuzu","11":"first","12":"instock","13":"sale","14":"shipping-taxable","15":"purchasable","16":"product-type-simple"},"_links":{"self":[{"href":"https:\/\/roveyayinevi.com.tr\/index.php\/wp-json\/wp\/v2\/product\/703656","targetHints":{"allow":["GET"]}}],"collection":[{"href":"https:\/\/roveyayinevi.com.tr\/index.php\/wp-json\/wp\/v2\/product"}],"about":[{"href":"https:\/\/roveyayinevi.com.tr\/index.php\/wp-json\/wp\/v2\/types\/product"}],"wp:attachment":[{"href":"https:\/\/roveyayinevi.com.tr\/index.php\/wp-json\/wp\/v2\/media?parent=703656"}],"wp:term":[{"taxonomy":"product_brand","embeddable":true,"href":"https:\/\/roveyayinevi.com.tr\/index.php\/wp-json\/wp\/v2\/product_brand?post=703656"},{"taxonomy":"product_cat","embeddable":true,"href":"https:\/\/roveyayinevi.com.tr\/index.php\/wp-json\/wp\/v2\/product_cat?post=703656"},{"taxonomy":"product_tag","embeddable":true,"href":"https:\/\/roveyayinevi.com.tr\/index.php\/wp-json\/wp\/v2\/product_tag?post=703656"}],"curies":[{"name":"wp","href":"https:\/\/api.w.org\/{rel}","templated":true}]}}