{"id":703585,"date":"2025-08-27T15:27:05","date_gmt":"2025-08-27T12:27:05","guid":{"rendered":"https:\/\/roveyayinevi.com.tr\/index.php\/urun\/ulus-din-sinif-turkiyede-kurt-mutabakatinin-insaasi\/"},"modified":"2026-04-16T02:12:40","modified_gmt":"2026-04-15T23:12:40","slug":"ulus-din-sinif-turkiyede-kurt-mutabakatinin-insaasi","status":"publish","type":"product","link":"https:\/\/roveyayinevi.com.tr\/index.php\/urun\/ulus-din-sinif-turkiyede-kurt-mutabakatinin-insaasi\/","title":{"rendered":"Ulus, Din, S\u0131n\u0131f: T\u00fcrkiye&#8217;de K\u00fcrt Mutabakat\u0131n\u0131n \u0130n\u015faas\u0131"},"content":{"rendered":"<p>K\u00fcrt meselesi bir etnik kimlik meselesi midir, bir ulusal dava m\u0131d\u0131r? Dinle ve dinsel kimlikle ilgili bir rejim meselesi midir? S\u0131n\u0131fsal bir mesele midir? Bu sorular etraf\u0131nda \u015fimdiye kadar bir\u00e7ok analiz yap\u0131ld\u0131, saflar tutuldu, politik \u00e7\u00f6z\u00fcm \u00f6nerileri geli\u015ftirildi. Cuma \u00c7i\u00e7ek, kitab\u0131nda ulusal, dinsel ve s\u0131n\u0131fsal boyutlar\u0131 derin bir vukufla analiz etmekle kalm\u0131yor, bu \u00fc\u00e7 cepheyi bir arada, etkile\u015fimleri i\u00e7inde anlamam\u0131z\u0131 sa\u011flayan sa\u011flam bir b\u00fct\u00fcnc\u00fcl model sunuyor. Toplumsal cinsiyet ve kad\u0131n hareketi boyutunu da ihmal etmeden&#8230;<\/p>\n","protected":false},"excerpt":{"rendered":"<p>K\u00fcrt meselesi bir etnik kimlik meselesi midir, bir ulusal dava m\u0131d\u0131r? Dinle ve dinsel kimlikle ilgili bir rejim meselesi midir? S\u0131n\u0131fsal bir mesele midir? Bu sorular<span class=\"excerpt-hellip\"> [\u2026]<\/span><\/p>\n","protected":false},"featured_media":0,"template":"","meta":{"_monsterinsights_skip_tracking":false,"_monsterinsights_sitenote_active":false,"_monsterinsights_sitenote_note":"","_monsterinsights_sitenote_category":0},"product_brand":[],"product_cat":[13656,12337],"product_tag":[],"class_list":{"0":"post-703585","1":"product","2":"type-product","3":"status-publish","5":"product_cat-azinliklar-etnik-sorunlar","6":"product_cat-politika-siyaset","7":"pa_cilt-ciltsiz","8":"pa_tur-kitap","9":"pa_yayinevi-iletisim-yayinlari","10":"pa_yazar-cuma-cicek","12":"first","13":"instock","14":"sale","15":"shipping-taxable","16":"purchasable","17":"product-type-simple"},"_links":{"self":[{"href":"https:\/\/roveyayinevi.com.tr\/index.php\/wp-json\/wp\/v2\/product\/703585","targetHints":{"allow":["GET"]}}],"collection":[{"href":"https:\/\/roveyayinevi.com.tr\/index.php\/wp-json\/wp\/v2\/product"}],"about":[{"href":"https:\/\/roveyayinevi.com.tr\/index.php\/wp-json\/wp\/v2\/types\/product"}],"wp:attachment":[{"href":"https:\/\/roveyayinevi.com.tr\/index.php\/wp-json\/wp\/v2\/media?parent=703585"}],"wp:term":[{"taxonomy":"product_brand","embeddable":true,"href":"https:\/\/roveyayinevi.com.tr\/index.php\/wp-json\/wp\/v2\/product_brand?post=703585"},{"taxonomy":"product_cat","embeddable":true,"href":"https:\/\/roveyayinevi.com.tr\/index.php\/wp-json\/wp\/v2\/product_cat?post=703585"},{"taxonomy":"product_tag","embeddable":true,"href":"https:\/\/roveyayinevi.com.tr\/index.php\/wp-json\/wp\/v2\/product_tag?post=703585"}],"curies":[{"name":"wp","href":"https:\/\/api.w.org\/{rel}","templated":true}]}}