{"id":703563,"date":"2025-08-27T15:26:55","date_gmt":"2025-08-27T12:26:55","guid":{"rendered":"https:\/\/roveyayinevi.com.tr\/index.php\/urun\/bir-osmanli-askerinin-hatirati-1688-1700-esaretten-kacis\/"},"modified":"2026-04-16T02:12:39","modified_gmt":"2026-04-15T23:12:39","slug":"bir-osmanli-askerinin-hatirati-1688-1700-esaretten-kacis","status":"publish","type":"product","link":"https:\/\/roveyayinevi.com.tr\/index.php\/urun\/bir-osmanli-askerinin-hatirati-1688-1700-esaretten-kacis\/","title":{"rendered":"Bir Osmanl\u0131 Askerinin Hat\u0131rat\u0131 1688-1700 Esaretten Ka\u00e7\u0131\u015f"},"content":{"rendered":"<p>Nefeslerimizi tuttuk beklemeye ba\u015flad\u0131k. \u0130\u00e7imizden \u201c\u0130n\u015fallah askerler duymaz\u201d diye dua ediyorduk. Ama \u00f6yle olmad\u0131; \u00e7ok ge\u00e7meden n\u00f6bet\u00e7i askerin sesini duyduk: \u201cKimdir o!\u201d Osman A\u011fa, 1670\u2019lerin ba\u015flar\u0131nda, g\u00fcn\u00fcm\u00fczde Romanya\u2019n\u0131n bat\u0131s\u0131nda yer alan Teme\u015fvar\u2019da d\u00fcnyaya geldi. Asker bir baban\u0131n \u00e7ocu\u011fu olmas\u0131 nedeniyle kale muhaf\u0131z birli\u011finde g\u00f6rev ald\u0131 ve k\u0131sa zamanda y\u00fckselerek gen\u00e7 ya\u015fta birlik zabitleri aras\u0131na kat\u0131ld\u0131. Daha on sekiz ya\u015f\u0131nda gen\u00e7 bir odaba\u015f\u0131 iken 1688 senesinde Avusturyal\u0131lara esir d\u00fc\u015ft\u00fc.  Bu y\u0131llar, \u0130kinci Viyana Ku\u015fatmas\u0131\u2019n\u0131n ard\u0131ndan geli\u015fen ve 1699 senesine kadar s\u00fcrecek olan Osmanl\u0131 tarihinin en f\u0131rt\u0131nal\u0131 d\u00f6nemlerindendir. <\/p>\n","protected":false},"excerpt":{"rendered":"<p>Nefeslerimizi tuttuk beklemeye ba\u015flad\u0131k. \u0130\u00e7imizden \u201c\u0130n\u015fallah askerler duymaz\u201d diye dua ediyorduk. Ama \u00f6yle olmad\u0131; \u00e7ok ge\u00e7meden n\u00f6bet\u00e7i askerin sesini duyduk: \u201cKimdir o!\u201d Osman A\u011fa, 1670\u2019lerin ba\u015flar\u0131nda,<span class=\"excerpt-hellip\"> [\u2026]<\/span><\/p>\n","protected":false},"featured_media":0,"template":"","meta":{"_monsterinsights_skip_tracking":false,"_monsterinsights_sitenote_active":false,"_monsterinsights_sitenote_note":"","_monsterinsights_sitenote_category":0},"product_brand":[],"product_cat":[13517,12304],"product_tag":[],"class_list":{"0":"post-703563","1":"product","2":"type-product","3":"status-publish","5":"product_cat-osmanli-tarihi","6":"product_cat-tarih","7":"pa_tur-kitap","8":"pa_yayinevi-bilge-kultur-sanat","9":"pa_yazar-temesvarli-osman-aga","11":"first","12":"instock","13":"sale","14":"shipping-taxable","15":"purchasable","16":"product-type-simple"},"_links":{"self":[{"href":"https:\/\/roveyayinevi.com.tr\/index.php\/wp-json\/wp\/v2\/product\/703563","targetHints":{"allow":["GET"]}}],"collection":[{"href":"https:\/\/roveyayinevi.com.tr\/index.php\/wp-json\/wp\/v2\/product"}],"about":[{"href":"https:\/\/roveyayinevi.com.tr\/index.php\/wp-json\/wp\/v2\/types\/product"}],"wp:attachment":[{"href":"https:\/\/roveyayinevi.com.tr\/index.php\/wp-json\/wp\/v2\/media?parent=703563"}],"wp:term":[{"taxonomy":"product_brand","embeddable":true,"href":"https:\/\/roveyayinevi.com.tr\/index.php\/wp-json\/wp\/v2\/product_brand?post=703563"},{"taxonomy":"product_cat","embeddable":true,"href":"https:\/\/roveyayinevi.com.tr\/index.php\/wp-json\/wp\/v2\/product_cat?post=703563"},{"taxonomy":"product_tag","embeddable":true,"href":"https:\/\/roveyayinevi.com.tr\/index.php\/wp-json\/wp\/v2\/product_tag?post=703563"}],"curies":[{"name":"wp","href":"https:\/\/api.w.org\/{rel}","templated":true}]}}