{"id":703560,"date":"2025-08-27T15:26:53","date_gmt":"2025-08-27T12:26:53","guid":{"rendered":"https:\/\/roveyayinevi.com.tr\/index.php\/urun\/ali-ismail-emri-kim-verdi\/"},"modified":"2026-04-16T02:12:39","modified_gmt":"2026-04-15T23:12:39","slug":"ali-ismail-emri-kim-verdi","status":"publish","type":"product","link":"https:\/\/roveyayinevi.com.tr\/index.php\/urun\/ali-ismail-emri-kim-verdi\/","title":{"rendered":"Ali \u0130smail: Emri Kim Verdi?"},"content":{"rendered":"<p>Ali \u0130smail Korkmaz, d\u00f6rt polis ve d\u00f6rt sivilin tesad\u00fcfi sald\u0131r\u0131s\u0131n\u0131n de\u011fil, Eski\u015fehir\u2019de 31 May\u0131s 2013\u2019de ba\u015flay\u0131p 3 Haziran\u2019da son bulan \u00f6rg\u00fctl\u00fc bir \u015fiddetin kurban\u0131 oldu.San\u0131klar\u0131n savunmalar\u0131ndan muhafazakar ve milliyet\u00e7i olduklar\u0131 g\u00f6r\u00fcl\u00fcyordu. Ama daha \u00f6nemlisi, d\u00f6nemin ba\u015fbakan\u0131ndan ilham alm\u0131\u015f, onun korumas\u0131 ve te\u015fviki alt\u0131nda \u00e7al\u0131\u015fm\u0131\u015flard\u0131. Bu nedenle, san\u0131k polis Mevl\u00fct Saldo\u011fan, mahkemede \u201cGezi darbe ise, ben darbeyi bast\u0131rd\u0131m\u201d demek c\u00fcretini g\u00f6steriyordu. Ali \u0130smail\u2019e tuzak kuran siviller ise Recep Tayyip Erdo\u011fan\u2019\u0131n \u201cY\u00fczde elliyi evde zor tutuyoruz\u201d dedi\u011fi kitlenin par\u00e7as\u0131yd\u0131lar.T\u00fcrkiye\u2019nin en ba\u015far\u0131l\u0131 gazetecilerinden biri olan \u0130smail Saymaz bu kitab\u0131nda, tek \u201csu\u00e7u\u201d polis \u015fiddetinden ka\u00e7mak olan Ali \u0130smail\u2019in \u00f6l\u00fcm\u00fcne neden olan olaylar zincirini ve bu cinayeti \u00f6rtmek i\u00e7in olu\u015fturulan \u00f6rg\u00fctlenmeyi bir detektif titizli\u011fiyle, en ince detay\u0131na kadar inceliyor. \u201cEmri kim verdi?\u201d sorusunun yan\u0131t\u0131n\u0131 \u201cd\u00fc\u015fman ceza hukuku\u201dnu y\u00fcr\u00fcrl\u00fc\u011fe koyan g\u00fc\u00e7 ve zihniyette aramam\u0131z gerekti\u011fini g\u00f6steriyor. <\/p>\n","protected":false},"excerpt":{"rendered":"<p>Ali \u0130smail Korkmaz, d\u00f6rt polis ve d\u00f6rt sivilin tesad\u00fcfi sald\u0131r\u0131s\u0131n\u0131n de\u011fil, Eski\u015fehir\u2019de 31 May\u0131s 2013\u2019de ba\u015flay\u0131p 3 Haziran\u2019da son bulan \u00f6rg\u00fctl\u00fc bir \u015fiddetin kurban\u0131 oldu.San\u0131klar\u0131n savunmalar\u0131ndan<span class=\"excerpt-hellip\"> [\u2026]<\/span><\/p>\n","protected":false},"featured_media":0,"template":"","meta":{"_monsterinsights_skip_tracking":false,"_monsterinsights_sitenote_active":false,"_monsterinsights_sitenote_note":"","_monsterinsights_sitenote_category":0},"product_brand":[],"product_cat":[12346,12337],"product_tag":[],"class_list":{"0":"post-703560","1":"product","2":"type-product","3":"status-publish","5":"product_cat-derin-siyaset-komplo-teorileri","6":"product_cat-politika-siyaset","7":"pa_cilt-ciltsiz","8":"pa_tur-kitap","9":"pa_yayinevi-iletisim-yayinlari","10":"pa_yazar-ismail-saymaz","12":"first","13":"instock","14":"sale","15":"shipping-taxable","16":"purchasable","17":"product-type-simple"},"_links":{"self":[{"href":"https:\/\/roveyayinevi.com.tr\/index.php\/wp-json\/wp\/v2\/product\/703560","targetHints":{"allow":["GET"]}}],"collection":[{"href":"https:\/\/roveyayinevi.com.tr\/index.php\/wp-json\/wp\/v2\/product"}],"about":[{"href":"https:\/\/roveyayinevi.com.tr\/index.php\/wp-json\/wp\/v2\/types\/product"}],"wp:attachment":[{"href":"https:\/\/roveyayinevi.com.tr\/index.php\/wp-json\/wp\/v2\/media?parent=703560"}],"wp:term":[{"taxonomy":"product_brand","embeddable":true,"href":"https:\/\/roveyayinevi.com.tr\/index.php\/wp-json\/wp\/v2\/product_brand?post=703560"},{"taxonomy":"product_cat","embeddable":true,"href":"https:\/\/roveyayinevi.com.tr\/index.php\/wp-json\/wp\/v2\/product_cat?post=703560"},{"taxonomy":"product_tag","embeddable":true,"href":"https:\/\/roveyayinevi.com.tr\/index.php\/wp-json\/wp\/v2\/product_tag?post=703560"}],"curies":[{"name":"wp","href":"https:\/\/api.w.org\/{rel}","templated":true}]}}