{"id":703546,"date":"2025-08-27T15:26:47","date_gmt":"2025-08-27T12:26:47","guid":{"rendered":"https:\/\/roveyayinevi.com.tr\/index.php\/urun\/suclamalar-2-irkcilik\/"},"modified":"2026-04-16T02:12:39","modified_gmt":"2026-04-15T23:12:39","slug":"suclamalar-2-irkcilik","status":"publish","type":"product","link":"https:\/\/roveyayinevi.com.tr\/index.php\/urun\/suclamalar-2-irkcilik\/","title":{"rendered":"Su\u00e7lamalar &#8211; 2 Irk\u00e7\u0131l\u0131k"},"content":{"rendered":"<p>T\u00fcrk Milliyet\u00e7ileri, \u0131rk ve \u0131rk\u00e7\u0131l\u0131k konusuna ancak milletimizi ve milliyet\u00e7ili\u011fimizi ilgilendirdi\u011fi \u00f6l\u00e7\u00fcde e\u011filmi\u015flerdir. Yaln\u0131z \u0131rk\u00e7\u0131l\u0131kla u\u011fra\u015fan, mesel\u00e2 Gobineau\u2019ya benzer bir milliyet\u00e7i, yoktur. Namuslu bir de\u011ferlendirme yap\u0131l\u0131rsa kesinlikle ortaya \u00e7\u0131kar ki; T\u00fcrk Milliyet\u00e7ileri, \u0131rk\u00e7\u0131l\u0131\u011f\u0131n zararl\u0131 say\u0131lmas\u0131 m\u00fcmk\u00fcn olan iki \u015fekline de itibar etmemi\u015flerdir. S\u00f6z\u00fc ge\u00e7en \u015fekillerden birisi bir millete mensubiyetin, somatik baz\u0131 \u00f6l\u00e7\u00fclerdeki ortakl\u0131kla tesbit edilmesidir. Kendilerini \u0131rk\u00e7\u0131 sayanlar da dahil, hi\u00e7bir T\u00fcrk milliyet\u00e7isi, cilt ve g\u00f6z rengini, yahut ba\u015fka \u00f6zellikleri T\u00fcrkl\u00fck \u00f6l\u00e7\u00fcs\u00fc olarak \u00f6ne s\u00fcrmemi\u015ftir. Aksini s\u00f6ylemek s\u00e2dece sahibini utand\u0131racak bir yalan ve iftiradan ibarettir. Tek mis\u00e2lle yetinece\u011fiz: 1944 y\u0131l\u0131nda, Irk\u00e7\u0131l\u0131k-Turanc\u0131l\u0131kla su\u00e7lanarak mahkemeye verilenler aras\u0131nda cilt ve g\u00f6z rengi, boy veya di\u011fer beden \u00f6zellikleri bak\u0131m\u0131ndan birbirine benzemeyen kimseler de vard\u0131r. Ger\u00e7ekten \u0131rk\u00e7\u0131 olsalard\u0131 birlikte \u00e7al\u0131\u015fmalar\u0131 elbette imk\u00e2ns\u0131zd\u0131. K\u0131saca T\u00fcrk Milliyet\u00e7ileri, yaln\u0131z heyecanlar\u0131m\u0131zla ya\u015fad\u0131\u011f\u0131m\u0131z ve ge\u00e7mi\u015fi hayallerimize g\u00f6re yeniden d\u00fczenledi\u011fimiz delikanl\u0131l\u0131k \u00e7a\u011f\u0131 d\u0131\u015f\u0131nda antropolojik m\u00e2n\u00e2da bir \u0131rk\u00e7\u0131l\u0131\u011f\u0131 asla benimsemediler. Hi\u00e7 \u015f\u00fcphesiz \u0131rk\u00e7\u0131 olmamak \u0131rk\u0131n varl\u0131\u011f\u0131n\u0131 b\u00fcsb\u00fct\u00fcn ink\u00e2r etmekten farkl\u0131d\u0131r. \u00dc\u00e7 k\u0131tada b\u00fcy\u00fck imparatorluklar kurmu\u015f bir milletiz. Binlerce y\u0131ll\u0131k fetihlerimizin ka\u00e7\u0131n\u0131lmaz bir sonucu olarak di\u011fer \u0131rklarla elbette kar\u0131\u015ft\u0131k. Ama kar\u0131\u015f\u0131ma ayr\u0131 bir \u0131rktan say\u0131lmam\u0131z\u0131 veya T\u00fcrkl\u00fc\u011f\u00fcn d\u0131\u015f\u0131nda tutulmam\u0131z\u0131 gerektirecek bir \u00f6l\u00e7\u00fcye hi\u00e7bir zaman varmad\u0131. Milletimizin \u00e7o\u011funlu\u011funa h\u00e2kim olan yine T\u00fcrk \u0131rk\u0131n\u0131n \u00f6zellikleridir. \ufffcTan\u0131t\u0131m Metni<\/p>\n","protected":false},"excerpt":{"rendered":"<p>T\u00fcrk Milliyet\u00e7ileri, \u0131rk ve \u0131rk\u00e7\u0131l\u0131k konusuna ancak milletimizi ve milliyet\u00e7ili\u011fimizi ilgilendirdi\u011fi \u00f6l\u00e7\u00fcde e\u011filmi\u015flerdir. Yaln\u0131z \u0131rk\u00e7\u0131l\u0131kla u\u011fra\u015fan, mesel\u00e2 Gobineau\u2019ya benzer bir milliyet\u00e7i, yoktur. Namuslu bir de\u011ferlendirme yap\u0131l\u0131rsa<span class=\"excerpt-hellip\"> [\u2026]<\/span><\/p>\n","protected":false},"featured_media":0,"template":"","meta":{"_monsterinsights_skip_tracking":false,"_monsterinsights_sitenote_active":false,"_monsterinsights_sitenote_note":"","_monsterinsights_sitenote_category":0},"product_brand":[],"product_cat":[13656,12337],"product_tag":[],"class_list":{"0":"post-703546","1":"product","2":"type-product","3":"status-publish","5":"product_cat-azinliklar-etnik-sorunlar","6":"product_cat-politika-siyaset","7":"pa_cilt-ciltsiz","8":"pa_tur-kitap","9":"pa_yayinevi-otuken-nesriyat","10":"pa_yazar-galip-erdem","12":"first","13":"instock","14":"sale","15":"shipping-taxable","16":"purchasable","17":"product-type-simple"},"_links":{"self":[{"href":"https:\/\/roveyayinevi.com.tr\/index.php\/wp-json\/wp\/v2\/product\/703546","targetHints":{"allow":["GET"]}}],"collection":[{"href":"https:\/\/roveyayinevi.com.tr\/index.php\/wp-json\/wp\/v2\/product"}],"about":[{"href":"https:\/\/roveyayinevi.com.tr\/index.php\/wp-json\/wp\/v2\/types\/product"}],"wp:attachment":[{"href":"https:\/\/roveyayinevi.com.tr\/index.php\/wp-json\/wp\/v2\/media?parent=703546"}],"wp:term":[{"taxonomy":"product_brand","embeddable":true,"href":"https:\/\/roveyayinevi.com.tr\/index.php\/wp-json\/wp\/v2\/product_brand?post=703546"},{"taxonomy":"product_cat","embeddable":true,"href":"https:\/\/roveyayinevi.com.tr\/index.php\/wp-json\/wp\/v2\/product_cat?post=703546"},{"taxonomy":"product_tag","embeddable":true,"href":"https:\/\/roveyayinevi.com.tr\/index.php\/wp-json\/wp\/v2\/product_tag?post=703546"}],"curies":[{"name":"wp","href":"https:\/\/api.w.org\/{rel}","templated":true}]}}