{"id":703407,"date":"2025-08-27T15:25:06","date_gmt":"2025-08-27T12:25:06","guid":{"rendered":"https:\/\/roveyayinevi.com.tr\/index.php\/urun\/sair-kapilari\/"},"modified":"2026-01-29T02:22:59","modified_gmt":"2026-01-28T23:22:59","slug":"sair-kapilari","status":"publish","type":"product","link":"https:\/\/roveyayinevi.com.tr\/index.php\/urun\/sair-kapilari\/","title":{"rendered":"\u015eair Kap\u0131lar\u0131"},"content":{"rendered":"<p>\u201c\u015eair Kap\u0131lar\u0131\u201d ile \u201cFoto\u011fraf ve \u015eiir\u201di bulu\u015fturup, sanata ve edebiyata bak\u0131\u015f\u0131m\u0131z\u0131 de\u011fi\u015ftiren Adil Okay, ayn\u0131 zamanda bu \u00e7al\u0131\u015fmayla bar\u0131\u015f\u0131 ve karde\u015fli\u011fi kadim topraklarda peki\u015ftiren bir i\u015flev \u00fcstlendi. \u00d6zlenen bir \u015feydi bu. Bunun g\u00f6stergesi sergiyi gezen \u00e7e\u015fitli kesimlerden insanlar\u0131n varl\u0131\u011f\u0131yd\u0131. Siyaset\u00e7isinden akademisyenine, sanat\u00e7\u0131s\u0131ndan i\u015f\u00e7isine, gazetecisinden esnaf\u0131na, \u00f6\u011frenciden i\u015fsizine uzanan \u00e7izgide bir insan mozai\u011fi. Bir kere daha inand\u0131m ki, sanat bulu\u015fturur. Serginin foto\u011fraflar\u0131 ile birlikte \u015fiirlerinin kitapla\u015fmas\u0131 da \u00e7ok sevindirici. Giderek \u201c\u015eair Kap\u0131lar\u0131\u201dn\u0131n insanl\u0131\u011fa a\u00e7\u0131lan bir kap\u0131 olmas\u0131 sevincimizi artt\u0131racakt\u0131r.\u201d <\/p>\n","protected":false},"excerpt":{"rendered":"<p>\u201c\u015eair Kap\u0131lar\u0131\u201d ile \u201cFoto\u011fraf ve \u015eiir\u201di bulu\u015fturup, sanata ve edebiyata bak\u0131\u015f\u0131m\u0131z\u0131 de\u011fi\u015ftiren Adil Okay, ayn\u0131 zamanda bu \u00e7al\u0131\u015fmayla bar\u0131\u015f\u0131 ve karde\u015fli\u011fi kadim topraklarda peki\u015ftiren bir i\u015flev<span class=\"excerpt-hellip\"> [\u2026]<\/span><\/p>\n","protected":false},"featured_media":0,"template":"","meta":{"_monsterinsights_skip_tracking":false,"_monsterinsights_sitenote_active":false,"_monsterinsights_sitenote_note":"","_monsterinsights_sitenote_category":0},"product_brand":[],"product_cat":[12409,12408],"product_tag":[],"class_list":{"0":"post-703407","1":"product","2":"type-product","3":"status-publish","5":"product_cat-fotograf-sinema-tiyatro","6":"product_cat-sanat","7":"pa_cilt-ciltsiz","8":"pa_tur-kitap","9":"pa_yayinevi-utopya-yayinevi","10":"pa_yazar-adil-okay","12":"first","13":"instock","14":"sale","15":"shipping-taxable","16":"purchasable","17":"product-type-simple"},"_links":{"self":[{"href":"https:\/\/roveyayinevi.com.tr\/index.php\/wp-json\/wp\/v2\/product\/703407","targetHints":{"allow":["GET"]}}],"collection":[{"href":"https:\/\/roveyayinevi.com.tr\/index.php\/wp-json\/wp\/v2\/product"}],"about":[{"href":"https:\/\/roveyayinevi.com.tr\/index.php\/wp-json\/wp\/v2\/types\/product"}],"wp:attachment":[{"href":"https:\/\/roveyayinevi.com.tr\/index.php\/wp-json\/wp\/v2\/media?parent=703407"}],"wp:term":[{"taxonomy":"product_brand","embeddable":true,"href":"https:\/\/roveyayinevi.com.tr\/index.php\/wp-json\/wp\/v2\/product_brand?post=703407"},{"taxonomy":"product_cat","embeddable":true,"href":"https:\/\/roveyayinevi.com.tr\/index.php\/wp-json\/wp\/v2\/product_cat?post=703407"},{"taxonomy":"product_tag","embeddable":true,"href":"https:\/\/roveyayinevi.com.tr\/index.php\/wp-json\/wp\/v2\/product_tag?post=703407"}],"curies":[{"name":"wp","href":"https:\/\/api.w.org\/{rel}","templated":true}]}}