{"id":703184,"date":"2025-08-27T15:22:55","date_gmt":"2025-08-27T12:22:55","guid":{"rendered":"https:\/\/roveyayinevi.com.tr\/index.php\/urun\/kordugum\/"},"modified":"2026-04-16T02:12:31","modified_gmt":"2026-04-15T23:12:31","slug":"kordugum","status":"publish","type":"product","link":"https:\/\/roveyayinevi.com.tr\/index.php\/urun\/kordugum\/","title":{"rendered":"K\u00f6rd\u00fc\u011f\u00fcm"},"content":{"rendered":"<p>Ermeni as\u0131ll\u0131 T\u00fcrk vatanda\u015f\u0131 gazeteci Hrant Dink, y\u0131llarca devletin istihbarat te\u015fkilatlar\u0131 taraf\u0131ndan ad\u0131m ad\u0131m izlendi. Hakk\u0131nda TCK\u2019n\u0131n 301. Maddesi uyar\u0131nca   T\u00fcrkl\u00fc\u011fe hakaret   su\u00e7lamas\u0131yla dava a\u00e7\u0131ld\u0131. Valilik makam\u0131nda iki M\u0130T mensubu taraf\u0131ndan tehdit edildi. En sonunda menfur bir sald\u0131r\u0131 sonucunda hayat\u0131n\u0131 kaybetti. Ancak aradan ge\u00e7en 8 y\u0131la ra\u011fmen, cinayet ayd\u0131nlat\u0131lamad\u0131. \u2018Milliyet\u00e7i duygularla i\u015flenmi\u015f bir cinayet\u2019 olarak kay\u0131tlara ge\u00e7ti. Sald\u0131r\u0131n\u0131n arkas\u0131ndaki karanl\u0131k eller, ortaya \u00e7\u0131kar\u0131lamad\u0131. Devletin derinlerinin bilgisi dahilinde i\u015flendi\u011fi iddia edilen bir cinayet, 2014\u2019te G\u00fclen cemaatinin \u00fczerine y\u0131k\u0131lmaya \u00e7al\u0131\u015f\u0131ld\u0131. \u2018K\u00f6rd\u00fc\u011f\u00fcm \/ 21 Numaral\u0131 Suikast Yolcusu\u2019 isimli bu kitapta, cinayetin perde arkas\u0131na ili\u015fkin \u00f6nemli detaylarla birlikte bir\u00e7ok soru ve cevaplar\u0131 da yer al\u0131yor. <\/p>\n","protected":false},"excerpt":{"rendered":"<p>Ermeni as\u0131ll\u0131 T\u00fcrk vatanda\u015f\u0131 gazeteci Hrant Dink, y\u0131llarca devletin istihbarat te\u015fkilatlar\u0131 taraf\u0131ndan ad\u0131m ad\u0131m izlendi. Hakk\u0131nda TCK\u2019n\u0131n 301. Maddesi uyar\u0131nca T\u00fcrkl\u00fc\u011fe hakaret su\u00e7lamas\u0131yla dava a\u00e7\u0131ld\u0131. Valilik<span class=\"excerpt-hellip\"> [\u2026]<\/span><\/p>\n","protected":false},"featured_media":0,"template":"","meta":{"_monsterinsights_skip_tracking":false,"_monsterinsights_sitenote_active":false,"_monsterinsights_sitenote_note":"","_monsterinsights_sitenote_category":0},"product_brand":[],"product_cat":[13656,12337],"product_tag":[],"class_list":{"0":"post-703184","1":"product","2":"type-product","3":"status-publish","5":"product_cat-azinliklar-etnik-sorunlar","6":"product_cat-politika-siyaset","7":"pa_tur-kitap","8":"pa_yayinevi-oteki-adam-yayinlari","9":"pa_yazar-bayram-kaya","11":"first","12":"instock","13":"sale","14":"shipping-taxable","15":"purchasable","16":"product-type-simple"},"_links":{"self":[{"href":"https:\/\/roveyayinevi.com.tr\/index.php\/wp-json\/wp\/v2\/product\/703184","targetHints":{"allow":["GET"]}}],"collection":[{"href":"https:\/\/roveyayinevi.com.tr\/index.php\/wp-json\/wp\/v2\/product"}],"about":[{"href":"https:\/\/roveyayinevi.com.tr\/index.php\/wp-json\/wp\/v2\/types\/product"}],"wp:attachment":[{"href":"https:\/\/roveyayinevi.com.tr\/index.php\/wp-json\/wp\/v2\/media?parent=703184"}],"wp:term":[{"taxonomy":"product_brand","embeddable":true,"href":"https:\/\/roveyayinevi.com.tr\/index.php\/wp-json\/wp\/v2\/product_brand?post=703184"},{"taxonomy":"product_cat","embeddable":true,"href":"https:\/\/roveyayinevi.com.tr\/index.php\/wp-json\/wp\/v2\/product_cat?post=703184"},{"taxonomy":"product_tag","embeddable":true,"href":"https:\/\/roveyayinevi.com.tr\/index.php\/wp-json\/wp\/v2\/product_tag?post=703184"}],"curies":[{"name":"wp","href":"https:\/\/api.w.org\/{rel}","templated":true}]}}