{"id":703176,"date":"2025-08-27T15:22:52","date_gmt":"2025-08-27T12:22:52","guid":{"rendered":"https:\/\/roveyayinevi.com.tr\/index.php\/urun\/imamlarin-ocu\/"},"modified":"2026-04-16T02:12:31","modified_gmt":"2026-04-15T23:12:31","slug":"imamlarin-ocu","status":"publish","type":"product","link":"https:\/\/roveyayinevi.com.tr\/index.php\/urun\/imamlarin-ocu\/","title":{"rendered":"\u0130mamlar\u0131n \u00d6c\u00fc"},"content":{"rendered":"<p>Gazeteci-yazar Yavuz Selim Demira\u011f, bug\u00fcne dek girilmemi\u015f bir alanda cesur ad\u0131mlar at\u0131yor. \u0130mamlar\u0131n \u00d6c\u00fc, T\u00fcrk Silahl\u0131 Kuvvetleri i\u00e7indeki Cemaat yap\u0131lanmas\u0131n\u0131, d\u00fcn\u00fc ve bug\u00fcn\u00fcyle g\u00f6zler \u00f6n\u00fcne seriyor. Uzun s\u00fcre iktidar\u0131n nimetlerinden faydalanan \u201cParalel Yap\u0131\u201dn\u0131n polis, yarg\u0131, medya, bankac\u0131l\u0131k ve e\u011fitimle ilgili \u00e7al\u0131\u015fmalar\u0131 giderek ayd\u0131nlan\u0131rken, Demira\u011f hala karanl\u0131kta kalan bir noktaya \u0131\u015f\u0131k tutuyor. \u201cPeki ya TSK?\u201d diyen yazar, milli g\u00fcvenlik meselesi haline gelen b\u00fcy\u00fck tehlikeye dikkat \u00e7ekiyor.<\/p>\n","protected":false},"excerpt":{"rendered":"<p>Gazeteci-yazar Yavuz Selim Demira\u011f, bug\u00fcne dek girilmemi\u015f bir alanda cesur ad\u0131mlar at\u0131yor. \u0130mamlar\u0131n \u00d6c\u00fc, T\u00fcrk Silahl\u0131 Kuvvetleri i\u00e7indeki Cemaat yap\u0131lanmas\u0131n\u0131, d\u00fcn\u00fc ve bug\u00fcn\u00fcyle g\u00f6zler \u00f6n\u00fcne seriyor.<span class=\"excerpt-hellip\"> [\u2026]<\/span><\/p>\n","protected":false},"featured_media":0,"template":"","meta":{"_monsterinsights_skip_tracking":false,"_monsterinsights_sitenote_active":false,"_monsterinsights_sitenote_note":"","_monsterinsights_sitenote_category":0},"product_brand":[],"product_cat":[12346,12337],"product_tag":[],"class_list":{"0":"post-703176","1":"product","2":"type-product","3":"status-publish","5":"product_cat-derin-siyaset-komplo-teorileri","6":"product_cat-politika-siyaset","7":"pa_cilt-ciltsiz","8":"pa_tur-kitap","9":"pa_yayinevi-kirmizi-kedi-yayinevi","10":"pa_yazar-yavuz-selim-demirag","12":"first","13":"instock","14":"sale","15":"shipping-taxable","16":"purchasable","17":"product-type-simple"},"_links":{"self":[{"href":"https:\/\/roveyayinevi.com.tr\/index.php\/wp-json\/wp\/v2\/product\/703176","targetHints":{"allow":["GET"]}}],"collection":[{"href":"https:\/\/roveyayinevi.com.tr\/index.php\/wp-json\/wp\/v2\/product"}],"about":[{"href":"https:\/\/roveyayinevi.com.tr\/index.php\/wp-json\/wp\/v2\/types\/product"}],"wp:attachment":[{"href":"https:\/\/roveyayinevi.com.tr\/index.php\/wp-json\/wp\/v2\/media?parent=703176"}],"wp:term":[{"taxonomy":"product_brand","embeddable":true,"href":"https:\/\/roveyayinevi.com.tr\/index.php\/wp-json\/wp\/v2\/product_brand?post=703176"},{"taxonomy":"product_cat","embeddable":true,"href":"https:\/\/roveyayinevi.com.tr\/index.php\/wp-json\/wp\/v2\/product_cat?post=703176"},{"taxonomy":"product_tag","embeddable":true,"href":"https:\/\/roveyayinevi.com.tr\/index.php\/wp-json\/wp\/v2\/product_tag?post=703176"}],"curies":[{"name":"wp","href":"https:\/\/api.w.org\/{rel}","templated":true}]}}