{"id":703029,"date":"2025-08-27T15:21:05","date_gmt":"2025-08-27T12:21:05","guid":{"rendered":"https:\/\/roveyayinevi.com.tr\/index.php\/urun\/ben-satis-danismaniyim\/"},"modified":"2026-04-16T02:12:28","modified_gmt":"2026-04-15T23:12:28","slug":"ben-satis-danismaniyim","status":"publish","type":"product","link":"https:\/\/roveyayinevi.com.tr\/index.php\/urun\/ben-satis-danismaniyim\/","title":{"rendered":"Ben Sat\u0131\u015f Dan\u0131\u015fman\u0131y\u0131m"},"content":{"rendered":"<p>Benim ad\u0131m sat\u0131\u015f dan\u0131\u015fman\u0131. \u0130\u015f d\u00fcnyas\u0131n\u0131n en \u00f6nemli ki\u015fisi benim. \u015eirketimin marka y\u00fcz\u00fcy\u00fcm. Ben tasar\u0131mc\u0131lar\u0131n tasarlad\u0131\u011f\u0131, tedarik\u00e7ilerin getirdi\u011fi, belki de milyonlarca ki\u015finin yap\u0131m a\u015famas\u0131nda emek verdi\u011fi \u00fcr\u00fcnleri, tam da ihtiyac\u0131 olan ki\u015filerin kullan\u0131m\u0131na sunar\u0131m. Firmam\u0131n ba\u015far\u0131s\u0131nda, k\u00e2rl\u0131l\u0131\u011f\u0131nda ve temsilinde mihenk ta\u015f\u0131y\u0131m. \u00dcr\u00fcn ne kadar g\u00fczel olursa olsun, sat\u0131lmazsa ne i\u015fe yarar ki? Ben \u00fcretici ile o \u00fcr\u00fcne ihtiya\u00e7 duyan aras\u0131ndaki k\u00f6pr\u00fcy\u00fc kuran ki\u015fiyim! Bu noktada o kadar \u00f6nemliyim ki, bir m\u00fc\u015fterimin firmaya olan g\u00fcvenini yerle bir edebilirim! Ya da bir m\u00fc\u015fterimin firmaya g\u00fcvenini yoktan var edebilirim! Firmam isterse \u00fcretim tesislerine milyonlarca dolar harcam\u0131\u015f olsun, dergilere, televizyonlara reklam versin, marka olma s\u00fcrecinde kurumsal kimli\u011fine yat\u0131r\u0131mlar yaps\u0131n&#8230; Ben olmazsam sat\u0131\u015f olmaz! Ben olmazsam ba\u015far\u0131 olmaz! Ben olmazsam ekonomi olmaz! Biz g\u00fcven merkeziyiz! Madem bizi yeti\u015ftiren bir \u00fcniversite yok, biz kendi kendimizi e\u011fitmeliyiz! Neden ben y\u0131llar i\u00e7inde d\u00fc\u015fe kalka nas\u0131l sat\u0131\u015f yapmam gerekti\u011fini \u00f6\u011frenmek zorunda kalay\u0131m ki? Haydi ba\u015flayal\u0131m\u2026 <\/p>\n","protected":false},"excerpt":{"rendered":"<p>Benim ad\u0131m sat\u0131\u015f dan\u0131\u015fman\u0131. \u0130\u015f d\u00fcnyas\u0131n\u0131n en \u00f6nemli ki\u015fisi benim. \u015eirketimin marka y\u00fcz\u00fcy\u00fcm. Ben tasar\u0131mc\u0131lar\u0131n tasarlad\u0131\u011f\u0131, tedarik\u00e7ilerin getirdi\u011fi, belki de milyonlarca ki\u015finin yap\u0131m a\u015famas\u0131nda emek verdi\u011fi<span class=\"excerpt-hellip\"> [\u2026]<\/span><\/p>\n","protected":false},"featured_media":0,"template":"","meta":{"_monsterinsights_skip_tracking":false,"_monsterinsights_sitenote_active":false,"_monsterinsights_sitenote_note":"","_monsterinsights_sitenote_category":0},"product_brand":[],"product_cat":[13043,17647],"product_tag":[],"class_list":{"0":"post-703029","1":"product","2":"type-product","3":"status-publish","5":"product_cat-ekonomi","6":"product_cat-is-dunyasi","7":"pa_cilt-ciltsiz","8":"pa_tur-kitap","9":"pa_yayinevi-mediacat-kitaplari","10":"pa_yazar-eser-kurt","12":"first","13":"instock","14":"sale","15":"shipping-taxable","16":"purchasable","17":"product-type-simple"},"_links":{"self":[{"href":"https:\/\/roveyayinevi.com.tr\/index.php\/wp-json\/wp\/v2\/product\/703029","targetHints":{"allow":["GET"]}}],"collection":[{"href":"https:\/\/roveyayinevi.com.tr\/index.php\/wp-json\/wp\/v2\/product"}],"about":[{"href":"https:\/\/roveyayinevi.com.tr\/index.php\/wp-json\/wp\/v2\/types\/product"}],"wp:attachment":[{"href":"https:\/\/roveyayinevi.com.tr\/index.php\/wp-json\/wp\/v2\/media?parent=703029"}],"wp:term":[{"taxonomy":"product_brand","embeddable":true,"href":"https:\/\/roveyayinevi.com.tr\/index.php\/wp-json\/wp\/v2\/product_brand?post=703029"},{"taxonomy":"product_cat","embeddable":true,"href":"https:\/\/roveyayinevi.com.tr\/index.php\/wp-json\/wp\/v2\/product_cat?post=703029"},{"taxonomy":"product_tag","embeddable":true,"href":"https:\/\/roveyayinevi.com.tr\/index.php\/wp-json\/wp\/v2\/product_tag?post=703029"}],"curies":[{"name":"wp","href":"https:\/\/api.w.org\/{rel}","templated":true}]}}