{"id":702970,"date":"2025-08-27T15:20:44","date_gmt":"2025-08-27T12:20:44","guid":{"rendered":"https:\/\/roveyayinevi.com.tr\/index.php\/urun\/uc-tarz-i-siyaset-2\/"},"modified":"2026-04-16T02:11:56","modified_gmt":"2026-04-15T23:11:56","slug":"uc-tarz-i-siyaset-2","status":"publish","type":"product","link":"https:\/\/roveyayinevi.com.tr\/index.php\/urun\/uc-tarz-i-siyaset-2\/","title":{"rendered":"\u00dc\u00e7 Tarz-\u0131 Siyaset"},"content":{"rendered":"<p>Yusuf Ak\u00e7ura; yirminci y\u00fczy\u0131l ba\u015flar\u0131nda d\u00fc\u015f\u00fcnce hayat\u0131m\u0131zda b\u00fcy\u00fck bir ivme kazanan ve hem siy\u00e2set hem de k\u00fclt\u00fcr hayat\u0131m\u0131zda a\u00e7\u0131k bir \u015fekilde meyvelerini g\u00f6rd\u00fc\u011f\u00fcm\u00fcz T\u00fcrk\u00e7\u00fcl\u00fc\u011f\u00fcn akla gelen en \u00f6nemli simalar\u0131ndand\u0131r. Hatta bir\u00e7ok ara\u015ft\u0131rmac\u0131 Yusuf Ak\u00e7ura\u2019y\u0131 T\u00fcrk\u00e7\u00fcl\u00fc\u011f\u00fcn babas\u0131; \u00fczerinden bir as\u0131rdan fazla zaman ge\u00e7en, T\u00fcrk gazetesinde yay\u0131nlanm\u0131\u015f makalesi \u201c\u00dc\u00e7 Tarz-\u0131 Siy\u00e2set\u201di de T\u00fcrk\u00e7\u00fcl\u00fc\u011f\u00fcn manifestosu olarak kabul etmi\u015flerdir. Ak\u00e7ura, bu \u00f6nemli makalesinde d\u00f6nemin \u00fc\u00e7 \u00f6nemli siy\u00e2s\u00ee ak\u0131m\u0131 olan Osmanl\u0131c\u0131l\u0131k, \u0130slamc\u0131l\u0131k ve T\u00fcrk\u00e7\u00fcl\u00fc\u011f\u00fc ele alm\u0131\u015f ve bu ak\u0131mlar\u0131n m\u00fcspet ve menfi yanlar\u0131n\u0131, ayr\u0131ca hangi nispette tatbik edilebilir olduklar\u0131n\u0131 mevcut \u00f6rnekler \u00fczerinden tart\u0131\u015fm\u0131\u015ft\u0131r.<\/p>\n","protected":false},"excerpt":{"rendered":"<p>Yusuf Ak\u00e7ura; yirminci y\u00fczy\u0131l ba\u015flar\u0131nda d\u00fc\u015f\u00fcnce hayat\u0131m\u0131zda b\u00fcy\u00fck bir ivme kazanan ve hem siy\u00e2set hem de k\u00fclt\u00fcr hayat\u0131m\u0131zda a\u00e7\u0131k bir \u015fekilde meyvelerini g\u00f6rd\u00fc\u011f\u00fcm\u00fcz T\u00fcrk\u00e7\u00fcl\u00fc\u011f\u00fcn akla gelen<span class=\"excerpt-hellip\"> [\u2026]<\/span><\/p>\n","protected":false},"featured_media":0,"template":"","meta":{"_monsterinsights_skip_tracking":false,"_monsterinsights_sitenote_active":false,"_monsterinsights_sitenote_note":"","_monsterinsights_sitenote_category":0},"product_brand":[],"product_cat":[12351,12324],"product_tag":[],"class_list":{"0":"post-702970","1":"product","2":"type-product","3":"status-publish","5":"product_cat-siyaset-sosyolojisi","6":"product_cat-sosyoloji","7":"pa_cilt-ciltsiz","8":"pa_tur-kitap","9":"pa_yayinevi-otuken-nesriyat","10":"pa_yazar-yusuf-akcura","12":"first","13":"instock","14":"sale","15":"shipping-taxable","16":"purchasable","17":"product-type-simple"},"_links":{"self":[{"href":"https:\/\/roveyayinevi.com.tr\/index.php\/wp-json\/wp\/v2\/product\/702970","targetHints":{"allow":["GET"]}}],"collection":[{"href":"https:\/\/roveyayinevi.com.tr\/index.php\/wp-json\/wp\/v2\/product"}],"about":[{"href":"https:\/\/roveyayinevi.com.tr\/index.php\/wp-json\/wp\/v2\/types\/product"}],"wp:attachment":[{"href":"https:\/\/roveyayinevi.com.tr\/index.php\/wp-json\/wp\/v2\/media?parent=702970"}],"wp:term":[{"taxonomy":"product_brand","embeddable":true,"href":"https:\/\/roveyayinevi.com.tr\/index.php\/wp-json\/wp\/v2\/product_brand?post=702970"},{"taxonomy":"product_cat","embeddable":true,"href":"https:\/\/roveyayinevi.com.tr\/index.php\/wp-json\/wp\/v2\/product_cat?post=702970"},{"taxonomy":"product_tag","embeddable":true,"href":"https:\/\/roveyayinevi.com.tr\/index.php\/wp-json\/wp\/v2\/product_tag?post=702970"}],"curies":[{"name":"wp","href":"https:\/\/api.w.org\/{rel}","templated":true}]}}