{"id":702934,"date":"2025-08-27T15:20:32","date_gmt":"2025-08-27T12:20:32","guid":{"rendered":"https:\/\/roveyayinevi.com.tr\/index.php\/urun\/avrupa-arsivlerinde-osmanli-imparatorlugu\/"},"modified":"2025-11-09T03:32:05","modified_gmt":"2025-11-09T00:32:05","slug":"avrupa-arsivlerinde-osmanli-imparatorlugu","status":"publish","type":"product","link":"https:\/\/roveyayinevi.com.tr\/index.php\/urun\/avrupa-arsivlerinde-osmanli-imparatorlugu\/","title":{"rendered":"Avrupa Ar\u015fivlerinde Osmanl\u0131 \u0130mparatorlu\u011fu"},"content":{"rendered":"<p>Kitapta yer alan makaleler, Vehbi Ko\u00e7 Ankara Ara\u015ft\u0131rmalar\u0131 Uygulama ve Ara\u015ft\u0131rma Merkezi (VEKAM) taraf\u0131ndan d\u00fczenlenen 1-2 Nisan 2010 tarihli \u201cAr\u015fiv Belgelerinde T\u00fcrkiye &#8211; Avrupa \u0130li\u015fkileri\u201d ve 31 Mart-1 Nisan 2011 tarihli \u201cAr\u015fiv Belgeleri I\u015f\u0131\u011f\u0131nda T\u00fcrkiye\u2019nin Uluslararas\u0131 \u0130li\u015fkileri\u201d konulu konferanslarda sunulan bildirilerden se\u00e7ilmi\u015ftir. Makalelerin ortak \u00f6zelli\u011fi, Osmanl\u0131 \u0130mparatorlu\u011fu\u2019yla ilgili veya Osmanl\u0131 \u0130mparatorlu\u011fu\u2019na ait belgeleri bar\u0131nd\u0131ran Avrupa ar\u015fivlerini incelemeleridir. \u00c7e\u015fitli Avrupa ar\u015fivlerinin incelenmesini i\u00e7eren bu derleme, t\u00fcr\u00fcn\u00fcn ilk \u00f6rne\u011fidir. Kitap; \u0130ngiltere, Almanya, Fransa, \u0130spanya, Hollanda, Macaristan, Romanya, Bulgaristan, Polonya, Makedonya, Arnavutluk ve Bosna ar\u015fivlerini tan\u0131tan makaleleri bir araya getirmektedir. Bu \u00f6zelli\u011fiyle bir referans kitap olarak \u00f6zellikle Avrupa ar\u015fivlerinde \u00e7al\u0131\u015fan ve \u00e7al\u0131\u015fmay\u0131 planlayan ara\u015ft\u0131rmac\u0131lar i\u00e7in ilk elden bir kaynak kitapt\u0131r. Derlemede makaleler \u00fclkelerin alfabetik s\u0131ralamas\u0131na g\u00f6re dizilmi\u015ftir. Kitab\u0131n sonunda Prof. Halil \u0130nalc\u0131k\u2019\u0131n Osmanl\u0131-Avrupa ili\u015fkilerinin \u00e7al\u0131\u015f\u0131lmas\u0131n\u0131n bug\u00fcnk\u00fc T\u00fcrkiye-Avrupa ili\u015fkileri i\u00e7in \u00f6nemini inceleyen bir yaz\u0131s\u0131 bulunmaktad\u0131r. <\/p>\n","protected":false},"excerpt":{"rendered":"<p>Kitapta yer alan makaleler, Vehbi Ko\u00e7 Ankara Ara\u015ft\u0131rmalar\u0131 Uygulama ve Ara\u015ft\u0131rma Merkezi (VEKAM) taraf\u0131ndan d\u00fczenlenen 1-2 Nisan 2010 tarihli \u201cAr\u015fiv Belgelerinde T\u00fcrkiye &#8211; Avrupa \u0130li\u015fkileri\u201d ve<span class=\"excerpt-hellip\"> [\u2026]<\/span><\/p>\n","protected":false},"featured_media":0,"template":"","meta":{"_monsterinsights_skip_tracking":false,"_monsterinsights_sitenote_active":false,"_monsterinsights_sitenote_note":"","_monsterinsights_sitenote_category":0},"product_brand":[],"product_cat":[12370,12304],"product_tag":[],"class_list":{"0":"post-702934","1":"product","2":"type-product","3":"status-publish","5":"product_cat-arastirma-inceleme","6":"product_cat-tarih","7":"pa_tur-kitap","8":"pa_yayinevi-vekam-koc-universitesi-vehbi-koc-ankara-arastirmalari-uygulama-ve-arastirma-merkezi","9":"pa_yazar-kolektif","11":"first","12":"instock","13":"sale","14":"shipping-taxable","15":"purchasable","16":"product-type-simple"},"_links":{"self":[{"href":"https:\/\/roveyayinevi.com.tr\/index.php\/wp-json\/wp\/v2\/product\/702934","targetHints":{"allow":["GET"]}}],"collection":[{"href":"https:\/\/roveyayinevi.com.tr\/index.php\/wp-json\/wp\/v2\/product"}],"about":[{"href":"https:\/\/roveyayinevi.com.tr\/index.php\/wp-json\/wp\/v2\/types\/product"}],"wp:attachment":[{"href":"https:\/\/roveyayinevi.com.tr\/index.php\/wp-json\/wp\/v2\/media?parent=702934"}],"wp:term":[{"taxonomy":"product_brand","embeddable":true,"href":"https:\/\/roveyayinevi.com.tr\/index.php\/wp-json\/wp\/v2\/product_brand?post=702934"},{"taxonomy":"product_cat","embeddable":true,"href":"https:\/\/roveyayinevi.com.tr\/index.php\/wp-json\/wp\/v2\/product_cat?post=702934"},{"taxonomy":"product_tag","embeddable":true,"href":"https:\/\/roveyayinevi.com.tr\/index.php\/wp-json\/wp\/v2\/product_tag?post=702934"}],"curies":[{"name":"wp","href":"https:\/\/api.w.org\/{rel}","templated":true}]}}