{"id":702848,"date":"2025-08-27T15:20:01","date_gmt":"2025-08-27T12:20:01","guid":{"rendered":"https:\/\/roveyayinevi.com.tr\/index.php\/urun\/ataturk-okyar-ve-cok-partili-turkiye\/"},"modified":"2026-02-03T02:19:52","modified_gmt":"2026-02-02T23:19:52","slug":"ataturk-okyar-ve-cok-partili-turkiye","status":"publish","type":"product","link":"https:\/\/roveyayinevi.com.tr\/index.php\/urun\/ataturk-okyar-ve-cok-partili-turkiye\/","title":{"rendered":"Atat\u00fcrk, Okyar ve \u00c7ok Partili T\u00fcrkiye"},"content":{"rendered":"<p>Cumhuriyet d\u00f6neminin \u00e7ok partili y\u00f6netim yolundaki ikinci denemesine ilk elden bir bak\u0131\u015f&#8230; Atat\u00fcrk\u2019\u00fcn yak\u0131n ve kadim dostu Okyar\u2019\u0131n k\u0131sa s\u00fcren Serbest F\u0131rka tecr\u00fcbesine ili\u015fkin an\u0131lar\u0131, yak\u0131n tarihimizin net bir panoramas\u0131na da \u00e7iziyor. Bu kitap, par\u00e7a par\u00e7a sahip oldu\u011fumuz pek \u00e7ok bilgiyi anlaml\u0131 ve derinlikli bir tabloya d\u00f6n\u00fc\u015ft\u00fcrmemizi sa\u011fl\u0131yor. \u0130ttihat ve Terakki fedailerinin d\u00fczenledi\u011fi Bab-\u0131 Ali bask\u0131n\u0131, Enver ile Ali Fethi ve Mustafa Kemal aras\u0131ndaki g\u00f6r\u00fc\u015f ayr\u0131l\u0131klar\u0131n\u0131 nas\u0131l orataya \u00e7\u0131kard\u0131? Mustafa Kemal ile Ali Fethi\u2019ni Sofya\u2019ya diplomatik g\u00f6revle atanmalar\u0131n\u0131n arkas\u0131nda neler yat\u0131yordu? Malta s\u00fcrg\u00fcn\u00fc Ali Fethi Bey i\u00e7in nas\u0131l bir kazanca d\u00f6n\u00fc\u015ft\u00fc? Mustafa Kemal B\u00fcy\u00fck Taarruz \u00f6ncesinden Ali Fethi\u2019yi neden Londra\u2019ya el\u00e7i olarak yollad\u0131? Cumhuriyet\u2019in ilan\u0131n\u0131n konu\u015fuldu\u011fu 28 Ekim gecesi \u00c7ankaya\u2019ya kimler davetliydi? Davetli olmayanlar\u0131n tepkisi ne oldu? Parti hangi olaylar \u00fczerine kapand\u0131? Bunlar, kitapta cevaplanan sorulardan sadece bir k\u0131sm\u0131&#8230; Ali Fethi Okyar (Pirlepe 1881- \u0130stanbul 1943) Manast\u0131r \u0130dadisi ve Harp Okulu&#8217;nda Mustafa Kemal&#8217;le ayn\u0131 d\u00f6nemde okudu, 1900&#8217;de te\u011fmen olarak askerlik hayat\u0131na ba\u015flad\u0131. Siyasetin hep i\u00e7inde oldu, siayset hayat\u0131 pek \u00e7ok kez b\u00fcy\u00fck krizlerle kesi\u015fti. 1912&#8217;de Meclis- Mebusan&#8217;a se\u00e7ildi. Meclis kapat\u0131l\u0131nca askerli\u011fe d\u00f6nd\u00fc. Genel sekreter se\u00e7ildi\u011fi \u0130ttihat ve Terakki&#8217;nin di\u011fer y\u00f6neticilerine muhalif tutumundan dolay\u0131 1913&#8217;te Sofya&#8217;ya el\u00e7i atand\u0131; Mustafa Kemal de askeri ate\u015fe olarak ayn\u0131 yerde g\u00f6revlendirildi. 1917&#8217;de \u0130stanbul milletvekili olarak siyasete d\u00f6nd\u00fc, i\u00e7i\u015fleri bakan\u0131 oldu. \u0130\u015fgal d\u00f6neminde tutuklanarak Malta&#8217;ya s\u00fcrg\u00fcn edildi. 1921&#8217;de yurda d\u00f6nd\u00fc, \u0130stanbul milletvekili s\u0131fat\u0131yla B\u00fcy\u00fck Millet Meclisi&#8217;ne kat\u0131ld\u0131, bir y\u0131l i\u00e7i\u015fleri bakanl\u0131\u011f\u0131 yapt\u0131. Cumhuriyet&#8217;in ilan\u0131ndan sonra se\u00e7ilen ilk meclis ba\u015fkan\u0131yd\u0131. 1924&#8217;te ba\u015fbakan ve milli savunma bakan\u0131 oldu. \u015eeyh Sait \u0130syan\u0131 s\u0131ras\u0131nda istifa etti ve Paris&#8217;e b\u00fcy\u00fckel\u00e7i olarak atand\u0131. 1930&#8217;da \u00e7ok partili sisteme ge\u00e7miye isteyen Cumhurba\u015fkan\u0131 Mustafa Kemal&#8217;in te\u015fvikiyle Serbest F\u0131kra&#8217;y\u0131 kurdu. \ufffcTan\u0131t\u0131m Metni<\/p>\n","protected":false},"excerpt":{"rendered":"<p>Cumhuriyet d\u00f6neminin \u00e7ok partili y\u00f6netim yolundaki ikinci denemesine ilk elden bir bak\u0131\u015f&#8230; Atat\u00fcrk\u2019\u00fcn yak\u0131n ve kadim dostu Okyar\u2019\u0131n k\u0131sa s\u00fcren Serbest F\u0131rka tecr\u00fcbesine ili\u015fkin an\u0131lar\u0131, yak\u0131n<span class=\"excerpt-hellip\"> [\u2026]<\/span><\/p>\n","protected":false},"featured_media":0,"template":"","meta":{"_monsterinsights_skip_tracking":false,"_monsterinsights_sitenote_active":false,"_monsterinsights_sitenote_note":"","_monsterinsights_sitenote_category":0},"product_brand":[],"product_cat":[12530,12304],"product_tag":[],"class_list":{"0":"post-702848","1":"product","2":"type-product","3":"status-publish","5":"product_cat-mustafa-kemal-ataturk","6":"product_cat-tarih","7":"pa_cilt-ciltsiz","8":"pa_tur-kitap","9":"pa_yayinevi-is-bankasi-kultur-yayinlari","10":"pa_yazar-osman-okyar","12":"first","13":"instock","14":"sale","15":"shipping-taxable","16":"purchasable","17":"product-type-simple"},"_links":{"self":[{"href":"https:\/\/roveyayinevi.com.tr\/index.php\/wp-json\/wp\/v2\/product\/702848","targetHints":{"allow":["GET"]}}],"collection":[{"href":"https:\/\/roveyayinevi.com.tr\/index.php\/wp-json\/wp\/v2\/product"}],"about":[{"href":"https:\/\/roveyayinevi.com.tr\/index.php\/wp-json\/wp\/v2\/types\/product"}],"wp:attachment":[{"href":"https:\/\/roveyayinevi.com.tr\/index.php\/wp-json\/wp\/v2\/media?parent=702848"}],"wp:term":[{"taxonomy":"product_brand","embeddable":true,"href":"https:\/\/roveyayinevi.com.tr\/index.php\/wp-json\/wp\/v2\/product_brand?post=702848"},{"taxonomy":"product_cat","embeddable":true,"href":"https:\/\/roveyayinevi.com.tr\/index.php\/wp-json\/wp\/v2\/product_cat?post=702848"},{"taxonomy":"product_tag","embeddable":true,"href":"https:\/\/roveyayinevi.com.tr\/index.php\/wp-json\/wp\/v2\/product_tag?post=702848"}],"curies":[{"name":"wp","href":"https:\/\/api.w.org\/{rel}","templated":true}]}}