{"id":702758,"date":"2025-08-27T15:18:44","date_gmt":"2025-08-27T12:18:44","guid":{"rendered":"https:\/\/roveyayinevi.com.tr\/index.php\/urun\/toplumsal-bellek-ve-belgesel-sinema\/"},"modified":"2026-04-16T02:11:51","modified_gmt":"2026-04-15T23:11:51","slug":"toplumsal-bellek-ve-belgesel-sinema","status":"publish","type":"product","link":"https:\/\/roveyayinevi.com.tr\/index.php\/urun\/toplumsal-bellek-ve-belgesel-sinema\/","title":{"rendered":"Toplumsal Bellek ve Belgesel Sinema"},"content":{"rendered":"<p>Binlerce y\u0131l \u00f6ncesinden bug\u00fcne ta\u015f\u0131d\u0131\u011f\u0131m\u0131z insanl\u0131k miras\u0131m\u0131z \u015fimdiki zaman\u0131m\u0131z\u0131 in\u015fa ederken, di\u011fer yandan gelece\u011fimizin kurgulanmas\u0131nda \u00f6nemli bir belirleyen olarak kar\u015f\u0131m\u0131za \u00e7\u0131kmaktad\u0131r. Toplumsal yap\u0131 ve ya\u015fant\u0131lar i\u00e7inde \u00e7o\u011fu zaman bilin\u00e7li bir fark\u0131ndal\u0131kla alg\u0131lamad\u0131\u011f\u0131m\u0131z toplumsal belle\u011fin izi ve etkileri, bireyin \u00f6zg\u00fcrl\u00fck aray\u0131\u015flar\u0131n\u0131n, bilin\u00e7lenmesinin ve toplumsalla\u015fman\u0131n kar\u015f\u0131s\u0131nda kimi zaman bir olanak, bazen de bir tehdit ve tehlike olarak duruyor. Toplumsal ya\u015fant\u0131 i\u00e7inde \u201c\u00f6teki\u201d ile olan ili\u015fkilerimizde stereotiplerle, \u00f6nyarg\u0131larla kar\u015f\u0131m\u0131za \u00e7\u0131kan, tekrarlanarak yeniden \u00fcretilen ve belle\u011fimizi olu\u015fturan de\u011ferler ve yarg\u0131lar; ya\u015fant\u0131m\u0131z\u0131, ba\u015fkalar\u0131yla ili\u015fkilerimizi ve gelecek tasavvurumuzu etkiler ve belirler. Bilim, felsefe ve sanat egemen sistemin bu tahakk\u00fcmk\u00e2r belirlemecili\u011fini a\u015fmaya \u00e7al\u0131\u015ft\u0131\u011f\u0131m\u0131z, muhalif okumalar\u0131n ve eylemlerin ger\u00e7ekle\u015fme alanlar\u0131. Belgesel sinema bu aray\u0131\u015flar\u0131n en etkili ara\u00e7lar\u0131ndan biri. Tarihin, kan\u0131ksanm\u0131\u015f yarg\u0131lar\u0131n\u0131n d\u0131\u015f\u0131nda b\u0131rak\u0131lm\u0131\u015f insan hik\u00e2yelerini merkezine alan, tarihin ve \u015fimdinin ba\u015fka t\u00fcrl\u00fc okunup kurulabilece\u011fini g\u00f6stermeye \u00e7al\u0131\u015fan bir sinema t\u00fcr\u00fc. Uyutulan ve unutulan, belleklerden silinen ger\u00e7eklerin \u201cyeniden okunmas\u0131, an\u0131msanmas\u0131 ve kay\u0131t alt\u0131na al\u0131nmas\u0131\u201d, belgesellerin temel i\u015flevi. Belgesel sinema bu ger\u00e7ekli\u011fi esteti\u011fin olanaklar\u0131yla soyutlay\u0131p yorumlayarak ger\u00e7ekle\u015ftiriyor. Son y\u0131llarda \u00e7ekilen belgeseller, toplumsal belle\u011fimize yer etmi\u015f kimi konular\u0131n ba\u015fka t\u00fcrl\u00fc okumalar\u0131n\u0131 yaparak alternatif bir tarih de sunmaya \u00e7al\u0131\u015fmakta. Say\u0131lar\u0131 artan nitelikli belgeseller, belgesel sineman\u0131n i\u015flevine; tarih, toplum ve bellekle ili\u015fkisi a\u00e7\u0131s\u0131ndan yeniden bakmay\u0131 gerekli k\u0131lmaktad\u0131r. Bunun bir rastlant\u0131dan \u00e7ok de\u011fi\u015fen toplumsal ko\u015fullar\u0131, sistem alg\u0131s\u0131n\u0131, bireyi de i\u00e7ine alan bir tart\u0131\u015fman\u0131n konusu oldu\u011fu a\u00e7\u0131kt\u0131r.<\/p>\n","protected":false},"excerpt":{"rendered":"<p>Binlerce y\u0131l \u00f6ncesinden bug\u00fcne ta\u015f\u0131d\u0131\u011f\u0131m\u0131z insanl\u0131k miras\u0131m\u0131z \u015fimdiki zaman\u0131m\u0131z\u0131 in\u015fa ederken, di\u011fer yandan gelece\u011fimizin kurgulanmas\u0131nda \u00f6nemli bir belirleyen olarak kar\u015f\u0131m\u0131za \u00e7\u0131kmaktad\u0131r. Toplumsal yap\u0131 ve ya\u015fant\u0131lar i\u00e7inde<span class=\"excerpt-hellip\"> [\u2026]<\/span><\/p>\n","protected":false},"featured_media":0,"template":"","meta":{"_monsterinsights_skip_tracking":false,"_monsterinsights_sitenote_active":false,"_monsterinsights_sitenote_note":"","_monsterinsights_sitenote_category":0},"product_brand":[],"product_cat":[12409,12408],"product_tag":[],"class_list":{"0":"post-702758","1":"product","2":"type-product","3":"status-publish","5":"product_cat-fotograf-sinema-tiyatro","6":"product_cat-sanat","7":"pa_cilt-ciltsiz","8":"pa_tur-kitap","9":"pa_yayinevi-ayrinti-yayinlari","10":"pa_yazar-asuman-susam","12":"first","13":"instock","14":"sale","15":"shipping-taxable","16":"purchasable","17":"product-type-simple"},"_links":{"self":[{"href":"https:\/\/roveyayinevi.com.tr\/index.php\/wp-json\/wp\/v2\/product\/702758","targetHints":{"allow":["GET"]}}],"collection":[{"href":"https:\/\/roveyayinevi.com.tr\/index.php\/wp-json\/wp\/v2\/product"}],"about":[{"href":"https:\/\/roveyayinevi.com.tr\/index.php\/wp-json\/wp\/v2\/types\/product"}],"wp:attachment":[{"href":"https:\/\/roveyayinevi.com.tr\/index.php\/wp-json\/wp\/v2\/media?parent=702758"}],"wp:term":[{"taxonomy":"product_brand","embeddable":true,"href":"https:\/\/roveyayinevi.com.tr\/index.php\/wp-json\/wp\/v2\/product_brand?post=702758"},{"taxonomy":"product_cat","embeddable":true,"href":"https:\/\/roveyayinevi.com.tr\/index.php\/wp-json\/wp\/v2\/product_cat?post=702758"},{"taxonomy":"product_tag","embeddable":true,"href":"https:\/\/roveyayinevi.com.tr\/index.php\/wp-json\/wp\/v2\/product_tag?post=702758"}],"curies":[{"name":"wp","href":"https:\/\/api.w.org\/{rel}","templated":true}]}}