{"id":702650,"date":"2025-08-27T15:18:02","date_gmt":"2025-08-27T12:18:02","guid":{"rendered":"https:\/\/roveyayinevi.com.tr\/index.php\/urun\/gorsel-kultur-ve-kuresel-kitle-kulturu\/"},"modified":"2026-01-29T02:21:59","modified_gmt":"2026-01-28T23:21:59","slug":"gorsel-kultur-ve-kuresel-kitle-kulturu","status":"publish","type":"product","link":"https:\/\/roveyayinevi.com.tr\/index.php\/urun\/gorsel-kultur-ve-kuresel-kitle-kulturu\/","title":{"rendered":"G\u00f6rsel K\u00fclt\u00fcr ve K\u00fcresel Kitle K\u00fclt\u00fcr\u00fc"},"content":{"rendered":"<p>Yaz\u0131l\u0131 ve s\u00f6zl\u00fc k\u00fclt\u00fcr\u00fcn giderek geriledi\u011fi, G\u00f6rselli\u011fe dayal\u0131 k\u00fclt\u00fcr\u00fcn ise giderek yo\u011funla\u015ft\u0131\u011f\u0131 ve \u00e7arp\u0131c\u0131 hale geldi\u011fi bir \u00e7a\u011fda ya\u015f\u0131yoruz. \u0130leti\u015fim s\u00fcre\u00e7lerinde g\u00f6rsel olan b\u00fcy\u00fck \u00f6nem kazanm\u0131\u015f bulunuyor. Bu s\u00fcre\u00e7te geleneksel kitle ileti\u015fim ara\u00e7lar\u0131n\u0131n ve yeni medyan\u0131n\/sosyal medyan\u0131n g\u00fcndelik ya\u015famda ba\u015fat hale gelmelerinin \u00f6nemli etkileri var. Foto\u011fraf makinesinin icad\u0131ndan beri devam eden bu s\u00fcre\u00e7, g\u00fcn\u00fcm\u00fczde ileti\u015fim s\u00fcre\u00e7lerinin ve k\u00fclt\u00fcr\u00fcn b\u00fct\u00fcn formlar\u0131n\u0131, ayr\u0131ca g\u00fcndelik ya\u015fam pratiklerini etkisi alt\u0131na alm\u0131\u015f bulunuyor. G\u00f6rsel K\u00fclt\u00fcr ve K\u00fcresel Kitle K\u00fclt\u00fcr\u00fc isimli bu kitapta, G\u00f6rsel K\u00fclt\u00fcr, K\u00fcresel Kitle K\u00fclt\u00fcr\u00fc incelendikten sonra, bu iki k\u00fclt\u00fcr bi\u00e7imi aras\u0131ndaki etkile\u015fim de irdelenmeye \u00e7al\u0131\u015f\u0131l\u0131yor; bunun i\u00e7in bug\u00fcne kadar yap\u0131lm\u0131\u015f teorik tart\u0131\u015fmalar, geni\u015f bir literat\u00fcr taramas\u0131 ile de\u011ferlendiriliyor. G\u00fcn\u00fcm\u00fczde k\u00fclt\u00fcr\u00fcn her formu, k\u00fcreselle\u015fmi\u015f bulunuyor;\u00f6yle ki k\u00fcresel s\u00fcre\u00e7ler, d\u00fcnyan\u0131n her yan\u0131ndaki k\u00fclt\u00fcr bi\u00e7imlerini adeta bir ku\u015fatma alt\u0131na alt\u0131na al\u0131yor. K\u00fcresel nitelikli pop\u00fcler ve kitle k\u00fclt\u00fcr\u00fc, t\u00fcketim tarzlar\u0131n\u0131, ya\u015fama bi\u00e7imlerini, e\u011fitim, sa\u011fl\u0131k, medya ve hayat\u0131n di\u011fer alanlar\u0131n\u0131, g\u00f6rsel nesneler \u00fczerinden giderek daha \u00e7ok tan\u0131mlarken, reklamlara konu ederken, her t\u00fcrl\u00fc k\u00fclt\u00fcr ve sanat \u00fcr\u00fcn\u00fcne de benzer s\u00fcre\u00e7leri dayatat\u0131yor. Bu nedenle interdisipliner nitelikli k\u00fclt\u00fcrel bir \u00e7al\u0131\u015fma alan\u0131 anlam\u0131ndaki G\u00f6rsel K\u00fclt\u00fcr, K\u00fcresel Kitle K\u00fclt\u00fcr\u00fcn\u00fc \u00e7ok iyi de\u015fifre etmek ve tan\u0131mlamak zorunda. Sanat yap\u0131tlar\u0131n\u0131n durumu ve ba\u015fat medya yap\u0131lanmas\u0131 da bu sorunlar\u0131n di\u011fer di\u011fer dallar\u0131 ve G\u00f6rsel K\u00fclt\u00fcr\u2019\u00fcn en \u00f6nemli konular\u0131ndan. Kitapta birbiri ile i\u00e7 i\u00e7e ge\u00e7mi\u015f bu sorunlar\u0131n, ele\u015ftirel, k\u00fclt\u00fcrel ve ekonomi-politik perspektifler kullan\u0131larak \u00e7\u00f6z\u00fcmlenebilece\u011fine dikkat \u00e7ekiliyor. <\/p>\n","protected":false},"excerpt":{"rendered":"<p>Yaz\u0131l\u0131 ve s\u00f6zl\u00fc k\u00fclt\u00fcr\u00fcn giderek geriledi\u011fi, G\u00f6rselli\u011fe dayal\u0131 k\u00fclt\u00fcr\u00fcn ise giderek yo\u011funla\u015ft\u0131\u011f\u0131 ve \u00e7arp\u0131c\u0131 hale geldi\u011fi bir \u00e7a\u011fda ya\u015f\u0131yoruz. \u0130leti\u015fim s\u00fcre\u00e7lerinde g\u00f6rsel olan b\u00fcy\u00fck \u00f6nem kazanm\u0131\u015f<span class=\"excerpt-hellip\"> [\u2026]<\/span><\/p>\n","protected":false},"featured_media":0,"template":"","meta":{"_monsterinsights_skip_tracking":false,"_monsterinsights_sitenote_active":false,"_monsterinsights_sitenote_note":"","_monsterinsights_sitenote_category":0},"product_brand":[],"product_cat":[12324],"product_tag":[],"class_list":{"0":"post-702650","1":"product","2":"type-product","3":"status-publish","5":"product_cat-sosyoloji","6":"pa_cilt-ciltsiz","7":"pa_tur-kitap","8":"pa_yayinevi-utopya-yayinevi","9":"pa_yazar-mukadder-cakir","11":"first","12":"instock","13":"sale","14":"shipping-taxable","15":"purchasable","16":"product-type-simple"},"_links":{"self":[{"href":"https:\/\/roveyayinevi.com.tr\/index.php\/wp-json\/wp\/v2\/product\/702650","targetHints":{"allow":["GET"]}}],"collection":[{"href":"https:\/\/roveyayinevi.com.tr\/index.php\/wp-json\/wp\/v2\/product"}],"about":[{"href":"https:\/\/roveyayinevi.com.tr\/index.php\/wp-json\/wp\/v2\/types\/product"}],"wp:attachment":[{"href":"https:\/\/roveyayinevi.com.tr\/index.php\/wp-json\/wp\/v2\/media?parent=702650"}],"wp:term":[{"taxonomy":"product_brand","embeddable":true,"href":"https:\/\/roveyayinevi.com.tr\/index.php\/wp-json\/wp\/v2\/product_brand?post=702650"},{"taxonomy":"product_cat","embeddable":true,"href":"https:\/\/roveyayinevi.com.tr\/index.php\/wp-json\/wp\/v2\/product_cat?post=702650"},{"taxonomy":"product_tag","embeddable":true,"href":"https:\/\/roveyayinevi.com.tr\/index.php\/wp-json\/wp\/v2\/product_tag?post=702650"}],"curies":[{"name":"wp","href":"https:\/\/api.w.org\/{rel}","templated":true}]}}