{"id":702571,"date":"2025-08-27T15:17:26","date_gmt":"2025-08-27T12:17:26","guid":{"rendered":"https:\/\/roveyayinevi.com.tr\/index.php\/urun\/selcuklular-zamaninda-turkiye\/"},"modified":"2026-04-16T02:11:47","modified_gmt":"2026-04-15T23:11:47","slug":"selcuklular-zamaninda-turkiye","status":"publish","type":"product","link":"https:\/\/roveyayinevi.com.tr\/index.php\/urun\/selcuklular-zamaninda-turkiye\/","title":{"rendered":"Sel\u00e7uklular Zaman\u0131nda T\u00fcrkiye"},"content":{"rendered":"<p>\u00dczerinde ya\u015fad\u0131\u011f\u0131m\u0131z topraklarda kurulan T\u00fcrk Devleti&#8217;nin Alpaslan&#8217;dan Osman Gazi&#8217;ye kadar olan siyasi tarihini ayd\u0131nlat\u0131r. Malazgirt Zaferine ve bu devletin kurulu\u015funa arma\u011fan olarak haz\u0131rlanm\u0131\u015ft\u0131r. Anadolu&#8217;nun fethi, T\u00fcrkle\u015fmesi ve vatan olarak benimsenmesi yaln\u0131z T\u00fcrk \u0130slam Medeniyeti&#8217;nin kurulu\u015fu bak\u0131m\u0131ndan de\u011fil \u0130slam ve Cihan Tarihleri bak\u0131m\u0131ndan da bir d\u00f6n\u00fcm noktas\u0131 te\u015fkil eder. Bu inki\u015faf\u0131n v\u00fccut buldu\u011fu Sel\u00e7uklu T\u00fcrklerinin Tarihi b\u00fct\u00fcn boyut ve safhalar\u0131yla ayd\u0131nlat\u0131lmaya muhta\u00e7t\u0131r. Eser, yak\u0131n tarihin di\u011fer devrelerine nispetle karanl\u0131kta kalan bu d\u00f6nemi ele al\u0131yor.<\/p>\n","protected":false},"excerpt":{"rendered":"<p>\u00dczerinde ya\u015fad\u0131\u011f\u0131m\u0131z topraklarda kurulan T\u00fcrk Devleti&#8217;nin Alpaslan&#8217;dan Osman Gazi&#8217;ye kadar olan siyasi tarihini ayd\u0131nlat\u0131r. Malazgirt Zaferine ve bu devletin kurulu\u015funa arma\u011fan olarak haz\u0131rlanm\u0131\u015ft\u0131r. Anadolu&#8217;nun fethi, T\u00fcrkle\u015fmesi<span class=\"excerpt-hellip\"> [\u2026]<\/span><\/p>\n","protected":false},"featured_media":0,"template":"","meta":{"_monsterinsights_skip_tracking":false,"_monsterinsights_sitenote_active":false,"_monsterinsights_sitenote_note":"","_monsterinsights_sitenote_category":0},"product_brand":[],"product_cat":[13517,12304],"product_tag":[],"class_list":{"0":"post-702571","1":"product","2":"type-product","3":"status-publish","5":"product_cat-osmanli-tarihi","6":"product_cat-tarih","7":"pa_cilt-ciltsiz","8":"pa_tur-kitap","9":"pa_yayinevi-otuken-nesriyat","10":"pa_yazar-osman-turan","12":"first","13":"instock","14":"sale","15":"shipping-taxable","16":"purchasable","17":"product-type-simple"},"_links":{"self":[{"href":"https:\/\/roveyayinevi.com.tr\/index.php\/wp-json\/wp\/v2\/product\/702571","targetHints":{"allow":["GET"]}}],"collection":[{"href":"https:\/\/roveyayinevi.com.tr\/index.php\/wp-json\/wp\/v2\/product"}],"about":[{"href":"https:\/\/roveyayinevi.com.tr\/index.php\/wp-json\/wp\/v2\/types\/product"}],"wp:attachment":[{"href":"https:\/\/roveyayinevi.com.tr\/index.php\/wp-json\/wp\/v2\/media?parent=702571"}],"wp:term":[{"taxonomy":"product_brand","embeddable":true,"href":"https:\/\/roveyayinevi.com.tr\/index.php\/wp-json\/wp\/v2\/product_brand?post=702571"},{"taxonomy":"product_cat","embeddable":true,"href":"https:\/\/roveyayinevi.com.tr\/index.php\/wp-json\/wp\/v2\/product_cat?post=702571"},{"taxonomy":"product_tag","embeddable":true,"href":"https:\/\/roveyayinevi.com.tr\/index.php\/wp-json\/wp\/v2\/product_tag?post=702571"}],"curies":[{"name":"wp","href":"https:\/\/api.w.org\/{rel}","templated":true}]}}