{"id":702555,"date":"2025-08-27T15:17:21","date_gmt":"2025-08-27T12:17:21","guid":{"rendered":"https:\/\/roveyayinevi.com.tr\/index.php\/urun\/turkiyede-siyasi-buhranin-kaynaklari\/"},"modified":"2026-04-16T02:11:46","modified_gmt":"2026-04-15T23:11:46","slug":"turkiyede-siyasi-buhranin-kaynaklari","status":"publish","type":"product","link":"https:\/\/roveyayinevi.com.tr\/index.php\/urun\/turkiyede-siyasi-buhranin-kaynaklari\/","title":{"rendered":"T\u00fcrkiye\u2019de Siyasi Buhran\u0131n Kaynaklar\u0131"},"content":{"rendered":"<p>T\u00fcrkiye\u2019de tahsil m\u00fcesseseleri, maarif te\u015fkil\u00e2t\u0131 ve \u00fcniversiteler ilim, k\u00fclt\u00fcr, ahl\u00e2k ve mefk\u00fbresi sa\u011flam, se\u00e7kin ve ayd\u0131n bir nesil yeti\u015ftirmedik\u00e7e milletimizin rehbersiz kalmas\u0131, m\u00e2nev\u00ee ve siyas\u00ee buhranlara d\u00fc\u015fmesi mukadderdir. T\u00fcrk cemiyeti ilericilik zan ve iddialar\u0131 ile ve ilm\u00ee, mill\u00ee ve insan\u00ee esaslara ayk\u0131r\u0131 \u00f6yle tersine zorlanm\u0131\u015ft\u0131r ki, bu durumda m\u00e2nev\u00ee bir buhran\u0131n do\u011fmas\u0131 ve siyas\u00ee niz\u00e2m\u0131n bozulmas\u0131 ka\u00e7\u0131n\u0131lmazd\u0131. Asl\u0131nda medeniyet tarihi ve sosyolojinin g\u00f6sterdi\u011fi \u00fczere her yabanc\u0131 k\u00fclt\u00fcr tesiri veya iktibas\u0131n\u0131n cemiyet b\u00fcnyesi \u00fczerinde bir tak\u0131m sars\u0131nt\u0131lar yaratmas\u0131 tabi\u00eedir. E\u011fer bu tesirler normal iktisad\u00ee ve k\u00fclt\u00fcrel m\u00fcn\u00e2sebetlerle birlikte ve tedric\u00ee bir \u015fekilde vuku bulursa, mevcud mill\u00ee unsurlar \u00fczerinde bir a\u015f\u0131 vazifesini g\u00f6r\u00fcr ve bu sayede cemiyet yeni bir medeniyet sentezi istikametinde hay\u00e2tiyet kazanarak y\u00fckselir. Bu kitap, bahsedilen konularda T\u00fcrkiye\u2019ye has m\u00e2nev\u00ee s\u0131k\u0131nt\u0131lara ve bunlar\u0131n yol a\u00e7t\u0131\u011f\u0131 siyas\u00ee buhranlara, tarih\u00e7i bir \u00e2limin dikkatiyle nas\u0131l bak\u0131ld\u0131\u011f\u0131n\u0131 g\u00f6stermektedir. <\/p>\n","protected":false},"excerpt":{"rendered":"<p>T\u00fcrkiye\u2019de tahsil m\u00fcesseseleri, maarif te\u015fkil\u00e2t\u0131 ve \u00fcniversiteler ilim, k\u00fclt\u00fcr, ahl\u00e2k ve mefk\u00fbresi sa\u011flam, se\u00e7kin ve ayd\u0131n bir nesil yeti\u015ftirmedik\u00e7e milletimizin rehbersiz kalmas\u0131, m\u00e2nev\u00ee ve siyas\u00ee buhranlara<span class=\"excerpt-hellip\"> [\u2026]<\/span><\/p>\n","protected":false},"featured_media":0,"template":"","meta":{"_monsterinsights_skip_tracking":false,"_monsterinsights_sitenote_active":false,"_monsterinsights_sitenote_note":"","_monsterinsights_sitenote_category":0},"product_brand":[],"product_cat":[12304,13493],"product_tag":[],"class_list":{"0":"post-702555","1":"product","2":"type-product","3":"status-publish","5":"product_cat-tarih","6":"product_cat-turkiye-ve-cumhuriyet-tarihi","7":"pa_cilt-ciltsiz","8":"pa_tur-kitap","9":"pa_yayinevi-otuken-nesriyat","10":"pa_yazar-osman-turan","12":"first","13":"instock","14":"sale","15":"shipping-taxable","16":"purchasable","17":"product-type-simple"},"_links":{"self":[{"href":"https:\/\/roveyayinevi.com.tr\/index.php\/wp-json\/wp\/v2\/product\/702555","targetHints":{"allow":["GET"]}}],"collection":[{"href":"https:\/\/roveyayinevi.com.tr\/index.php\/wp-json\/wp\/v2\/product"}],"about":[{"href":"https:\/\/roveyayinevi.com.tr\/index.php\/wp-json\/wp\/v2\/types\/product"}],"wp:attachment":[{"href":"https:\/\/roveyayinevi.com.tr\/index.php\/wp-json\/wp\/v2\/media?parent=702555"}],"wp:term":[{"taxonomy":"product_brand","embeddable":true,"href":"https:\/\/roveyayinevi.com.tr\/index.php\/wp-json\/wp\/v2\/product_brand?post=702555"},{"taxonomy":"product_cat","embeddable":true,"href":"https:\/\/roveyayinevi.com.tr\/index.php\/wp-json\/wp\/v2\/product_cat?post=702555"},{"taxonomy":"product_tag","embeddable":true,"href":"https:\/\/roveyayinevi.com.tr\/index.php\/wp-json\/wp\/v2\/product_tag?post=702555"}],"curies":[{"name":"wp","href":"https:\/\/api.w.org\/{rel}","templated":true}]}}