{"id":702533,"date":"2025-08-27T15:17:12","date_gmt":"2025-08-27T12:17:12","guid":{"rendered":"https:\/\/roveyayinevi.com.tr\/index.php\/urun\/advin-sahra-colunde-ilginc-ulkeler-dizisi-1-kitap\/"},"modified":"2026-04-16T02:11:46","modified_gmt":"2026-04-15T23:11:46","slug":"advin-sahra-colunde-ilginc-ulkeler-dizisi-1-kitap","status":"publish","type":"product","link":"https:\/\/roveyayinevi.com.tr\/index.php\/urun\/advin-sahra-colunde-ilginc-ulkeler-dizisi-1-kitap\/","title":{"rendered":"Advin Sahra \u00c7\u00f6l\u00fc&#8217;nde &#8211; \u0130lgin\u00e7 \u00dclkeler Dizisi 1. Kitap"},"content":{"rendered":"<p>Annesiyle babas\u0131 antropolog olan Advin, do\u011fdu\u011fundan beri ailesiyle birlikte \u00e7ok farkl\u0131 \u00fclkelere gitmi\u015fti. \u00c7e\u015fitli yemekler yemi\u015f, de\u011fi\u015fik insanlar\u0131 ve k\u00fclt\u00fcrleri tan\u0131m\u0131\u015ft\u0131. E\u015fsiz g\u00fczellikteki yerleri gezmi\u015f, \u00e7ok \u015fey \u00f6\u011frenmi\u015fti. Bu maceralarda onu bir kapu\u00e7in maymunu olan Fora da hi\u00e7 yaln\u0131z b\u0131rakmam\u0131\u015ft\u0131.Advin ve Fora, \u015fimdi Tunus\u2019taki Sahra \u00c7\u00f6l\u00fc\u2019ndeydi! Mete Bey\u2019le \u0130nci Han\u0131m, yaz tatilinde olan o\u011fullar\u0131n\u0131 da yanlar\u0131na alarak antropolojik bir ara\u015ft\u0131rma i\u00e7in Sahra \u00c7\u00f6l\u00fc\u2019ne gelmi\u015flerdi. Kimsenin ne oldu\u011funu bilmedi\u011fi, y\u00fczy\u0131llard\u0131r dilden dile dola\u015farak efsanele\u015fmi\u015f Samsahara\u2019n\u0131n gizemini \u00e7\u00f6zmek istiyorlard\u0131. Ancak Samsahara\u2019y\u0131 bulmaya \u00e7al\u0131\u015fan sadece onlar de\u011fildi. Annesiyle babas\u0131 ellerindeki ipucunun pe\u015fine d\u00fc\u015ferek bir g\u00fcn \u00e7\u00f6ldeki kamp alanlar\u0131ndan ayr\u0131l\u0131p geri d\u00f6nmeyince onlar\u0131 bulmak Advin\u2019le Fora\u2019ya kalacakt\u0131. <\/p>\n","protected":false},"excerpt":{"rendered":"<p>Annesiyle babas\u0131 antropolog olan Advin, do\u011fdu\u011fundan beri ailesiyle birlikte \u00e7ok farkl\u0131 \u00fclkelere gitmi\u015fti. \u00c7e\u015fitli yemekler yemi\u015f, de\u011fi\u015fik insanlar\u0131 ve k\u00fclt\u00fcrleri tan\u0131m\u0131\u015ft\u0131. E\u015fsiz g\u00fczellikteki yerleri gezmi\u015f, \u00e7ok<span class=\"excerpt-hellip\"> [\u2026]<\/span><\/p>\n","protected":false},"featured_media":0,"template":"","meta":{"_monsterinsights_skip_tracking":false,"_monsterinsights_sitenote_active":false,"_monsterinsights_sitenote_note":"","_monsterinsights_sitenote_category":0},"product_brand":[],"product_cat":[12275,12274],"product_tag":[],"class_list":{"0":"post-702533","1":"product","2":"type-product","3":"status-publish","5":"product_cat-6-12-yas-kitaplari","6":"product_cat-cocuk-ve-genclik-kitaplari","7":"pa_cilt-ciltsiz","8":"pa_tur-kitap","9":"pa_yayinevi-kirmizi-kedi-yayinevi","10":"pa_yazar-koray-avci-cakman","12":"first","13":"instock","14":"sale","15":"shipping-taxable","16":"purchasable","17":"product-type-simple"},"_links":{"self":[{"href":"https:\/\/roveyayinevi.com.tr\/index.php\/wp-json\/wp\/v2\/product\/702533","targetHints":{"allow":["GET"]}}],"collection":[{"href":"https:\/\/roveyayinevi.com.tr\/index.php\/wp-json\/wp\/v2\/product"}],"about":[{"href":"https:\/\/roveyayinevi.com.tr\/index.php\/wp-json\/wp\/v2\/types\/product"}],"wp:attachment":[{"href":"https:\/\/roveyayinevi.com.tr\/index.php\/wp-json\/wp\/v2\/media?parent=702533"}],"wp:term":[{"taxonomy":"product_brand","embeddable":true,"href":"https:\/\/roveyayinevi.com.tr\/index.php\/wp-json\/wp\/v2\/product_brand?post=702533"},{"taxonomy":"product_cat","embeddable":true,"href":"https:\/\/roveyayinevi.com.tr\/index.php\/wp-json\/wp\/v2\/product_cat?post=702533"},{"taxonomy":"product_tag","embeddable":true,"href":"https:\/\/roveyayinevi.com.tr\/index.php\/wp-json\/wp\/v2\/product_tag?post=702533"}],"curies":[{"name":"wp","href":"https:\/\/api.w.org\/{rel}","templated":true}]}}