{"id":702514,"date":"2025-08-27T15:17:06","date_gmt":"2025-08-27T12:17:06","guid":{"rendered":"https:\/\/roveyayinevi.com.tr\/index.php\/urun\/neoliberal-muhafazakar-medya\/"},"modified":"2026-04-16T02:11:45","modified_gmt":"2026-04-15T23:11:45","slug":"neoliberal-muhafazakar-medya","status":"publish","type":"product","link":"https:\/\/roveyayinevi.com.tr\/index.php\/urun\/neoliberal-muhafazakar-medya\/","title":{"rendered":"Neoliberal Muhafazakar Medya"},"content":{"rendered":"<p>2013 y\u0131l\u0131n\u0131n haziran ay\u0131nda ger\u00e7ekle\u015fen Gezi direni\u015fi, ara\u015ft\u0131rmac\u0131lara yeni veriler sundu. Art\u0131k hi\u00e7bir g\u00fcncel \u00e7al\u0131\u015fma Gezi s\u00fcrecini g\u00f6rmezden gelerek b\u00fct\u00fcnl\u00fckl\u00fc bir analiz sunamaz. T\u0131pk\u0131 17. y\u00fczy\u0131l\u0131n laterna magica&#8217;s\u0131 gibi, ekseriyet iblis veya canavar imgeleriyle yans\u0131t\u0131lan   b\u00fcy\u00fcl\u00fc fener   misali Gezi direni\u015fi de do\u011frultuldu\u011fu y\u00fczeylere hem \u0131\u015f\u0131k tutar hem de kendi tekinsiz varl\u0131\u011f\u0131n\u0131n imgelerini d\u00fc\u015f\u00fcr\u00fcr. 12 Eyl\u00fcl darbe d\u00f6neminden bu yana \u00fcniversiteden medyaya kadar hayat\u0131n her alan\u0131nda geli\u015ftirilen   devlet\u00e7i   \u00f6rg\u00fctlenme ve kadrola\u015fma bug\u00fcn meyvesini vermektedir. Muhalif ve demokratik her harekete kar\u015f\u0131 tav\u0131r alan ve acziyeti ortal\u0131\u011fa sa\u00e7\u0131lan bir   medya d\u00fczeni   ile kar\u015f\u0131 kar\u015f\u0131yay\u0131z. \u0130stanbul&#8217;da en b\u00fcy\u00fck sokak muharebesinin ya\u015fand\u0131\u011f\u0131, ilk yo\u011fun polis \u015fiddetinin ve ilk kitlesel direni\u015fin meydana geldi\u011fi 31 May\u0131s 2013 ak\u015fam\u0131, \u00f6zellikle   haber   \u00f6n s\u0131fatl\u0131 kanallar\u0131n yay\u0131nlamaya devam etti\u011fi belgeseller, penguenlerin hayat\u0131ndan ziyade medyan\u0131n hal-i p\u00fcr melali hakk\u0131nda hayli bilgilendirici oldu. 2007- 2008&#8217;den itibaren her bir h\u00fck\u00fcmet ele\u015ftirisini itibars\u0131zla\u015ft\u0131rmak i\u00e7in ba\u015fvurulan   darbecilik  ,   vesayet\u00e7ilik   yak\u0131\u015ft\u0131rmalar\u0131 sistematik olarak devreye sokulurken, bu kez daha kapsay\u0131c\u0131 bir a\u00e7\u0131klama \u00e7er\u00e7evesi olarak uluslararas\u0131 komploya s\u0131\u011f\u0131n\u0131l\u0131r oldu. Faiz lobisinden CIA&#8217;s\u0131na, Reuters&#8217;inden \u0130srail&#8217;ine, Otpor&#8217;undan Zello&#8217;suna bir kara delik gibi giderek kapsam\u0131 geni\u015fleyen ve en ak\u0131l almaz unsurlar\u0131 i\u00e7ine \u00e7eken bir mega komplo in\u015fa edildi. \u0130ktidar sahiplerinin do\u011frudan haberlere m\u00fcdahale etti\u011fi, anketleri \u00e7arp\u0131tma te\u015febb\u00fcs\u00fcnde bulundu\u011fu, man\u015fet yazd\u0131rd\u0131\u011f\u0131, canl\u0131 yay\u0131nlar\u0131 durdurdu\u011fu, gazeteci att\u0131rd\u0131\u011f\u0131   Alo Fatih   vakalar\u0131 s\u0131radanla\u015ft\u0131. Hatt\u0131n di\u011fer ucundaki medya y\u00f6neticilerinin ise el pen\u00e7e divan durdu\u011fu g\u00f6r\u00fcld\u00fc. U. Uraz Ayd\u0131n, T\u00fcrkiye&#8217;deki yeni medya d\u00fczenine \u0131\u015f\u0131k tutan bu \u00e7al\u0131\u015fmada, kendi alan\u0131nda teredd\u00fcts\u00fcz bir duru\u015fa ve birikime sahip gazetecilerin ve ara\u015ft\u0131rmac\u0131lar\u0131n analitik bak\u0131\u015flar\u0131n\u0131 bir araya getirmektedir. <\/p>\n","protected":false},"excerpt":{"rendered":"<p>2013 y\u0131l\u0131n\u0131n haziran ay\u0131nda ger\u00e7ekle\u015fen Gezi direni\u015fi, ara\u015ft\u0131rmac\u0131lara yeni veriler sundu. Art\u0131k hi\u00e7bir g\u00fcncel \u00e7al\u0131\u015fma Gezi s\u00fcrecini g\u00f6rmezden gelerek b\u00fct\u00fcnl\u00fckl\u00fc bir analiz sunamaz. T\u0131pk\u0131 17. y\u00fczy\u0131l\u0131n<span class=\"excerpt-hellip\"> [\u2026]<\/span><\/p>\n","protected":false},"featured_media":0,"template":"","meta":{"_monsterinsights_skip_tracking":false,"_monsterinsights_sitenote_active":false,"_monsterinsights_sitenote_note":"","_monsterinsights_sitenote_category":0},"product_brand":[],"product_cat":[12312,12304],"product_tag":[],"class_list":{"0":"post-702514","1":"product","2":"type-product","3":"status-publish","5":"product_cat-diger","6":"product_cat-tarih","7":"pa_cilt-ciltsiz","8":"pa_tur-kitap","9":"pa_yayinevi-ayrinti-yayinlari","10":"pa_yazar-kolektif","12":"first","13":"instock","14":"sale","15":"shipping-taxable","16":"purchasable","17":"product-type-simple"},"_links":{"self":[{"href":"https:\/\/roveyayinevi.com.tr\/index.php\/wp-json\/wp\/v2\/product\/702514","targetHints":{"allow":["GET"]}}],"collection":[{"href":"https:\/\/roveyayinevi.com.tr\/index.php\/wp-json\/wp\/v2\/product"}],"about":[{"href":"https:\/\/roveyayinevi.com.tr\/index.php\/wp-json\/wp\/v2\/types\/product"}],"wp:attachment":[{"href":"https:\/\/roveyayinevi.com.tr\/index.php\/wp-json\/wp\/v2\/media?parent=702514"}],"wp:term":[{"taxonomy":"product_brand","embeddable":true,"href":"https:\/\/roveyayinevi.com.tr\/index.php\/wp-json\/wp\/v2\/product_brand?post=702514"},{"taxonomy":"product_cat","embeddable":true,"href":"https:\/\/roveyayinevi.com.tr\/index.php\/wp-json\/wp\/v2\/product_cat?post=702514"},{"taxonomy":"product_tag","embeddable":true,"href":"https:\/\/roveyayinevi.com.tr\/index.php\/wp-json\/wp\/v2\/product_tag?post=702514"}],"curies":[{"name":"wp","href":"https:\/\/api.w.org\/{rel}","templated":true}]}}