{"id":702488,"date":"2025-08-27T15:16:56","date_gmt":"2025-08-27T12:16:56","guid":{"rendered":"https:\/\/roveyayinevi.com.tr\/index.php\/urun\/milli-mucadelede-ittihatcilik\/"},"modified":"2025-11-22T03:25:34","modified_gmt":"2025-11-22T00:25:34","slug":"milli-mucadelede-ittihatcilik","status":"publish","type":"product","link":"https:\/\/roveyayinevi.com.tr\/index.php\/urun\/milli-mucadelede-ittihatcilik\/","title":{"rendered":"Milli M\u00fccadelede \u0130ttihat\u00e7\u0131l\u0131k"},"content":{"rendered":"<p>Erik Jan Z\u00fcrcher\u2019in Mill\u00ee M\u00fccadelede \u0130ttihat\u00e7\u0131l\u0131k adl\u0131 kitab\u0131, mill\u00ee m\u00fccadelede \u0130ttihat\u00e7\u0131lar\u0131n rol\u00fcn\u00fcn resm\u00ee tarihte yans\u0131t\u0131ld\u0131\u011f\u0131ndan \u00e7ok daha \u00f6nemli oldu\u011funu ortaya koyuyor. Ara\u015ft\u0131rmas\u0131na \u0130zmir suikasti davalar\u0131n\u0131 \u00e7\u0131k\u0131\u015f noktas\u0131 olarak alan Z\u00fcrcher, 1926\u2019da, yani \u0130ttihat ve Terakki F\u0131rkas\u0131 kendini feshettikten tam sekiz y\u0131l sonra \u0130ttihat\u00e7\u0131lar\u0131n neden h\u00e2l\u00e2 tehlikeli say\u0131larak siyasal bir temizlik hareketine giri\u015fildi\u011fini sorguluyor. \u00c7al\u0131\u015fman\u0131n temellendi\u011fi varsay\u0131m, \u0130ttihat\u00e7\u0131lar\u0131n Kurtulu\u015f Sava\u015f\u0131\u2019n\u0131n dayand\u0131\u011f\u0131 insan ve \u00f6rg\u00fct malzemesini olu\u015fturdu\u011fu ve \u0130ttihat ve Terakki\u2019nin 1918\u2019de kapat\u0131lmas\u0131na ra\u011fmen \u0130ttihat\u00e7\u0131 kadrolar\u0131n faaliyetlerini ve m\u00fccadelelerini bundan sonra da \u00e7e\u015fitli bi\u00e7imlerde s\u00fcrd\u00fckleri&#8230; Birinci D\u00fcnya Sava\u015f\u0131 sona ererken \u0130ttihat\u00e7\u0131 liderlerin \u00fclkeden ayr\u0131lmadan \u00f6nce Anadolu\u2019da direni\u015fin ba\u015flat\u0131lmas\u0131 i\u00e7in \u00e7e\u015fitli haz\u0131rl\u0131klar yap\u0131lmas\u0131 direktifleri verdi\u011fine dikkat \u00e7eken yazar, m\u00fctarekenin hemen ard\u0131ndan h\u0131zla olu\u015fan m\u00fcdafaa-\u0131 hukuk \u00f6rg\u00fctlenmelerindeki \u0130ttihat\u00e7\u0131 etkisini ayr\u0131nt\u0131lar\u0131yla ortaya koyuyor. \u00d6zellikle Kara Kemal ve Kara Vas\u0131f\u2019\u0131n Karakol Cemiyeti\u2019nin bug\u00fcne kadar g\u00f6z ard\u0131 edilen \u00e7ok \u00f6nemli faaliyetlerde bulundu\u011funu g\u00f6steriyor. 1921\u2019de Enver Pa\u015fa\u2019n\u0131n yurda d\u00f6nme giri\u015fimleri \u00fczerinde de duran Z\u00fcrcher, Mustafa Kemal\u2019in yaln\u0131z yabanc\u0131 devletlere ve padi\u015fah h\u00fck\u00fcmetine kar\u015f\u0131 de\u011fil, ayn\u0131 zamanda mill\u00ee hareket i\u00e7indeki ciddi rakipleriyle de m\u00fccadele etti\u011fini savunuyor. Kitapta Mustafa Kemal\u2019in \u0130ttihat\u00e7\u0131larla ili\u015fkisi 1905-1926 d\u00f6nemini kapsayacak \u015fekilde anlat\u0131l\u0131yor. \u0130ttihat\u00e7\u0131lar ile Kemalistler diye bir ayr\u0131m yapman\u0131n do\u011fru olmad\u0131\u011f\u0131n\u0131 ileri s\u00fcren yazar, bu aralar\u0131ndaki rekabetin bir i\u00e7 m\u00fccadele niteli\u011fi ta\u015f\u0131d\u0131\u011f\u0131n\u0131 ileri s\u00fcrerek, kimin kimi kulland\u0131\u011f\u0131n\u0131 konusunda kafam\u0131zda en az\u0131ndan soru i\u015faretleri do\u011fmas\u0131n\u0131 sa\u011fl\u0131yor. \u0130lk yay\u0131nland\u0131\u011f\u0131 1987\u2019den beri \u00e7e\u015fitli tart\u0131\u015fmalara kaynakl\u0131k eden bu eser, T\u00fcrkiye \u00fczerine tarih yaz\u0131m\u0131ndaki kal\u0131pla\u015fm\u0131\u015f yarg\u0131lar\u0131 k\u0131rmaya \u00e7al\u0131\u015f\u0131yor. <\/p>\n","protected":false},"excerpt":{"rendered":"<p>Erik Jan Z\u00fcrcher\u2019in Mill\u00ee M\u00fccadelede \u0130ttihat\u00e7\u0131l\u0131k adl\u0131 kitab\u0131, mill\u00ee m\u00fccadelede \u0130ttihat\u00e7\u0131lar\u0131n rol\u00fcn\u00fcn resm\u00ee tarihte yans\u0131t\u0131ld\u0131\u011f\u0131ndan \u00e7ok daha \u00f6nemli oldu\u011funu ortaya koyuyor. Ara\u015ft\u0131rmas\u0131na \u0130zmir suikasti davalar\u0131n\u0131 \u00e7\u0131k\u0131\u015f<span class=\"excerpt-hellip\"> [\u2026]<\/span><\/p>\n","protected":false},"featured_media":0,"template":"","meta":{"_monsterinsights_skip_tracking":false,"_monsterinsights_sitenote_active":false,"_monsterinsights_sitenote_note":"","_monsterinsights_sitenote_category":0},"product_brand":[],"product_cat":[12304,13493],"product_tag":[],"class_list":{"0":"post-702488","1":"product","2":"type-product","3":"status-publish","5":"product_cat-tarih","6":"product_cat-turkiye-ve-cumhuriyet-tarihi","7":"pa_cilt-ciltsiz","8":"pa_tur-kitap","9":"pa_yayinevi-iletisim-yayinlari","10":"pa_yazar-erik-jan-zurcher","12":"first","13":"instock","14":"sale","15":"shipping-taxable","16":"purchasable","17":"product-type-simple"},"_links":{"self":[{"href":"https:\/\/roveyayinevi.com.tr\/index.php\/wp-json\/wp\/v2\/product\/702488","targetHints":{"allow":["GET"]}}],"collection":[{"href":"https:\/\/roveyayinevi.com.tr\/index.php\/wp-json\/wp\/v2\/product"}],"about":[{"href":"https:\/\/roveyayinevi.com.tr\/index.php\/wp-json\/wp\/v2\/types\/product"}],"wp:attachment":[{"href":"https:\/\/roveyayinevi.com.tr\/index.php\/wp-json\/wp\/v2\/media?parent=702488"}],"wp:term":[{"taxonomy":"product_brand","embeddable":true,"href":"https:\/\/roveyayinevi.com.tr\/index.php\/wp-json\/wp\/v2\/product_brand?post=702488"},{"taxonomy":"product_cat","embeddable":true,"href":"https:\/\/roveyayinevi.com.tr\/index.php\/wp-json\/wp\/v2\/product_cat?post=702488"},{"taxonomy":"product_tag","embeddable":true,"href":"https:\/\/roveyayinevi.com.tr\/index.php\/wp-json\/wp\/v2\/product_tag?post=702488"}],"curies":[{"name":"wp","href":"https:\/\/api.w.org\/{rel}","templated":true}]}}