{"id":702174,"date":"2025-08-27T15:14:23","date_gmt":"2025-08-27T12:14:23","guid":{"rendered":"https:\/\/roveyayinevi.com.tr\/index.php\/urun\/ataturkun-sirdasi-kilic-alinin-anilari\/"},"modified":"2026-04-16T02:11:23","modified_gmt":"2026-04-15T23:11:23","slug":"ataturkun-sirdasi-kilic-alinin-anilari","status":"publish","type":"product","link":"https:\/\/roveyayinevi.com.tr\/index.php\/urun\/ataturkun-sirdasi-kilic-alinin-anilari\/","title":{"rendered":"Atat\u00fcrk\u2019\u00fcn S\u0131rda\u015f\u0131 K\u0131l\u0131\u00e7 Ali\u2019nin An\u0131lar\u0131"},"content":{"rendered":"<p>Ben, s\u00f6z\u00fcn\u00fc edece\u011fim olaylar\u0131 tarihtir diye anlatmayaca\u011f\u0131m. Bu, gelecek nesillerin i\u015fidir. Benim yazd\u0131klar\u0131m tarih ger\u00e7eklerini ayd\u0131nlatacak bir kaynak olursa ne mutlu bana. \u00c7ok gen\u00e7 ya\u015fta Atat\u00fcrk\u2019\u00fcn silah ve m\u00fccadele arkada\u015f\u0131, vefat\u0131na kadar da onun en g\u00fcvendi\u011fi dostlar\u0131ndan, s\u0131rda\u015flar\u0131ndan olan K\u0131l\u0131\u00e7 Ali, kendi g\u00f6z\u00fcnden ve kendi ya\u015fad\u0131klar\u0131ndan, tan\u0131kl\u0131k etti\u011fi olaylardan yola \u00e7\u0131karak Kurtulu\u015f Sava\u015f\u0131 ve sonras\u0131n\u0131 anlat\u0131yor&#8230; O\u011flu Altemur K\u0131l\u0131\u00e7\u2019m g\u00fcn \u0131\u015f\u0131\u011f\u0131na \u00e7\u0131kard\u0131\u011f\u0131 belge ve an\u0131lar\u0131, gazeteci-ara\u015ft\u0131rmac\u0131 Hulusi Turgut derledi. \ufffcTan\u0131t\u0131m Metni<\/p>\n","protected":false},"excerpt":{"rendered":"<p>Ben, s\u00f6z\u00fcn\u00fc edece\u011fim olaylar\u0131 tarihtir diye anlatmayaca\u011f\u0131m. Bu, gelecek nesillerin i\u015fidir. Benim yazd\u0131klar\u0131m tarih ger\u00e7eklerini ayd\u0131nlatacak bir kaynak olursa ne mutlu bana. \u00c7ok gen\u00e7 ya\u015fta Atat\u00fcrk\u2019\u00fcn<span class=\"excerpt-hellip\"> [\u2026]<\/span><\/p>\n","protected":false},"featured_media":0,"template":"","meta":{"_monsterinsights_skip_tracking":false,"_monsterinsights_sitenote_active":false,"_monsterinsights_sitenote_note":"","_monsterinsights_sitenote_category":0},"product_brand":[],"product_cat":[12530,12304],"product_tag":[],"class_list":{"0":"post-702174","1":"product","2":"type-product","3":"status-publish","5":"product_cat-mustafa-kemal-ataturk","6":"product_cat-tarih","7":"pa_cilt-ciltsiz","8":"pa_tur-kitap","9":"pa_yayinevi-is-bankasi-kultur-yayinlari","10":"pa_yazar-hulusi-turgut","12":"first","13":"instock","14":"sale","15":"shipping-taxable","16":"purchasable","17":"product-type-simple"},"_links":{"self":[{"href":"https:\/\/roveyayinevi.com.tr\/index.php\/wp-json\/wp\/v2\/product\/702174","targetHints":{"allow":["GET"]}}],"collection":[{"href":"https:\/\/roveyayinevi.com.tr\/index.php\/wp-json\/wp\/v2\/product"}],"about":[{"href":"https:\/\/roveyayinevi.com.tr\/index.php\/wp-json\/wp\/v2\/types\/product"}],"wp:attachment":[{"href":"https:\/\/roveyayinevi.com.tr\/index.php\/wp-json\/wp\/v2\/media?parent=702174"}],"wp:term":[{"taxonomy":"product_brand","embeddable":true,"href":"https:\/\/roveyayinevi.com.tr\/index.php\/wp-json\/wp\/v2\/product_brand?post=702174"},{"taxonomy":"product_cat","embeddable":true,"href":"https:\/\/roveyayinevi.com.tr\/index.php\/wp-json\/wp\/v2\/product_cat?post=702174"},{"taxonomy":"product_tag","embeddable":true,"href":"https:\/\/roveyayinevi.com.tr\/index.php\/wp-json\/wp\/v2\/product_tag?post=702174"}],"curies":[{"name":"wp","href":"https:\/\/api.w.org\/{rel}","templated":true}]}}