{"id":702173,"date":"2025-08-27T15:14:23","date_gmt":"2025-08-27T12:14:23","guid":{"rendered":"https:\/\/roveyayinevi.com.tr\/index.php\/urun\/bilimin-mabedinde-yontem-meselesi\/"},"modified":"2026-04-16T02:11:23","modified_gmt":"2026-04-15T23:11:23","slug":"bilimin-mabedinde-yontem-meselesi","status":"publish","type":"product","link":"https:\/\/roveyayinevi.com.tr\/index.php\/urun\/bilimin-mabedinde-yontem-meselesi\/","title":{"rendered":"Bilimin Mabedinde Y\u00f6ntem Meselesi"},"content":{"rendered":"<p>T\u00fcrkiyede sosyal bilimler; devlet, \u00f6zel \u015firketler, hatta \u00fcniversiteler marifetiyle fen bilimlerine nispetle y\u0131llard\u0131r \u00fcvey evlat muamelesi g\u00f6rm\u00fc\u015ft\u00fcr. Dahas\u0131 sosyal bilimlerle ilgilenenlerin \u00f6zellikle pop\u00fcler olanlar\u0131, ya do\u011frudan siyasete girmi\u015f, ya da siyasilerle yak\u0131n ili\u015fkiler kurmu\u015flard\u0131r. Bu ili\u015fkiler sosyal bilim \u00e7al\u0131\u015fmalar\u0131na g\u00fcveni azaltm\u0131\u015ft\u0131r. Di\u011fer taraftan siyasetin g\u00fcndemiyle ilgili olmayan \u00e7al\u0131\u015fmalara yeteri kadar ilgi duyulmam\u0131\u015ft\u0131r. Dolay\u0131s\u0131yla bir k\u0131s\u0131m doktora \u00e7al\u0131\u015fmalar\u0131 hari\u00e7 tutulursa, genel olarak sosyal bilimlerle ilgilenenler, sosyal ger\u00e7ekli\u011fi ortaya koymak yerine, siyaset\u00e7i anlay\u0131\u015f\u0131yla veya siyaset\u00e7ilerin g\u00f6r\u00fc\u015flerini onaylamak amac\u0131yla \u00e7al\u0131\u015fmalar yapm\u0131\u015flard\u0131r.Elinizdeki kitapta, Niyazi Berkes, Ziya Fahri F\u0131nd\u0131ko\u011flu, Erol G\u00fcng\u00f6r, Baykan Sezer ve Do\u011fan Ergunun g\u00f6r\u00fc\u015fleri do\u011frultusunda Emre Kongardan Ahmet Y\u00fcksel \u00d6zemre ve Fetullah G\u00fclene, milliyet\u00e7ilikten \u0130slamc\u0131l\u0131\u011fa, solculuktan Atat\u00fcrk\u00e7\u00fcl\u00fc\u011fe kadar, ilerleme felsefesinin b\u00fct\u00fcn pozitivist \u00e7ocuklar\u0131n\u0131n y\u00f6ntem anlay\u0131\u015flar\u0131 tart\u0131\u015f\u0131lm\u0131\u015ft\u0131r. T\u00fcrkiyede bilim insanlar\u0131n\u0131n \u00e7o\u011funlu\u011funun zihniyeti toplum m\u00fchendisli\u011fi y\u00f6n\u00fcndedir. Siyasilerin ise oldum olas\u0131 bu g\u00f6r\u00fc\u015fte oldu\u011funu okur zaten \u00e7ok iyi bilmektedir. -Siyasiler bir yana- bilim insanlar\u0131n\u0131n as\u0131l amac\u0131 sosyal hayat\u0131 de\u011fi\u015ftirmek de\u011fil, onu anlamak ve a\u00e7\u0131klamakt\u0131r. Hatta yirminci y\u00fczy\u0131l\u0131n ba\u015f\u0131ndan itibaren, yasalar\u0131n yerini h\u0131zla g\u00f6relilik, belirsizlik, ihtimaliyet gibi kavramlar al\u0131rken, bilimsel do\u011frular\u0131n ucu a\u00e7\u0131k, her zaman sorgulanmaya muhta\u00e7 bilgiler oldu\u011fu sa\u011f\u0131r sultan\u0131n malumudur. \u00c7o\u011fu kez \u00e7a\u011f\u0131n ger\u00e7eklerinin uza\u011f\u0131nda, ele\u015ftirel bak\u0131\u015f a\u00e7\u0131s\u0131ndan mahrum bilim d\u00fcnyam\u0131z, taklit\u00e7ili\u011fin \u00f6tesinde \u00f6ze dayal\u0131 hi\u00e7 bir y\u00f6ntem \u00fcretememektedir. Bu mesele siyasi ve bilimsel alanlarda \u00f6ylesine yayg\u0131n g\u00f6zlenmektedir ki, kamuoyu taraf\u0131ndan ne kadar tart\u0131\u015f\u0131lsa, yeridir.Bilmenin \u0131st\u0131rab\u0131n\u0131 hissedenlerin aray\u0131\u015f\u0131 bitmez. Bilme aray\u0131\u015f\u0131 her ne kadar s\u0131k\u0131nt\u0131l\u0131 olsa da, ilmi ahlak ehilleri bu tart\u0131\u015fmay\u0131 s\u00fcrd\u00fcreceklerdir.<\/p>\n","protected":false},"excerpt":{"rendered":"<p>T\u00fcrkiyede sosyal bilimler; devlet, \u00f6zel \u015firketler, hatta \u00fcniversiteler marifetiyle fen bilimlerine nispetle y\u0131llard\u0131r \u00fcvey evlat muamelesi g\u00f6rm\u00fc\u015ft\u00fcr. Dahas\u0131 sosyal bilimlerle ilgilenenlerin \u00f6zellikle pop\u00fcler olanlar\u0131, ya do\u011frudan<span class=\"excerpt-hellip\"> [\u2026]<\/span><\/p>\n","protected":false},"featured_media":0,"template":"","meta":{"_monsterinsights_skip_tracking":false,"_monsterinsights_sitenote_active":false,"_monsterinsights_sitenote_note":"","_monsterinsights_sitenote_category":0},"product_brand":[],"product_cat":[23323,12364],"product_tag":[],"class_list":{"0":"post-702173","1":"product","2":"type-product","3":"status-publish","5":"product_cat-ekoloji","6":"product_cat-genel-konular","7":"pa_cilt-ciltsiz","8":"pa_tur-kitap","9":"pa_yayinevi-yeni-insan-yayinlari","10":"pa_yazar-mustafa-aksoy","12":"first","13":"instock","14":"sale","15":"shipping-taxable","16":"purchasable","17":"product-type-simple"},"_links":{"self":[{"href":"https:\/\/roveyayinevi.com.tr\/index.php\/wp-json\/wp\/v2\/product\/702173","targetHints":{"allow":["GET"]}}],"collection":[{"href":"https:\/\/roveyayinevi.com.tr\/index.php\/wp-json\/wp\/v2\/product"}],"about":[{"href":"https:\/\/roveyayinevi.com.tr\/index.php\/wp-json\/wp\/v2\/types\/product"}],"wp:attachment":[{"href":"https:\/\/roveyayinevi.com.tr\/index.php\/wp-json\/wp\/v2\/media?parent=702173"}],"wp:term":[{"taxonomy":"product_brand","embeddable":true,"href":"https:\/\/roveyayinevi.com.tr\/index.php\/wp-json\/wp\/v2\/product_brand?post=702173"},{"taxonomy":"product_cat","embeddable":true,"href":"https:\/\/roveyayinevi.com.tr\/index.php\/wp-json\/wp\/v2\/product_cat?post=702173"},{"taxonomy":"product_tag","embeddable":true,"href":"https:\/\/roveyayinevi.com.tr\/index.php\/wp-json\/wp\/v2\/product_tag?post=702173"}],"curies":[{"name":"wp","href":"https:\/\/api.w.org\/{rel}","templated":true}]}}