{"id":701562,"date":"2025-08-27T15:10:06","date_gmt":"2025-08-27T12:10:06","guid":{"rendered":"https:\/\/roveyayinevi.com.tr\/index.php\/urun\/ab-turkiye-iliskilerinin-50-yili\/"},"modified":"2026-04-16T02:10:49","modified_gmt":"2026-04-15T23:10:49","slug":"ab-turkiye-iliskilerinin-50-yili","status":"publish","type":"product","link":"https:\/\/roveyayinevi.com.tr\/index.php\/urun\/ab-turkiye-iliskilerinin-50-yili\/","title":{"rendered":"AB-T\u00fcrkiye \u0130li\u015fkilerinin 50 Y\u0131l\u0131"},"content":{"rendered":"<p>\u0130ngilizce bask\u0131s\u0131 T\u00fcrkiye\u2019nin Avrupa Ekonomik Toplulu\u011fu\u2019na yapt\u0131\u011f\u0131 ortak \u00fcyelik ba\u015fvurusunun 50. y\u0131l\u0131nda yay\u0131nlanm\u0131\u015f olan bu kitap, Avrupa Birli\u011fi-T\u00fcrkiye ili\u015fkilerini tarihsel bir perspektiften de\u011ferlendirmektedir.Bu kitap, T\u00fcrkiye ve Avrupa Birli\u011fi\u2019nin birbirlerine kar\u015f\u0131 evrimle\u015ferek geli\u015fen yakla\u015f\u0131mlar\u0131n\u0131 irdeleyerek, T\u00fcrkiye\u2019nin AB\u2019ye kat\u0131l\u0131m\u0131n\u0131n \u201cgecikme\u201dsine odaklanmakta ve bu gecikmenin politik, ekonomik, etik, sosyolojik ve g\u00fcvenlik boyutlar\u0131n\u0131 incelemektedir.AB-T\u00fcrkiye \u0130li\u015fkilerinin 50 Y\u0131l\u0131, politika-yap\u0131c\u0131lar ile AB-T\u00fcrkiye ili\u015fkileri, Avrupa siyaseti, AB geni\u015flemesi veya uluslararas\u0131 ili\u015fkiler alanlar\u0131nda \u00e7al\u0131\u015fan akademisyenler i\u00e7in temel bir metin ve referans kayna\u011f\u0131d\u0131r. <\/p>\n","protected":false},"excerpt":{"rendered":"<p>\u0130ngilizce bask\u0131s\u0131 T\u00fcrkiye\u2019nin Avrupa Ekonomik Toplulu\u011fu\u2019na yapt\u0131\u011f\u0131 ortak \u00fcyelik ba\u015fvurusunun 50. y\u0131l\u0131nda yay\u0131nlanm\u0131\u015f olan bu kitap, Avrupa Birli\u011fi-T\u00fcrkiye ili\u015fkilerini tarihsel bir perspektiften de\u011ferlendirmektedir.Bu kitap, T\u00fcrkiye ve<span class=\"excerpt-hellip\"> [\u2026]<\/span><\/p>\n","protected":false},"featured_media":0,"template":"","meta":{"_monsterinsights_skip_tracking":false,"_monsterinsights_sitenote_active":false,"_monsterinsights_sitenote_note":"","_monsterinsights_sitenote_category":0},"product_brand":[],"product_cat":[12338,12337],"product_tag":[],"class_list":{"0":"post-701562","1":"product","2":"type-product","3":"status-publish","5":"product_cat-dunya-siyaseti-ve-politikasi","6":"product_cat-politika-siyaset","7":"pa_cilt-ciltsiz","8":"pa_tur-kitap","9":"pa_yayinevi-bb101-yayinlari","10":"pa_yazar-armagan-emre-cakir","12":"first","13":"instock","14":"sale","15":"shipping-taxable","16":"purchasable","17":"product-type-simple"},"_links":{"self":[{"href":"https:\/\/roveyayinevi.com.tr\/index.php\/wp-json\/wp\/v2\/product\/701562","targetHints":{"allow":["GET"]}}],"collection":[{"href":"https:\/\/roveyayinevi.com.tr\/index.php\/wp-json\/wp\/v2\/product"}],"about":[{"href":"https:\/\/roveyayinevi.com.tr\/index.php\/wp-json\/wp\/v2\/types\/product"}],"wp:attachment":[{"href":"https:\/\/roveyayinevi.com.tr\/index.php\/wp-json\/wp\/v2\/media?parent=701562"}],"wp:term":[{"taxonomy":"product_brand","embeddable":true,"href":"https:\/\/roveyayinevi.com.tr\/index.php\/wp-json\/wp\/v2\/product_brand?post=701562"},{"taxonomy":"product_cat","embeddable":true,"href":"https:\/\/roveyayinevi.com.tr\/index.php\/wp-json\/wp\/v2\/product_cat?post=701562"},{"taxonomy":"product_tag","embeddable":true,"href":"https:\/\/roveyayinevi.com.tr\/index.php\/wp-json\/wp\/v2\/product_tag?post=701562"}],"curies":[{"name":"wp","href":"https:\/\/api.w.org\/{rel}","templated":true}]}}